{"id":1845,"date":"2017-09-11T20:50:36","date_gmt":"2017-09-11T20:50:36","guid":{"rendered":"https:\/\/guialuz.com\/de\/?post_type=portfolio_page&#038;p=1845"},"modified":"2018-02-07T11:55:37","modified_gmt":"2018-02-07T11:55:37","slug":"cordoba","status":"publish","type":"portfolio_page","link":"https:\/\/guialuz.com\/de\/info\/cordoba\/","title":{"rendered":"C\u00f3rdoba"},"content":{"rendered":"<div class=\"wpb-content-wrapper\"><p>[vc_row css_animation=&#8220;&#8220; row_type=&#8220;row&#8220; use_row_as_full_screen_section=&#8220;no&#8220; type=&#8220;full_width&#8220; anchor=&#8220;news&#8220; angled_section=&#8220;no&#8220; text_align=&#8220;center&#8220; background_image=&#8220;408&#8243; background_image_as_pattern=&#8220;without_pattern&#8220; css=&#8220;.vc_custom_1493201204133{padding-top: 0% !important;padding-bottom: 0% !important;}&#8220;][vc_column css=&#8220;.vc_custom_1469530614343{padding-top: 16.9% !important;padding-bottom: 13.9% !important;}&#8220;][vc_column_text][\/vc_column_text][\/vc_column][\/vc_row][vc_row css_animation=&#8220;&#8220; row_type=&#8220;row&#8220; use_row_as_full_screen_section=&#8220;no&#8220; type=&#8220;grid&#8220; angled_section=&#8220;no&#8220; text_align=&#8220;left&#8220; background_image_as_pattern=&#8220;without_pattern&#8220;][vc_column][vc_empty_space][vc_column_text]<\/p>\n<h1 style=\"text-align: center;\">Reise nach C\u00f3rdoba Stadt in Andalusien<\/h1>\n<p>[\/vc_column_text][vc_empty_space height=&#8220;30px&#8220;][vc_empty_space height=&#8220;30px&#8220;][\/vc_column][\/vc_row][vc_row css_animation=&#8220;&#8220; row_type=&#8220;row&#8220; use_row_as_full_screen_section=&#8220;no&#8220; type=&#8220;grid&#8220; angled_section=&#8220;no&#8220; text_align=&#8220;left&#8220; background_image_as_pattern=&#8220;without_pattern&#8220;][vc_column width=&#8220;1\/2&#8243;][vc_empty_space][vc_accordion style=&#8220;accordion&#8220;][vc_accordion_tab title=&#8220;C\u00f3rdoba Stadt&#8220; title_tag=&#8220;h2&#8243;][vc_column_text]Planen Sie eine <strong>Reise nach C\u00f3rdoba Stadt<\/strong>. Sie ist was die Bev\u00f6lkerungszahl anbelangt die drittgr\u00f6\u00dfte Stadt der autonomen Region Andalusien, Hauptstadt der gleichnamigen Provinz. Das ausgedehnte Stadtgebiet einer der sch\u00f6nsten St\u00e4dte Spaniens wird vom Fluss Guadalquivir durchzogen, der es in seinem Verlauf in zwei Gebiete teilt.<\/p>\n<p>Das <strong>Wetter in C\u00f3rdoba\u00a0Spanien<\/strong> weist die typische Charakteristik des mediterranen Klimas auf, obwohl man es in der Stadt selbst als kontinental bezeichnen kann. Die Temperaturen in C\u00f3rdoba w\u00e4hrend der\u00a0hei\u00dfen Sommermonate unterscheiden sich von denen milderer Jahreszeiten.<\/p>\n<p>Die Stadt\u00a0ist bekannt durch ihr kulturelles Erbe, die Mezquita Catedral de C\u00f3rdoba (<strong>Moschee-Kathedrale von C\u00f3rdoba<\/strong>) und die historische Altstadt, die sie umgibt. Beide sind gesch\u00fctzt als UNESCO-Welterbe. Sie machen aus C\u00f3rdoba eine der attraktivsten St\u00e4dte f\u00fcr\u00a0<strong>Kulturreisen nach\u00a0Spanien<\/strong>.[\/vc_column_text][\/vc_accordion_tab][vc_accordion_tab title=&#8220;Anreise nach Cordoba&#8220; title_tag=&#8220;h3&#8243;][vc_column_text]<\/p>\n<p style=\"text-align: left;\">Durch ihre geographische Lage findet der Reisende bei der <strong>Anreise nach C\u00f3rdoba<\/strong>\u00a0eine Stadt vor, die sehr gut angebunden ist sowohl an die anderen Provinzhauptst\u00e4dte in Andalusien als auch an Nordspanien.<\/p>\n<p style=\"text-align: left;\">Um nach C\u00f3rdoba Stadt mit dem Fahrzeug anzureisen, kann man die Nationalstra\u00dfe Nacional IV nehmen, die Madrid mit C\u00f3rdoba, Sevilla und C\u00e1diz verbindet. Auf der kostenfreien Autobahn A-49 (Autopista del V Centenario), die auch zur Algarve und Huelva f\u00fchrt, brauchen sie von Sevilla nach C\u00f3rdoba Stadt ca. 1 Stunde. \u00dcber die Autobahn A45 gelangt man von M\u00e1laga nach C\u00f3rdoba in 2 Stunden. Durch die Nationalstra\u00dfe N-432 ist C\u00f3rdoba mit Granada und Badajoz in der Extremadura verbunden.<\/p>\n<p style=\"text-align: left;\">Eine \u00e4hnliche Verbindung gibt es, um <strong>nach C\u00f3rdoba mit der Bahn <\/strong>anzureisen. C\u00f3rdoba ist eine abzweigende Station der Zugverbindung, die Madrid mit M\u00e1laga, Sevilla, C\u00e1diz und Huelva verbindet. Besonders empfehlenswert ist die Bahnverbindung, die die St\u00e4dte Madrid, C\u00f3rdoba und Sevilla mit dem AVE verbindet. Das ist ein Hochgeschwindigkeitszug, der 40 Minuten von Sevilla nach Cordoba ben\u00f6tigt sowie 1 Stunde und vierzig Minuten von Madrid nach C\u00f3rdoba Stadt.<\/p>\n<p style=\"text-align: left;\">Wer per<strong> Flug nach C\u00f3rdoba<\/strong>\u00a0anreisen will, f\u00fcr den sind die Flugh\u00e4fen von Sevilla, M\u00e1laga oder Madrid am empfehlenswertesten aufgrund guter Zugverbindungen nach C\u00f3rdoba Stadt und guter Verkehrswege. Der Flughafen von C\u00f3rdoba (ODB) ist gebaut f\u00fcr Flugzeuge mit bis zu 80 Passagieren.<\/p>\n<p>[\/vc_column_text][\/vc_accordion_tab][vc_accordion_tab title=&#8220;C\u00f3rdoba zur R\u00f6merzeit&#8220; title_tag=&#8220;h4&#8243;][vc_column_text]Die Geschichte von Cordoba beginnt weit vor der R\u00f6merzeit und dem eines islamischen Kalifats, n\u00e4mlich bereits Ende der Bronzezeit. Aufgrund der Lage am Fluss Guadalquivir wuchs sie durch die Ankunft der Ph\u00f6nizier und Griechen als Zentrum des Bergbaus und Handels.<\/p>\n<p>Die R\u00f6mer gr\u00fcndeten die Stadt im 2. Jhdt. Sie war unter dem Namen Corduba Hauptstadt von Hispania Ulterior, eine der beiden r\u00f6mischen Provinzen auf der iberischen Halbinsel sowie Hauptstadt der r\u00f6mischen Region Baetica zur Zeit des r\u00f6mischen Imperiums.<\/p>\n<p>Zur R\u00f6merzeit in C\u00f3rdoba entstanden gro\u00dfe Geb\u00e4ude wie <strong>der r\u00f6mische Tempel in C\u00f3rdoba<\/strong>, dessen \u00dcberreste sind noch immer sichtbar.<\/p>\n<p>Eine der illustren Pers\u00f6nlichkeiten der Stadt ist der r\u00f6mische Philosoph Lucio Anneo S\u00e9neca, sein Denkmal kann man am Tor Puerta de Almod\u00f3var sehen (arabischen Ursprungs, aber das heutige Tor ist aus dem 14. Jhdt.)<\/p>\n<p>Die Puente Romano, die\u00a0<strong>r\u00f6mische Br\u00fccke in Cordoba<\/strong>\u00a0(1 Jhdt. v. Chr.) war jahrhundertelang die einzige Br\u00fccke. Es k\u00f6nnte sein, dass die Via Augusta von Rom nach <a href=\"https:\/\/guialuz.com\/de\/info\/cadiz\/\">C\u00e1diz<\/a> hier\u00fcber f\u00fchrte.<\/p>\n<p>Das Arch\u00e4ologische Museum von C\u00f3rdoba-Stadt bewahrt viele Funde aus dieser Zeit.[\/vc_column_text][\/vc_accordion_tab][vc_accordion_tab title=&#8220;C\u00f3rdoba zur Zeit der Mauren&#8220; title_tag=&#8220;h5&#8243;][vc_column_text]C\u00f3rdoba war Hauptstadt des islamischen Kalifats von C\u00f3rdoba zur Zeit der Mauren, sie war in dieser Zeit die gr\u00f6\u00dfte Stadt der bekannten Welt mit mehr als 1.000.000 Einwohner. Das Kalifat ausgerufen im Jahr 929 n. Chr. war ein Staat von <strong>Al-Andalus<\/strong>.<\/p>\n<p>Die gro\u00dfartige Moschee von C\u00f3rdoba, die Mezquita de C\u00f3rdoba mit dem offiziellen Namen\u00a0<a href=\"https:\/\/mezquita-catedraldecordoba.es\/\">Mezquita-Catedral de C\u00f3rdoba<\/a>\u00a0ist eine der bedeutendsten <strong>Sehensw\u00fcrdigkeiten Andalusiens<\/strong>.<\/p>\n<p>Sie wurde von 780-785 durch den Emir Omeya Abderram\u00e1n I. \u00fcber einem christlichen Stock gebaut. Dann wurde sie im 9. und 10. Jhdt. erweitert, aber die F\u00e4cher- und Doppelb\u00f6gen des mihrab (Gebetsnische) sind aus der Epoche von Al-Hakam II. Er lie\u00df St\u00fctzpfeiler \u00fcber den vorhandenen S\u00e4ulen hinzuf\u00fcgen, denn man wollte h\u00f6here B\u00f6gen erhalten ohne die vorherigen zu zerst\u00f6ren. Somit bewahrten sie die rot-wei\u00dfe Farbe. Die Moschee war Ort von Versammlungen, sowohl religi\u00f6ser als auch politischer Art, denn sie konnte bis zu zwanzigtausend Menschen fassen. Sie war die zweitgr\u00f6\u00dfte Moschee der Welt nach der Moschee von Mekka. Heute gibt es 860 S\u00e4ulen. Im Innern sollte man die maqsura (Gebetsraum des Kalifen) anschauen sowie den mihrab: Eine Gebetsnische aus Marmor, Stuck und Mosaiken mit einem goldenen Hintergrund, die in diesem Fall nicht zur Kaaba nach Mekka ausgerichtet ist. Die Kuppel und die Leuchter der Moschee sind beeindruckend.<\/p>\n<p>Patio de los Naranjos (Orangenhof): Mit 98 Orangenb\u00e4umen, die Reihen bilden und Ende des 18. Jhdts. gepflanzt wurden.<\/p>\n<p>Las Puertas de la Mezquita (die Portale der Moschee): Die Puerta de San Esteban, die \u00e4lteste des Geb\u00e4udes, wurde als westlichstes Tor der ersten Moschee gebaut. Weitere erw\u00e4hnenswerte Tore sind die Puertas de Al-Hakam II oder das Eingangstor Puerta del Perd\u00f3n (Tor der Vergebung) oder die Puerta de las Palmas.<\/p>\n<p>Weitere <strong>Sehensw\u00fcrdigkeiten in C\u00f3rdoba<\/strong>:<\/p>\n<p>Torre de la Calahorra: Ein Verteidigungsturm am Br\u00fcckenzugang, der Eintritt und Schutz der Br\u00fccke Puente Romano war. Beherbergt das Museum Vivo de Al-Andalus.<\/p>\n<p>Die Statue von Averroes: Eine illustre Pers\u00f6nlichkeit C\u00f3rdobas zur Zeit des Al-Andalus. Spanischer Philosoph, Astronom, Mathematiker und Mediziner, einer der wichtigsten im Mittelalter.<\/p>\n<p>Medina Azahara (Madinat-al-Zahra): Befindet sich einige Kilometer au\u00dferhalb von C\u00f3rdoba-Stadt, zur Zeit der Mauren galt es als das Versaille des Mittelalters. Gegr\u00fcndet vom ersten Kalifen des Al-Andalus Reiches, Abderram\u00e1n III., als Zeichen seiner Macht. Heute mit modernem Museumskomplex.[\/vc_column_text][\/vc_accordion_tab][vc_accordion_tab title=&#8220;Das j\u00fcdische C\u00f3rdoba&#8220; title_tag=&#8220;h6&#8243;][vc_column_text]Die Mehrheit der j\u00fcdischen Bev\u00f6lkerung lebte unter der islamischen Regierung, aber Juden und Araber machten gemeinsam aus C\u00f3rdoba ein multikulturelles Zentrum, das in der ganzen Welt bekannt war.<\/p>\n<p>Die juder\u00eda, das <strong>j\u00fcdische Viertel in C\u00f3rdoba<\/strong>: Zwischen dem 10. und 15. Jahrhundert gab es dieses Stadtviertel, in dem die j\u00fcdische Bev\u00f6lkerung wohnte. Es lag nordwestlich der Moschee. In der Stra\u00dfe &#8222;Calle de los Jud\u00edos&#8220; befindet sich eine Statue zu Ehren von Maim\u00f3nides (Rabbi Mose Ben Maim\u00f3n), der gro\u00dfartige j\u00fcdische Philosoph und Mediziner aus C\u00f3rdoba.<\/p>\n<p>Die Sinagoga (Synagoge) wurde im Jahr 1315 gebaut und ist die einzige existierende Synagoge in Andalusien.<\/p>\n<p>Casa de Sefarad (Das Haus des Sefarad): Ein einzigartiger Besuch des Museums \u00fcber das Leben der sephardischen Juden in C\u00f3rdoba, den man sich nicht entgehen lassen sollte. Im Zentrum des Viertels gelegen.<\/p>\n<p>Nach der Vertreibung der Juden durch die Katholische K\u00f6nige im Jahr 1492 verarmte die Stadt in jedweder Hinsicht und verlor ihren Status als Hauptstadt.[\/vc_column_text][\/vc_accordion_tab][vc_accordion_tab title=&#8220;Das christliche C\u00f3rdoba&#8220;][vc_column_text]F\u00fcr das christliche C\u00f3rdoba gewann im Jahr 1236 der kastilische K\u00f6nig Fernando III El Santo (Ferdinand III. Der Heilige) nach 5 Jahrhunderten C\u00f3rdoba mit der Moschee zur\u00fcck, welche er gegen den Willen der Bev\u00f6lkerung in eine Kathedrale umwandelte. Er begann mit der Weihe des kirchlichen Tempels im Altarraum Capilla Mayor de Villaviciosa. Haupt-Altarraum, Querschiff und Chorgang begann man 1523 zu bauen. Viele Katholische K\u00f6nige wurden hier begraben.<\/p>\n<p>Nach einem Jahrhundert gezeichnet durch den B\u00fcrgerkrieg und der schwarzen Pest im 14. Jhdt., befreite sich C\u00f3rdoba vom Reich der Nasriden in Granada durch die R\u00fcckeroberung der Katholischen K\u00f6nige. In C\u00f3rdoba-Stadt wurde <strong>Christoph Kolumbus<\/strong> empfangen, um sein Projekt der Reise zur Entdeckung der Neuen Welt vorzustellen, daran wird noch heute erinnert mit einer Statue in den G\u00e4rten des Alc\u00e1zar de los Reyes Cat\u00f3licos (1323).<\/p>\n<p>Ein anderer interessanter Ort ist die Plaza del Potro mit der ber\u00fchmten Herberge Posada del Potro, sie wurde von Cervantes erw\u00e4hnt in der Novelle Don Quijote de la Mancha.<\/p>\n<p>Zudem sehenswert ist das Museo de Bellas Artes (Museum der sch\u00f6nen K\u00fcnste) und das Museo de Julio Romero de Torres, ein Maler der Stadt.<\/p>\n<p>Weitere Sehensw\u00fcrdigkeiten:<\/p>\n<p>Capilla Mud\u00e9jar de San Bartolom\u00e9: Es handelt sich um eine Kirche aus der Zeit von 1399 bis 1410.<\/p>\n<p>C\u00f3rdoba zwischen dem 16. und 19. Jhdt.: Aus dem 16. Jhdt. sind die k\u00f6niglichen Stallungen Caballerizas Reales und der Triumphbogen Puerta del Puente.<\/p>\n<p>Plaza de las Tendillas: Das Zentrum der Oberstadt.[\/vc_column_text][\/vc_accordion_tab][vc_accordion_tab title=&#8220;Feste und Feiern in C\u00f3rdoba &#8222;][vc_column_text]Die <strong>Fiesta de los Patios de C\u00f3rdoba<\/strong> (Feiern der Innenh\u00f6fe von Cordoba) ist eine der bekanntesten. Sie findet jedes Jahr in der ersten Maih\u00e4lfte statt, im Jahr 2018 vom 01.-13.05. Es ist eine ideale M\u00f6glichkeit, um verschiedene gepflegte und mit Blumen dekorierte Innenh\u00f6fe zu besichtigen, die nicht nur Gartenfreunde attraktiv finden. Seit 1929 gibt es diesen Wettbewerb, bei dem die Besitzer der Innenh\u00f6fe miteinander um die Auszeichnung des sch\u00f6nsten Patios von Cordoba konkurrieren. Es ist eine einzigartige und typische Veranstaltung in C\u00f3rdoba-Stadt, daher wurde sie in die Welterbeliste der UNESCO aufgenommen. W\u00e4hrend der Feiern gibt es ein Folklore-Festival. Alles \u00fcber diese Feier und die Innenh\u00f6fe der Stadt erf\u00e4hrt man im Centro de Interpretaci\u00f3n de la Fiesta de los Patios in der Stra\u00dfe Calle Trueque Cuatro. Im Palacio de los Marqueses de Viana finden sie einen idealen Ort f\u00fcr einen Rundgang durch 13 Innenh\u00f6fe und Geschichte mit allen Sinnen, ohne das Geb\u00e4ude zu verlassen.<\/p>\n<p>C\u00f3rdoba-Stadt hat einen attraktiven Kalender mit Festen und Feiern w\u00e4hrend des ganzen Jahres: Die Karwoche, die Cruces de Mayo (Mai Kreuzfest mit Wettbewerb blumengeschm\u00fcckter Kreuze), die Feria in Cordoba (19-26.05.2018) die Noche Blanca de Flamenco im Juni, ein nationaler Flamenco-Wettbewerb, das Gitarrenfestival im Juli, klassische Konzerte und vieles mehr. Bei ihrem Besuch der Stadt sollte auch ein Ausflug zu einer Weinkellerei in Cordoba mit einer Verkostung von Montilla-Moriles Wein nicht fehlen.<\/p>\n<p>Was die Gastronomie in C\u00f3rdoba anbelangt, ist ein typisches Gericht erw\u00e4hnenswert: Der Salmorejo cordob\u00e9s. Dieses Gericht wie auch die Tapas der Mittelmeer-Kost sind f\u00fcr jeden Geschmack und k\u00f6nnen in den Restaurants von C\u00f3rdoba probiert werden.[\/vc_column_text][\/vc_accordion_tab][\/vc_accordion][\/vc_column][vc_column width=&#8220;1\/2&#8243;][vc_empty_space][vc_gallery type=&#8220;image_grid&#8220; images=&#8220;393,395,397,398,399,400,401,402,403,404,405,406,394,396&#8243; column_number=&#8220;4&#8243; grayscale=&#8220;no&#8220; images_space=&#8220;gallery_with_space&#8220;][\/vc_column][\/vc_row][vc_row css_animation=&#8220;&#8220; row_type=&#8220;row&#8220; use_row_as_full_screen_section=&#8220;no&#8220; type=&#8220;full_width&#8220; angled_section=&#8220;no&#8220; text_align=&#8220;left&#8220; background_image_as_pattern=&#8220;without_pattern&#8220;][vc_column][vc_empty_space][\/vc_column][\/vc_row][vc_row css_animation=&#8220;&#8220; row_type=&#8220;row&#8220; use_row_as_full_screen_section=&#8220;no&#8220; type=&#8220;full_width&#8220; angled_section=&#8220;no&#8220; text_align=&#8220;left&#8220; background_image_as_pattern=&#8220;without_pattern&#8220;][vc_column][vc_column_text]<iframe loading=\"lazy\" style=\"border: 0;\" src=\"https:\/\/www.google.com\/maps\/embed?pb=!1m18!1m12!1m3!1d50378.59591225125!2d-4.8195904547061685!3d37.89158078745026!2m3!1f0!2f0!3f0!3m2!1i1024!2i768!4f13.1!3m3!1m2!1s0xd6cdf26f95e0aef%3A0x4df1d2e8108456c3!2sC%C3%B3rdoba%2C+Provinz+C%C3%B3rdoba%2C+Spanien!5e0!3m2!1sde!2sde!4v1493212448437\" width=\"100%\" height=\"350\" frameborder=\"0\" allowfullscreen=\"allowfullscreen\"><\/iframe>[\/vc_column_text][\/vc_column][\/vc_row][vc_row css_animation=&#8220;&#8220; row_type=&#8220;row&#8220; use_row_as_full_screen_section=&#8220;no&#8220; type=&#8220;grid&#8220; angled_section=&#8220;no&#8220; text_align=&#8220;left&#8220; background_image_as_pattern=&#8220;without_pattern&#8220; css=&#8220;.vc_custom_1469778626730{padding-top: 7.3% !important;padding-bottom: 6.4% !important;}&#8220;][vc_column][vc_column_text]<\/p>\n<h2 style=\"text-align: center;\">Mehr Informationen<\/h2>\n<p>[\/vc_column_text][\/vc_column][\/vc_row][vc_row css_animation=&#8220;&#8220; row_type=&#8220;row&#8220; use_row_as_full_screen_section=&#8220;no&#8220; type=&#8220;grid&#8220; angled_section=&#8220;no&#8220; text_align=&#8220;left&#8220; background_image_as_pattern=&#8220;without_pattern&#8220;][vc_column]<div class='projects_holder_outer v4 portfolio_with_space portfolio_standard'>\n        <div class='projects_holder portfolio_main_holder clearfix v4 standard portfolio_full_image '>\n        \n        <article class='mix portfolio_category_71 default' style=''>\n    \n    \n    \n    \n            <div class=\"item_holder thin_plus_only\">\n\n                    <div class=\"text_holder\">\n        <div class=\"text_holder_outer\">\n            <div class=\"text_holder_inner\">\n                            <span class=\"thin_plus_only_icon\">+<\/span>\n                        <\/div>\n        <\/div>\n    <\/div>\n\n                                    <a itemprop=\"url\" class=\"portfolio_link_class\" title=\"C\u00f3rdoba\" href=\"https:\/\/guialuz.com\/de\/info\/cordoba\/\"><\/a>\n                \n                <div style=\"\" class=\"portfolio_shader\"><\/div>\n                <div class=\"image_holder\">\n                    \n<span class='image'><img loading=\"lazy\" decoding=\"async\" width=\"500\" height=\"281\" src=\"https:\/\/guialuz.com\/wp-content\/uploads\/guialuz-cordoba2.jpg\" class=\"attachment-full size-full wp-post-image\" alt=\"C\u00f3rdoba puente romano - roman bridge cordoba spain - r\u00f6mische Br\u00fccke C\u00f3rdoba Spanien\" \/><\/span>                <\/div>\n            <\/div>\n\n                <div class='portfolio_description ' >\n\n        \n    <h5 itemprop=\"name\" class=\"portfolio_title entry_title\"><a itemprop=\"url\" href=\"https:\/\/guialuz.com\/de\/info\/cordoba\/\" style=\"color: #ffffff\" target=\"_self\"> C\u00f3rdoba<\/a><\/h5>\n\n\n        \n            <span class=\"project_category\" style=\"color: #ffffff\" >\n    Andalusien    <\/span>\n\n    <\/div>\n\n        \n<\/article>\n<article class='mix portfolio_category_71 default' style=''>\n    \n    \n    \n    \n            <div class=\"item_holder thin_plus_only\">\n\n                    <div class=\"text_holder\">\n        <div class=\"text_holder_outer\">\n            <div class=\"text_holder_inner\">\n                            <span class=\"thin_plus_only_icon\">+<\/span>\n                        <\/div>\n        <\/div>\n    <\/div>\n\n                                    <a itemprop=\"url\" class=\"portfolio_link_class\" title=\"Sevilla\" href=\"https:\/\/guialuz.com\/de\/info\/sevilla\/\"><\/a>\n                \n                <div style=\"\" class=\"portfolio_shader\"><\/div>\n                <div class=\"image_holder\">\n                    \n<span class='image'><img loading=\"lazy\" decoding=\"async\" width=\"500\" height=\"281\" src=\"https:\/\/guialuz.com\/wp-content\/uploads\/guialuz-sevilla.jpg\" class=\"attachment-full size-full wp-post-image\" alt=\"\" \/><\/span>                <\/div>\n            <\/div>\n\n                <div class='portfolio_description ' >\n\n        \n    <h5 itemprop=\"name\" class=\"portfolio_title entry_title\"><a itemprop=\"url\" href=\"https:\/\/guialuz.com\/de\/info\/sevilla\/\" style=\"color: #ffffff\" target=\"_self\"> Sevilla<\/a><\/h5>\n\n\n        \n            <span class=\"project_category\" style=\"color: #ffffff\" >\n    Andalusien    <\/span>\n\n    <\/div>\n\n        \n<\/article>\n<article class='mix portfolio_category_71 portfolio_category_78 default' style=''>\n    \n    \n    \n    \n            <div class=\"item_holder thin_plus_only\">\n\n                    <div class=\"text_holder\">\n        <div class=\"text_holder_outer\">\n            <div class=\"text_holder_inner\">\n                            <span class=\"thin_plus_only_icon\">+<\/span>\n                        <\/div>\n        <\/div>\n    <\/div>\n\n                                    <a itemprop=\"url\" class=\"portfolio_link_class\" title=\"C\u00e1diz\" href=\"https:\/\/guialuz.com\/de\/info\/cadiz\/\"><\/a>\n                \n                <div style=\"\" class=\"portfolio_shader\"><\/div>\n                <div class=\"image_holder\">\n                    \n<span class='image'><img loading=\"lazy\" decoding=\"async\" width=\"500\" height=\"281\" src=\"https:\/\/guialuz.com\/wp-content\/uploads\/guialuz-cadiz.jpg\" class=\"attachment-full size-full wp-post-image\" alt=\"Gu\u00eda Luz C\u00e1diz\" \/><\/span>                <\/div>\n            <\/div>\n\n                <div class='portfolio_description ' >\n\n        \n    <h5 itemprop=\"name\" class=\"portfolio_title entry_title\"><a itemprop=\"url\" href=\"https:\/\/guialuz.com\/de\/info\/cadiz\/\" style=\"color: #ffffff\" target=\"_self\"> C\u00e1diz<\/a><\/h5>\n\n\n        \n            <span class=\"project_category\" style=\"color: #ffffff\" >\n    Andalusien, Costa de la Luz    <\/span>\n\n    <\/div>\n\n        \n<\/article>\n<article class='mix portfolio_category_71 default' style=''>\n    \n    \n    \n    \n            <div class=\"item_holder thin_plus_only\">\n\n                    <div class=\"text_holder\">\n        <div class=\"text_holder_outer\">\n            <div class=\"text_holder_inner\">\n                            <span class=\"thin_plus_only_icon\">+<\/span>\n                        <\/div>\n        <\/div>\n    <\/div>\n\n                                    <a itemprop=\"url\" class=\"portfolio_link_class\" title=\"Almer\u00eda\" href=\"https:\/\/guialuz.com\/de\/info\/almeria\/\"><\/a>\n                \n                <div style=\"\" class=\"portfolio_shader\"><\/div>\n                <div class=\"image_holder\">\n                    \n<span class='image'><img loading=\"lazy\" decoding=\"async\" width=\"500\" height=\"281\" src=\"https:\/\/guialuz.com\/wp-content\/uploads\/guialuz-almeria-1.jpg\" class=\"attachment-full size-full wp-post-image\" alt=\"la ciudad de Almer\u00eda con la alcazaba - Almer\u00eda City with the Moorish castle - Stadt Almer\u00eda in Spanien\" \/><\/span>                <\/div>\n            <\/div>\n\n                <div class='portfolio_description ' >\n\n        \n    <h5 itemprop=\"name\" class=\"portfolio_title entry_title\"><a itemprop=\"url\" href=\"https:\/\/guialuz.com\/de\/info\/almeria\/\" style=\"color: #ffffff\" target=\"_self\"> Almer\u00eda<\/a><\/h5>\n\n\n        \n            <span class=\"project_category\" style=\"color: #ffffff\" >\n    Andalusien    <\/span>\n\n    <\/div>\n\n        \n<\/article>\n<article class='mix portfolio_category_71 portfolio_category_89 default' style=''>\n    \n    \n    \n    \n            <div class=\"item_holder thin_plus_only\">\n\n                    <div class=\"text_holder\">\n        <div class=\"text_holder_outer\">\n            <div class=\"text_holder_inner\">\n                            <span class=\"thin_plus_only_icon\">+<\/span>\n                        <\/div>\n        <\/div>\n    <\/div>\n\n                                    <a itemprop=\"url\" class=\"portfolio_link_class\" title=\"Andalusien\" href=\"https:\/\/guialuz.com\/de\/info\/andalusien\/\"><\/a>\n                \n                <div style=\"\" class=\"portfolio_shader\"><\/div>\n                <div class=\"image_holder\">\n                    \n<span class='image'><img loading=\"lazy\" decoding=\"async\" width=\"500\" height=\"281\" src=\"https:\/\/guialuz.com\/wp-content\/uploads\/guia-luz-andalucia-andalusia-andalusien2.jpg\" class=\"attachment-full size-full wp-post-image\" alt=\"Andaluc\u00eda Andalusia Andalusien\" \/><\/span>                <\/div>\n            <\/div>\n\n                <div class='portfolio_description ' >\n\n        \n    <h5 itemprop=\"name\" class=\"portfolio_title entry_title\"><a itemprop=\"url\" href=\"https:\/\/guialuz.com\/de\/info\/andalusien\/\" style=\"color: #ffffff\" target=\"_self\"> Andalusien<\/a><\/h5>\n\n\n        \n            <span class=\"project_category\" style=\"color: #ffffff\" >\n    Andalusien, Reiseziele    <\/span>\n\n    <\/div>\n\n        \n<\/article>\n<article class='mix portfolio_category_71 default' style=''>\n    \n    \n    \n    \n            <div class=\"item_holder thin_plus_only\">\n\n                    <div class=\"text_holder\">\n        <div class=\"text_holder_outer\">\n            <div class=\"text_holder_inner\">\n                            <span class=\"thin_plus_only_icon\">+<\/span>\n                        <\/div>\n        <\/div>\n    <\/div>\n\n                                    <a itemprop=\"url\" class=\"portfolio_link_class\" title=\"Costa de la Luz\" href=\"https:\/\/guialuz.com\/de\/info\/costa-la-luz\/\"><\/a>\n                \n                <div style=\"\" class=\"portfolio_shader\"><\/div>\n                <div class=\"image_holder\">\n                    \n<span class='image'><img loading=\"lazy\" decoding=\"async\" width=\"500\" height=\"281\" src=\"https:\/\/guialuz.com\/wp-content\/uploads\/guialuz-costa-de-la-luz.jpg\" class=\"attachment-full size-full wp-post-image\" alt=\"Costa de la Luz\" \/><\/span>                <\/div>\n            <\/div>\n\n                <div class='portfolio_description ' >\n\n        \n    <h5 itemprop=\"name\" class=\"portfolio_title entry_title\"><a itemprop=\"url\" href=\"https:\/\/guialuz.com\/de\/info\/costa-la-luz\/\" style=\"color: #ffffff\" target=\"_self\"> Costa de la Luz<\/a><\/h5>\n\n\n        \n            <span class=\"project_category\" style=\"color: #ffffff\" >\n    Andalusien    <\/span>\n\n    <\/div>\n\n        \n<\/article>\n<article class='mix portfolio_category_71 default' style=''>\n    \n    \n    \n    \n            <div class=\"item_holder thin_plus_only\">\n\n                    <div class=\"text_holder\">\n        <div class=\"text_holder_outer\">\n            <div class=\"text_holder_inner\">\n                            <span class=\"thin_plus_only_icon\">+<\/span>\n                        <\/div>\n        <\/div>\n    <\/div>\n\n                                    <a itemprop=\"url\" class=\"portfolio_link_class\" title=\"Granada\" href=\"https:\/\/guialuz.com\/de\/info\/granada\/\"><\/a>\n                \n                <div style=\"\" class=\"portfolio_shader\"><\/div>\n                <div class=\"image_holder\">\n                    \n<span class='image'><img loading=\"lazy\" decoding=\"async\" width=\"500\" height=\"281\" src=\"https:\/\/guialuz.com\/wp-content\/uploads\/Granada.jpg\" class=\"attachment-full size-full wp-post-image\" alt=\"Granada Patio de los Leones\" \/><\/span>                <\/div>\n            <\/div>\n\n                <div class='portfolio_description ' >\n\n        \n    <h5 itemprop=\"name\" class=\"portfolio_title entry_title\"><a itemprop=\"url\" href=\"https:\/\/guialuz.com\/de\/info\/granada\/\" style=\"color: #ffffff\" target=\"_self\"> Granada<\/a><\/h5>\n\n\n        \n            <span class=\"project_category\" style=\"color: #ffffff\" >\n    Andalusien    <\/span>\n\n    <\/div>\n\n        \n<\/article>\n<article class='mix portfolio_category_71 default' style=''>\n    \n    \n    \n    \n            <div class=\"item_holder thin_plus_only\">\n\n                    <div class=\"text_holder\">\n        <div class=\"text_holder_outer\">\n            <div class=\"text_holder_inner\">\n                            <span class=\"thin_plus_only_icon\">+<\/span>\n                        <\/div>\n        <\/div>\n    <\/div>\n\n                                    <a itemprop=\"url\" class=\"portfolio_link_class\" title=\"Costa del Sol\" href=\"https:\/\/guialuz.com\/de\/info\/costa-del-sol\/\"><\/a>\n                \n                <div style=\"\" class=\"portfolio_shader\"><\/div>\n                <div class=\"image_holder\">\n                    \n<span class='image'><img loading=\"lazy\" decoding=\"async\" width=\"500\" height=\"281\" src=\"https:\/\/guialuz.com\/wp-content\/uploads\/guialuz-costa-del-sol.jpg\" class=\"attachment-full size-full wp-post-image\" alt=\"\" \/><\/span>                <\/div>\n            <\/div>\n\n                <div class='portfolio_description ' >\n\n        \n    <h5 itemprop=\"name\" class=\"portfolio_title entry_title\"><a itemprop=\"url\" href=\"https:\/\/guialuz.com\/de\/info\/costa-del-sol\/\" style=\"color: #ffffff\" target=\"_self\"> Costa del Sol<\/a><\/h5>\n\n\n        \n            <span class=\"project_category\" style=\"color: #ffffff\" >\n    Andalusien    <\/span>\n\n    <\/div>\n\n        \n<\/article>\n<article class='mix portfolio_category_71 portfolio_category_78 default' style=''>\n    \n    \n    \n    \n            <div class=\"item_holder thin_plus_only\">\n\n                    <div class=\"text_holder\">\n        <div class=\"text_holder_outer\">\n            <div class=\"text_holder_inner\">\n                            <span class=\"thin_plus_only_icon\">+<\/span>\n                        <\/div>\n        <\/div>\n    <\/div>\n\n                                    <a itemprop=\"url\" class=\"portfolio_link_class\" title=\"Huelva\" href=\"https:\/\/guialuz.com\/de\/info\/huelva\/\"><\/a>\n                \n                <div style=\"\" class=\"portfolio_shader\"><\/div>\n                <div class=\"image_holder\">\n                    \n<span class='image'><img loading=\"lazy\" decoding=\"async\" width=\"500\" height=\"281\" src=\"https:\/\/guialuz.com\/wp-content\/uploads\/guialuz-huelva.jpg\" class=\"attachment-full size-full wp-post-image\" alt=\"\" \/><\/span>                <\/div>\n            <\/div>\n\n                <div class='portfolio_description ' >\n\n        \n    <h5 itemprop=\"name\" class=\"portfolio_title entry_title\"><a itemprop=\"url\" href=\"https:\/\/guialuz.com\/de\/info\/huelva\/\" style=\"color: #ffffff\" target=\"_self\"> Huelva<\/a><\/h5>\n\n\n        \n            <span class=\"project_category\" style=\"color: #ffffff\" >\n    Andalusien, Costa de la Luz    <\/span>\n\n    <\/div>\n\n        \n<\/article>\n<article class='mix portfolio_category_71 default' style=''>\n    \n    \n    \n    \n            <div class=\"item_holder thin_plus_only\">\n\n                    <div class=\"text_holder\">\n        <div class=\"text_holder_outer\">\n            <div class=\"text_holder_inner\">\n                            <span class=\"thin_plus_only_icon\">+<\/span>\n                        <\/div>\n        <\/div>\n    <\/div>\n\n                                    <a itemprop=\"url\" class=\"portfolio_link_class\" title=\"Ja\u00e9n\" href=\"https:\/\/guialuz.com\/de\/info\/jaen\/\"><\/a>\n                \n                <div style=\"\" class=\"portfolio_shader\"><\/div>\n                <div class=\"image_holder\">\n                    \n<span class='image'><img loading=\"lazy\" decoding=\"async\" width=\"500\" height=\"281\" src=\"https:\/\/guialuz.com\/wp-content\/uploads\/guialuz-jaen.jpg\" class=\"attachment-full size-full wp-post-image\" alt=\"catedral de Ja\u00e9n, cathedral, Kathedrale\" \/><\/span>                <\/div>\n            <\/div>\n\n                <div class='portfolio_description ' >\n\n        \n    <h5 itemprop=\"name\" class=\"portfolio_title entry_title\"><a itemprop=\"url\" href=\"https:\/\/guialuz.com\/de\/info\/jaen\/\" style=\"color: #ffffff\" target=\"_self\"> Ja\u00e9n<\/a><\/h5>\n\n\n        \n            <span class=\"project_category\" style=\"color: #ffffff\" >\n    Andalusien    <\/span>\n\n    <\/div>\n\n        \n<\/article>\n<article class='mix portfolio_category_71 portfolio_category_86 default' style=''>\n    \n    \n    \n    \n            <div class=\"item_holder thin_plus_only\">\n\n                    <div class=\"text_holder\">\n        <div class=\"text_holder_outer\">\n            <div class=\"text_holder_inner\">\n                            <span class=\"thin_plus_only_icon\">+<\/span>\n                        <\/div>\n        <\/div>\n    <\/div>\n\n                                    <a itemprop=\"url\" class=\"portfolio_link_class\" title=\"M\u00e1laga\" href=\"https:\/\/guialuz.com\/de\/info\/malaga\/\"><\/a>\n                \n                <div style=\"\" class=\"portfolio_shader\"><\/div>\n                <div class=\"image_holder\">\n                    \n<span class='image'><img loading=\"lazy\" decoding=\"async\" width=\"500\" height=\"281\" src=\"https:\/\/guialuz.com\/wp-content\/uploads\/guialuz-malaga.jpg\" class=\"attachment-full size-full wp-post-image\" alt=\"\" \/><\/span>                <\/div>\n            <\/div>\n\n                <div class='portfolio_description ' >\n\n        \n    <h5 itemprop=\"name\" class=\"portfolio_title entry_title\"><a itemprop=\"url\" href=\"https:\/\/guialuz.com\/de\/info\/malaga\/\" style=\"color: #ffffff\" target=\"_self\"> M\u00e1laga<\/a><\/h5>\n\n\n        \n            <span class=\"project_category\" style=\"color: #ffffff\" >\n    Andalusien, Costa del Sol    <\/span>\n\n    <\/div>\n\n        \n<\/article>\n<article class='mix portfolio_category_71 default' style=''>\n    \n    \n    \n    \n            <div class=\"item_holder thin_plus_only\">\n\n                    <div class=\"text_holder\">\n        <div class=\"text_holder_outer\">\n            <div class=\"text_holder_inner\">\n                            <span class=\"thin_plus_only_icon\">+<\/span>\n                        <\/div>\n        <\/div>\n    <\/div>\n\n                                    <a itemprop=\"url\" class=\"portfolio_link_class\" title=\"Die Wei\u00dfen D\u00f6rfer\" href=\"https:\/\/guialuz.com\/de\/info\/die-weissen-doerfer\/\"><\/a>\n                \n                <div style=\"\" class=\"portfolio_shader\"><\/div>\n                <div class=\"image_holder\">\n                    \n<span class='image'><img loading=\"lazy\" decoding=\"async\" width=\"500\" height=\"281\" src=\"https:\/\/guialuz.com\/wp-content\/uploads\/guialuz-pueblos-blancos.jpg\" class=\"attachment-full size-full wp-post-image\" alt=\"pueblos blancos vejer de la frontera\" \/><\/span>                <\/div>\n            <\/div>\n\n                <div class='portfolio_description ' >\n\n        \n    <h5 itemprop=\"name\" class=\"portfolio_title entry_title\"><a itemprop=\"url\" href=\"https:\/\/guialuz.com\/de\/info\/die-weissen-doerfer\/\" style=\"color: #ffffff\" target=\"_self\"> Die Wei\u00dfen D\u00f6rfer<\/a><\/h5>\n\n\n        \n            <span class=\"project_category\" style=\"color: #ffffff\" >\n    Andalusien    <\/span>\n\n    <\/div>\n\n        \n<\/article>\n        <div class='filler'><\/div>\n            <div class='filler'><\/div>\n            <div class='filler'><\/div>\n            <div class='filler'><\/div>\n        <\/div>\n\n    \n    <\/div>[vc_empty_space][\/vc_column][\/vc_row]<\/p>\n<\/div>","protected":false},"excerpt":{"rendered":"<p>[vc_row css_animation=&#8220;&#8220; row_type=&#8220;row&#8220; use_row_as_full_screen_section=&#8220;no&#8220; type=&#8220;full_width&#8220; anchor=&#8220;news&#8220; angled_section=&#8220;no&#8220; text_align=&#8220;center&#8220; background_image=&#8220;408&#8243; background_image_as_pattern=&#8220;without_pattern&#8220; css=&#8220;.vc_custom_1493201204133{padding-top: 0% !important;padding-bottom: 0% !important;}&#8220;][vc_column css=&#8220;.vc_custom_1469530614343{padding-top: 16.9% !important;padding-bottom: 13.9% !important;}&#8220;][vc_column_text][\/vc_column_text][\/vc_column][\/vc_row][vc_row css_animation=&#8220;&#8220; row_type=&#8220;row&#8220; use_row_as_full_screen_section=&#8220;no&#8220; type=&#8220;grid&#8220; angled_section=&#8220;no&#8220; text_align=&#8220;left&#8220; background_image_as_pattern=&#8220;without_pattern&#8220;][vc_column][vc_empty_space][vc_column_text] Reise nach C\u00f3rdoba Stadt in Andalusien [\/vc_column_text][vc_empty_space height=&#8220;30px&#8220;][vc_empty_space height=&#8220;30px&#8220;][\/vc_column][\/vc_row][vc_row css_animation=&#8220;&#8220; row_type=&#8220;row&#8220; use_row_as_full_screen_section=&#8220;no&#8220; type=&#8220;grid&#8220; angled_section=&#8220;no&#8220; text_align=&#8220;left&#8220; background_image_as_pattern=&#8220;without_pattern&#8220;][vc_column width=&#8220;1\/2&#8243;][vc_empty_space][vc_accordion style=&#8220;accordion&#8220;][vc_accordion_tab&#8230;<\/p>\n","protected":false},"author":1,"featured_media":801,"menu_order":0,"comment_status":"closed","ping_status":"closed","template":"","portfolio_category":[71],"portfolio_tag":[],"_links":{"self":[{"href":"https:\/\/guialuz.com\/de\/wp-json\/wp\/v2\/portfolio_page\/1845"}],"collection":[{"href":"https:\/\/guialuz.com\/de\/wp-json\/wp\/v2\/portfolio_page"}],"about":[{"href":"https:\/\/guialuz.com\/de\/wp-json\/wp\/v2\/types\/portfolio_page"}],"author":[{"embeddable":true,"href":"https:\/\/guialuz.com\/de\/wp-json\/wp\/v2\/users\/1"}],"replies":[{"embeddable":true,"href":"https:\/\/guialuz.com\/de\/wp-json\/wp\/v2\/comments?post=1845"}],"wp:featuredmedia":[{"embeddable":true,"href":"https:\/\/guialuz.com\/de\/wp-json\/wp\/v2\/media\/801"}],"wp:attachment":[{"href":"https:\/\/guialuz.com\/de\/wp-json\/wp\/v2\/media?parent=1845"}],"wp:term":[{"taxonomy":"portfolio_category","embeddable":true,"href":"https:\/\/guialuz.com\/de\/wp-json\/wp\/v2\/portfolio_category?post=1845"},{"taxonomy":"portfolio_tag","embeddable":true,"href":"https:\/\/guialuz.com\/de\/wp-json\/wp\/v2\/portfolio_tag?post=1845"}],"curies":[{"name":"wp","href":"https:\/\/api.w.org\/{rel}","templated":true}]}}