{"id":1847,"date":"2017-09-11T21:28:25","date_gmt":"2017-09-11T21:28:25","guid":{"rendered":"https:\/\/guialuz.com\/de\/?post_type=portfolio_page&#038;p=1847"},"modified":"2017-12-19T15:07:50","modified_gmt":"2017-12-19T15:07:50","slug":"tarifa","status":"publish","type":"portfolio_page","link":"https:\/\/guialuz.com\/de\/info\/tarifa\/","title":{"rendered":"Tarifa"},"content":{"rendered":"<div class=\"wpb-content-wrapper\"><p>[vc_row css_animation=&#8220;&#8220; row_type=&#8220;row&#8220; use_row_as_full_screen_section=&#8220;no&#8220; type=&#8220;full_width&#8220; anchor=&#8220;news&#8220; angled_section=&#8220;no&#8220; text_align=&#8220;center&#8220; background_image=&#8220;786&#8243; background_image_as_pattern=&#8220;without_pattern&#8220; css=&#8220;.vc_custom_1493306868989{padding-top: 0% !important;padding-bottom: 0% !important;}&#8220;][vc_column css=&#8220;.vc_custom_1469530614343{padding-top: 16.9% !important;padding-bottom: 13.9% !important;}&#8220;][vc_column_text][\/vc_column_text][\/vc_column][\/vc_row][vc_row css_animation=&#8220;&#8220; row_type=&#8220;row&#8220; use_row_as_full_screen_section=&#8220;no&#8220; type=&#8220;grid&#8220; angled_section=&#8220;no&#8220; text_align=&#8220;left&#8220; background_image_as_pattern=&#8220;without_pattern&#8220;][vc_column][vc_empty_space][vc_column_text]<\/p>\n<h1 style=\"text-align: center;\">\u00a0Besuchen Sie Tarifa in Andalusien<\/h1>\n<p>[\/vc_column_text][vc_empty_space height=&#8220;30px&#8220;][vc_empty_space height=&#8220;30px&#8220;][\/vc_column][\/vc_row][vc_row css_animation=&#8220;&#8220; row_type=&#8220;row&#8220; use_row_as_full_screen_section=&#8220;no&#8220; type=&#8220;grid&#8220; angled_section=&#8220;no&#8220; text_align=&#8220;left&#8220; background_image_as_pattern=&#8220;without_pattern&#8220;][vc_column width=&#8220;1\/2&#8243;][vc_empty_space][vc_accordion style=&#8220;accordion&#8220;][vc_accordion_tab title=&#8220;Tarifa, Zentrum f\u00fcr Surfer&#8220; title_tag=&#8220;h3&#8243;][vc_column_text]Besuchen Sie <strong>Tarifa<\/strong>, das <strong>Zentrum f\u00fcr<\/strong> <strong>Surfer<\/strong> gilt als das<strong>\u00a0<\/strong>waikiki von Spanien. Tarifa ist eine Stadt in der Provinz C\u00e1diz\u00a0in der Region\u00a0Andalusien. Sie liegt am s\u00fcdlichsten Breitengrad der iberischen Halbinsel, der im sogenannten Punta de Tarifa oder Marroqu\u00ed auf der Insel Isla de las Palomas westlich von Gibraltar verl\u00e4uft. An diesem Punkt trennt eine imagin\u00e4re Linie das Mittelmeer vom Atlantik, die beiden Meere treffen gegen\u00fcber der Stadt zusammen. Am engsten Teil des Gebiets von Gibraltar ca. 14 Kilometer entfernt von Marokko liegt Tarifa, die europ\u00e4ische Stadt, die sich am n\u00e4hesten zum afrikanischen Kontinent befindet.<\/p>\n<p>&nbsp;<\/p>\n<p>Um nach Tarifa zu kommen, gibt es zun\u00e4chst die Anreise per Flugzeug zum Flughafen Jerez de la Frontera (130 km), zum Flughafen M\u00e1laga (152 km) oder zum nach Gibraltar (50 km). Einmal vor Ort gelangt man \u00fcber die guten Schnellstra\u00dfen oder per <strong>Busverbindung nach Tarifa<\/strong> von C\u00e1diz und vielen St\u00e4dten an der Costa de la Luz.[\/vc_column_text][\/vc_accordion_tab][vc_accordion_tab title=&#8220;Das Wetter in Tarifa&#8220;][vc_column_text]Das <strong>Wetter in Tarifa<\/strong> wird bestimmt durch den Charakter des ozeanischen Mittelmeerklimas, von sanften Temperaturen und wenigen Niederschl\u00e4gen. Aber vor allem ist es der Wind, weshalb das Klima von Tarifa innerhalb Europas und international bekannt ist, er ist unabdingbar f\u00fcr alle Liebhaber des Wassersports.<\/p>\n<p>Tarifa wird beeinflusst vom <strong>Westwind Poniente<\/strong>, ein sanfter und angenehmer Wind und dem Wind aus dem S\u00fcden aus Afrika, dem <strong>Levante Wind<\/strong>, ein hei\u00dfer und sturmartiger Wind. Diese Winde sind nicht st\u00f6rend, denn einerseits sind sie wie eine Art Klimaanlage, die ein Klima bewirken, das ganzj\u00e4hrig einen Durchschnittswert von 17 Grad Celsius hervorbringt. Andererseits haben sie Tarifa international bekannt gemacht als Surfspot und durch seine Str\u00e4nde.[\/vc_column_text][\/vc_accordion_tab][vc_accordion_tab title=&#8220;Geschichte von Tarifa&#8220;][vc_column_text]Die Zeichen seiner ersten Bewohner wurden k\u00fcnstlerisch in den Einmeisselungen und Malereien ausgedr\u00fcckt, die als &#8222;Arte Sure\u00f1o&#8220; bekannt sind und sich in mehr als 60 H\u00f6hlen und Felsvorspr\u00fcngen wiederfinden. Die repr\u00e4sentativste ist die <strong>H\u00f6hle Cueva del Moro<\/strong>, in der sich eine eingemei\u00dfelte Pferdedarstellungen aus der Altsteinzeit befindet. Aus der pr\u00e4historischen Epoche gibt es auch k\u00fcnstlich angelegte H\u00f6hlen aus der Bronzezeit wie die Necr\u00f3polis de los Algarbes de Tarifa, die aus ca. 50 Gr\u00e4ber Strukturen besteht und einem k\u00fcnstlich angelegten H\u00f6hlensystem in Form einer kreisf\u00f6rmigen Kammer mit Eing\u00e4ngen auf verschiedenen Ebenen besteht. In Tarifa gibt es auch verschiedene dolmen-\u00e4hnliche Punkte wie ein enormes megalithisches Bauwerk mit einem breiten Korridor in den Sandstein geschnitzt, die mit den megalithischen H\u00fcnengr\u00e4bern mit offener Galerie in Zusammenhang stehen.<\/p>\n<p>&nbsp;<\/p>\n<p>Aus dem Altertum stammt die arch\u00e4ologische <strong>Siedlung Baelo Claudia<\/strong>, deklariert als bedeutendes nationales historisches Denkmal. Es handelt sich um eine arch\u00e4ologische Ausgrabungsst\u00e4tte, bei der man aufgrund der guten Erhaltung die Reste einer florierenden Stadt erkennen kann. Diese wurde gem\u00e4\u00df klassischer r\u00f6mischer Bauweise und mit rationaler und perfekter Planung eines Bauprojekts konstruiert. Die Ausgrabungen brachten hervor, dass es hier eine wichtige Fischindustrie gab, und hier der Ursprung der So\u00dfe <strong>Garum<\/strong> ist, die von dort aus ins ganze r\u00f6mische Imperium exportiert wurde. Im Jahr 3 n. Chr. gab es ein zerst\u00f6rerisches Erdbeben und nur ein kleiner Teil der Bev\u00f6lkerung lebte hier bis zum Jahr 7 n. Chr., als die Stadt definitiv verlassen wurde. Seitdem ist Baelo Claudia unbewohnt.<\/p>\n<p>&nbsp;<\/p>\n<p>Die anerkannteste Aussage \u00fcber den Ursprung des Namens Tarifa ist mit Tarif Ibn Malik verbunden, ein Berber F\u00fchrer, der die Stadt im Jahr 711 einnahm.<br \/>\nIm Mittelalter spielte Tarifa eine Schl\u00fcsselrolle in Spanien bedingt durch die Einf\u00e4lle der <strong>Mauren<\/strong> aus Nordafrika. Reste aus dieser Vergangenheit zeigen sich in der eindrucksvollen <strong>Burg von Tarifa<\/strong>, die als historisch national bedeutendes Denkmal deklariert ist. Sie wurde errichtet durch Abderram\u00e1n III, und spielte sp\u00e4ter eine wichtige Rolle in der historisch bedeutenden Tat von G\u00fazman. Ebenfalls aus dieser Zeit sind die historischen Stadtmauern. Sie umgeben die alte Stadt, die als historisch bedeutende Altstadt ausgezeichnet ist.<\/p>\n<p>&nbsp;<\/p>\n<p>Im Jahr 1292 wurde der Ort von den Mauren zur\u00fcckerobert durch Sancho IV von Kastilien, der auch als der Mutige bezeichnet wird.\u00a0Durch die <strong>R\u00fcckeroberung durch die Christen<\/strong> wurde Tarifa Grenzort, zun\u00e4chst im K\u00f6nigreich von Granada und sp\u00e4ter durch den Fall des K\u00f6nigreichs der Nazar\u00ed ein wichtiger Ort zur Verteidigung der K\u00fcste und gegen die Berber-Piraten. Im 18. Jhdt. wurde es Milit\u00e4rst\u00fctzpunkt durch seine strategische Lage bei der Meerenge von Gibraltar. Daher r\u00fchren auch noch die Verteidigungsanlagen auf der Isla de las Palomas.[\/vc_column_text][\/vc_accordion_tab][vc_accordion_tab title=&#8220;Str\u00e4nde in Tarifa&#8220; title_tag=&#8220;h4&#8243;][vc_column_text]Das touristische Angebot von Tarifa ist auf den Wassersport\u00a0und die Str\u00e4nde konzentriert. Es gibt verschiedene Schulen, die Kurse anbieten, um <strong>Surfen<\/strong>,<strong> Kitesurfen<\/strong>,<strong> Windsurfen<\/strong>, Kajak oder Unterwassersport zu erlernen. All das ist den verschiedenen Str\u00e4nden von Tarifa m\u00f6glich.<\/p>\n<p>&nbsp;<\/p>\n<p>Im Gebiet am Mittelmeer finden wir die Playa Chica, ein ein kleiner Stadtstrand. Im Gebiet am Atlantik gibt es den <strong>Playa de los Lances<\/strong>, ein 10km langer Strand. Ideal zum Laufen ist der Playa de Valdevaqueros, ein naturbelassener Strand und das Mekka der Surfer sowie den Strand Playa de Punta Paloma mit kleinen unber\u00fchrten Buchten. Der <strong>Strand von Bolonia<\/strong> war bis vor kurzem noch ein Geheimtipp, heutzutage ist er im Sommer stark besucht. Dennoch ist es noch immer ein fast vollkommen unber\u00fchrter Naturstrand mit einer gro\u00dfen D\u00fcne und einem Nudisten-Bereich.<\/p>\n<p>Der Strand Playa El Ca\u00f1uelo ist zwischen dem Cabo de Gracia und dem Punta Camarinal. Der naturbelassene Strand liegt im Naturpark Parque Natural del Estrecho und man gelangt zu ihm \u00fcber den nahegelegenen Wanderweg des Leuchtturms von Camarinal-Bolonia. Es gibt Str\u00e4nde, die vom Gebiet Zahara de los Atunes und Barbate bis zur Stadt Tarifa verlaufen wie den Atlanterra-Strand und den <strong>Playa de los Alemanes<\/strong> (Strand der Deutschen) in Zahara de los Atunes.[\/vc_column_text][\/vc_accordion_tab][vc_accordion_tab title=&#8220;Sehensw\u00fcrdigkeiten von Tarifa&#8220;][vc_column_text]<strong>Sehensw\u00fcrdigkeiten von Tarifa<\/strong>, Tipps:<\/p>\n<p>Die arch\u00e4ologische Siedlung Baelo Claudia.<\/p>\n<p>Die Burg von Guzm\u00e1n dem Guten, fertiggestellt 960.<\/p>\n<p>Turm von Guzm\u00e1n dem Guten (XIII) Teil der Burg.<\/p>\n<p>Burg Santa Catalina (XVI).<\/p>\n<p>Nekropolis der Algarbes.<\/p>\n<p>Kirche San Mateo (XVI) im gotischen Stil.<\/p>\n<p>Die Kirche San Francisco de Asis.<\/p>\n<p>Stadtpatronin ist die Virgen de la Luz. Jeden September gibt es einen Pilgerweg vom Santuario de la Virgen de la Luz in die Stadt (8km).<\/p>\n<p>Die mittelalterlichen Stadtmauern, die Tarifa umgeben.<\/p>\n<p>Die 8 Wacht\u00fcrme (XIX) sind Teil der Verteidigungsanlage und waren die Antwort auf die britische Macht in Gibraltar. Einer ist der Torre de Guadalmes\u00ed.<\/p>\n<p>Das Tor von Jerez Puerta de Jerez (XIII)<\/p>\n<p>Bunker: Gebaut in der Zeit um 1940 am Strand Playa de Los Lances als Teil der Verteidigung der Meerenge.<\/p>\n<p>Vom Hafen Tarifas starten die F\u00e4hrschiffe nach Tanger in Marokko.<\/p>\n<p>Des Weiteren gibt es verschiedene Anbieter von Ausfl\u00fcgen zur <strong>Walbeobachtung<\/strong> und Delfinbeobachtung, die die Wichtigkeit des Schutzes dieser Tiere erkl\u00e4ren, die hier in der Meerenge von Gibraltar vorkommen.[\/vc_column_text][\/vc_accordion_tab][\/vc_accordion][\/vc_column][vc_column width=&#8220;1\/2&#8243;][vc_empty_space][vc_gallery type=&#8220;image_grid&#8220; images=&#8220;855,856,857,858,859,860,861,862,863,864&#8243; column_number=&#8220;4&#8243; grayscale=&#8220;no&#8220; images_space=&#8220;gallery_with_space&#8220;][\/vc_column][\/vc_row][vc_row css_animation=&#8220;&#8220; row_type=&#8220;row&#8220; use_row_as_full_screen_section=&#8220;no&#8220; type=&#8220;full_width&#8220; angled_section=&#8220;no&#8220; text_align=&#8220;left&#8220; background_image_as_pattern=&#8220;without_pattern&#8220;][vc_column][vc_empty_space][\/vc_column][\/vc_row][vc_row css_animation=&#8220;&#8220; row_type=&#8220;row&#8220; use_row_as_full_screen_section=&#8220;no&#8220; type=&#8220;full_width&#8220; angled_section=&#8220;no&#8220; text_align=&#8220;left&#8220; background_image_as_pattern=&#8220;without_pattern&#8220;][vc_column][vc_column_text]<iframe loading=\"lazy\" style=\"border: 0;\" src=\"https:\/\/www.google.com\/maps\/embed?pb=!1m18!1m12!1m3!1d12908.95629789902!2d-5.613413515037798!3d36.014454881885236!2m3!1f0!2f0!3f0!3m2!1i1024!2i768!4f13.1!3m3!1m2!1s0xd0c8ef7c23f1c63%3A0x2ce0f2832aa48963!2s11380+Tarifa%2C+Provinz+C%C3%A1diz%2C+Spanien!5e0!3m2!1sde!2sde!4v1493212149863\" width=\"100%\" height=\"350\" frameborder=\"0\" allowfullscreen=\"allowfullscreen\"><\/iframe>[\/vc_column_text][\/vc_column][\/vc_row][vc_row css_animation=&#8220;&#8220; row_type=&#8220;row&#8220; use_row_as_full_screen_section=&#8220;no&#8220; type=&#8220;grid&#8220; angled_section=&#8220;no&#8220; text_align=&#8220;left&#8220; background_image_as_pattern=&#8220;without_pattern&#8220; css=&#8220;.vc_custom_1469778626730{padding-top: 7.3% !important;padding-bottom: 6.4% !important;}&#8220;][vc_column][vc_column_text]<\/p>\n<h2 style=\"text-align: center;\">Mehr Informationen<\/h2>\n<p>[\/vc_column_text][\/vc_column][\/vc_row][vc_row css_animation=&#8220;&#8220; row_type=&#8220;row&#8220; use_row_as_full_screen_section=&#8220;no&#8220; type=&#8220;grid&#8220; angled_section=&#8220;no&#8220; text_align=&#8220;left&#8220; background_image_as_pattern=&#8220;without_pattern&#8220;][vc_column]<div class='projects_holder_outer v3 portfolio_with_space portfolio_standard'>\n        <div class='projects_holder portfolio_main_holder clearfix v3 standard portfolio_full_image '>\n        \n        <article class='mix portfolio_category_78 default' style=''>\n    \n    \n    \n    \n            <div class=\"item_holder thin_plus_only\">\n\n                    <div class=\"text_holder\">\n        <div class=\"text_holder_outer\">\n            <div class=\"text_holder_inner\">\n                            <span class=\"thin_plus_only_icon\">+<\/span>\n                        <\/div>\n        <\/div>\n    <\/div>\n\n                                    <a itemprop=\"url\" class=\"portfolio_link_class\" title=\"Tarifa\" href=\"https:\/\/guialuz.com\/de\/info\/tarifa\/\"><\/a>\n                \n                <div style=\"\" class=\"portfolio_shader\"><\/div>\n                <div class=\"image_holder\">\n                    \n<span class='image'><img loading=\"lazy\" decoding=\"async\" width=\"500\" height=\"281\" src=\"https:\/\/guialuz.com\/wp-content\/uploads\/guialuz-tarifa-1.jpg\" class=\"attachment-full size-full wp-post-image\" alt=\"\" \/><\/span>                <\/div>\n            <\/div>\n\n                <div class='portfolio_description ' >\n\n        \n    <h5 itemprop=\"name\" class=\"portfolio_title entry_title\"><a itemprop=\"url\" href=\"https:\/\/guialuz.com\/de\/info\/tarifa\/\" style=\"color: #ffffff\" target=\"_self\"> Tarifa<\/a><\/h5>\n\n\n        \n            <span class=\"project_category\" style=\"color: #ffffff\" >\n    Costa de la Luz    <\/span>\n\n    <\/div>\n\n        \n<\/article>\n<article class='mix portfolio_category_78 default' style=''>\n    \n    \n    \n    \n            <div class=\"item_holder thin_plus_only\">\n\n                    <div class=\"text_holder\">\n        <div class=\"text_holder_outer\">\n            <div class=\"text_holder_inner\">\n                            <span class=\"thin_plus_only_icon\">+<\/span>\n                        <\/div>\n        <\/div>\n    <\/div>\n\n                                    <a itemprop=\"url\" class=\"portfolio_link_class\" title=\"Jerez de la Frontera\" href=\"https:\/\/guialuz.com\/de\/info\/jerez-de-la-frontera\/\"><\/a>\n                \n                <div style=\"\" class=\"portfolio_shader\"><\/div>\n                <div class=\"image_holder\">\n                    \n<span class='image'><img loading=\"lazy\" decoding=\"async\" width=\"500\" height=\"281\" src=\"https:\/\/guialuz.com\/wp-content\/uploads\/guialuz-jerez-de-la-fronteraneu.jpg\" class=\"attachment-full size-full wp-post-image\" alt=\"Jerez feria del caballo\" \/><\/span>                <\/div>\n            <\/div>\n\n                <div class='portfolio_description ' >\n\n        \n    <h5 itemprop=\"name\" class=\"portfolio_title entry_title\"><a itemprop=\"url\" href=\"https:\/\/guialuz.com\/de\/info\/jerez-de-la-frontera\/\" style=\"color: #ffffff\" target=\"_self\"> Jerez de la Frontera<\/a><\/h5>\n\n\n        \n            <span class=\"project_category\" style=\"color: #ffffff\" >\n    Costa de la Luz    <\/span>\n\n    <\/div>\n\n        \n<\/article>\n<article class='mix portfolio_category_71 portfolio_category_78 default' style=''>\n    \n    \n    \n    \n            <div class=\"item_holder thin_plus_only\">\n\n                    <div class=\"text_holder\">\n        <div class=\"text_holder_outer\">\n            <div class=\"text_holder_inner\">\n                            <span class=\"thin_plus_only_icon\">+<\/span>\n                        <\/div>\n        <\/div>\n    <\/div>\n\n                                    <a itemprop=\"url\" class=\"portfolio_link_class\" title=\"C\u00e1diz\" href=\"https:\/\/guialuz.com\/de\/info\/cadiz\/\"><\/a>\n                \n                <div style=\"\" class=\"portfolio_shader\"><\/div>\n                <div class=\"image_holder\">\n                    \n<span class='image'><img loading=\"lazy\" decoding=\"async\" width=\"500\" height=\"281\" src=\"https:\/\/guialuz.com\/wp-content\/uploads\/guialuz-cadiz.jpg\" class=\"attachment-full size-full wp-post-image\" alt=\"Gu\u00eda Luz C\u00e1diz\" \/><\/span>                <\/div>\n            <\/div>\n\n                <div class='portfolio_description ' >\n\n        \n    <h5 itemprop=\"name\" class=\"portfolio_title entry_title\"><a itemprop=\"url\" href=\"https:\/\/guialuz.com\/de\/info\/cadiz\/\" style=\"color: #ffffff\" target=\"_self\"> C\u00e1diz<\/a><\/h5>\n\n\n        \n            <span class=\"project_category\" style=\"color: #ffffff\" >\n    Andalusien, Costa de la Luz    <\/span>\n\n    <\/div>\n\n        \n<\/article>\n<article class='mix portfolio_category_78 default' style=''>\n    \n    \n    \n    \n            <div class=\"item_holder thin_plus_only\">\n\n                    <div class=\"text_holder\">\n        <div class=\"text_holder_outer\">\n            <div class=\"text_holder_inner\">\n                            <span class=\"thin_plus_only_icon\">+<\/span>\n                        <\/div>\n        <\/div>\n    <\/div>\n\n                                    <a itemprop=\"url\" class=\"portfolio_link_class\" title=\"Chipiona\" href=\"https:\/\/guialuz.com\/de\/info\/chipiona\/\"><\/a>\n                \n                <div style=\"\" class=\"portfolio_shader\"><\/div>\n                <div class=\"image_holder\">\n                    \n<span class='image'><img loading=\"lazy\" decoding=\"async\" width=\"500\" height=\"281\" src=\"https:\/\/guialuz.com\/wp-content\/uploads\/guialuz-chipiona.jpg\" class=\"attachment-full size-full wp-post-image\" alt=\"Chipiona, Santuario, Wallfahrtskirche\" \/><\/span>                <\/div>\n            <\/div>\n\n                <div class='portfolio_description ' >\n\n        \n    <h5 itemprop=\"name\" class=\"portfolio_title entry_title\"><a itemprop=\"url\" href=\"https:\/\/guialuz.com\/de\/info\/chipiona\/\" style=\"color: #ffffff\" target=\"_self\"> Chipiona<\/a><\/h5>\n\n\n        \n            <span class=\"project_category\" style=\"color: #ffffff\" >\n    Costa de la Luz    <\/span>\n\n    <\/div>\n\n        \n<\/article>\n<article class='mix portfolio_category_71 portfolio_category_78 default' style=''>\n    \n    \n    \n    \n            <div class=\"item_holder thin_plus_only\">\n\n                    <div class=\"text_holder\">\n        <div class=\"text_holder_outer\">\n            <div class=\"text_holder_inner\">\n                            <span class=\"thin_plus_only_icon\">+<\/span>\n                        <\/div>\n        <\/div>\n    <\/div>\n\n                                    <a itemprop=\"url\" class=\"portfolio_link_class\" title=\"Huelva\" href=\"https:\/\/guialuz.com\/de\/info\/huelva\/\"><\/a>\n                \n                <div style=\"\" class=\"portfolio_shader\"><\/div>\n                <div class=\"image_holder\">\n                    \n<span class='image'><img loading=\"lazy\" decoding=\"async\" width=\"500\" height=\"281\" src=\"https:\/\/guialuz.com\/wp-content\/uploads\/guialuz-huelva.jpg\" class=\"attachment-full size-full wp-post-image\" alt=\"\" \/><\/span>                <\/div>\n            <\/div>\n\n                <div class='portfolio_description ' >\n\n        \n    <h5 itemprop=\"name\" class=\"portfolio_title entry_title\"><a itemprop=\"url\" href=\"https:\/\/guialuz.com\/de\/info\/huelva\/\" style=\"color: #ffffff\" target=\"_self\"> Huelva<\/a><\/h5>\n\n\n        \n            <span class=\"project_category\" style=\"color: #ffffff\" >\n    Andalusien, Costa de la Luz    <\/span>\n\n    <\/div>\n\n        \n<\/article>\n<article class='mix portfolio_category_78 default' style=''>\n    \n    \n    \n    \n            <div class=\"item_holder thin_plus_only\">\n\n                    <div class=\"text_holder\">\n        <div class=\"text_holder_outer\">\n            <div class=\"text_holder_inner\">\n                            <span class=\"thin_plus_only_icon\">+<\/span>\n                        <\/div>\n        <\/div>\n    <\/div>\n\n                                    <a itemprop=\"url\" class=\"portfolio_link_class\" title=\"Sanl\u00facar de Barrameda\" href=\"https:\/\/guialuz.com\/de\/info\/sanlucar-de-barrameda\/\"><\/a>\n                \n                <div style=\"\" class=\"portfolio_shader\"><\/div>\n                <div class=\"image_holder\">\n                    \n<span class='image'><img loading=\"lazy\" decoding=\"async\" width=\"500\" height=\"281\" src=\"https:\/\/guialuz.com\/wp-content\/uploads\/guialuz-sanlucar-de-barrameda.jpg\" class=\"attachment-full size-full wp-post-image\" alt=\"Gu\u00eda Luz Sanl\u00facar de Barrameda\" \/><\/span>                <\/div>\n            <\/div>\n\n                <div class='portfolio_description ' >\n\n        \n    <h5 itemprop=\"name\" class=\"portfolio_title entry_title\"><a itemprop=\"url\" href=\"https:\/\/guialuz.com\/de\/info\/sanlucar-de-barrameda\/\" style=\"color: #ffffff\" target=\"_self\"> Sanl\u00facar de Barrameda<\/a><\/h5>\n\n\n        \n            <span class=\"project_category\" style=\"color: #ffffff\" >\n    Costa de la Luz    <\/span>\n\n    <\/div>\n\n        \n<\/article>\n        <div class='filler'><\/div>\n            <div class='filler'><\/div>\n            <div class='filler'><\/div>\n        <\/div>\n\n    \n    <\/div>[vc_empty_space][\/vc_column][\/vc_row]<\/p>\n<\/div>","protected":false},"excerpt":{"rendered":"<p>[vc_row css_animation=&#8220;&#8220; row_type=&#8220;row&#8220; use_row_as_full_screen_section=&#8220;no&#8220; type=&#8220;full_width&#8220; anchor=&#8220;news&#8220; angled_section=&#8220;no&#8220; text_align=&#8220;center&#8220; background_image=&#8220;786&#8243; background_image_as_pattern=&#8220;without_pattern&#8220; css=&#8220;.vc_custom_1493306868989{padding-top: 0% !important;padding-bottom: 0% !important;}&#8220;][vc_column css=&#8220;.vc_custom_1469530614343{padding-top: 16.9% !important;padding-bottom: 13.9% !important;}&#8220;][vc_column_text][\/vc_column_text][\/vc_column][\/vc_row][vc_row css_animation=&#8220;&#8220; row_type=&#8220;row&#8220; use_row_as_full_screen_section=&#8220;no&#8220; type=&#8220;grid&#8220; angled_section=&#8220;no&#8220; text_align=&#8220;left&#8220; background_image_as_pattern=&#8220;without_pattern&#8220;][vc_column][vc_empty_space][vc_column_text] \u00a0Besuchen Sie Tarifa in Andalusien [\/vc_column_text][vc_empty_space height=&#8220;30px&#8220;][vc_empty_space height=&#8220;30px&#8220;][\/vc_column][\/vc_row][vc_row css_animation=&#8220;&#8220; row_type=&#8220;row&#8220; use_row_as_full_screen_section=&#8220;no&#8220; type=&#8220;grid&#8220; angled_section=&#8220;no&#8220; text_align=&#8220;left&#8220; background_image_as_pattern=&#8220;without_pattern&#8220;][vc_column width=&#8220;1\/2&#8243;][vc_empty_space][vc_accordion style=&#8220;accordion&#8220;][vc_accordion_tab title=&#8220;Tarifa,&#8230;<\/p>\n","protected":false},"author":1,"featured_media":794,"menu_order":0,"comment_status":"closed","ping_status":"closed","template":"","portfolio_category":[78],"portfolio_tag":[],"_links":{"self":[{"href":"https:\/\/guialuz.com\/de\/wp-json\/wp\/v2\/portfolio_page\/1847"}],"collection":[{"href":"https:\/\/guialuz.com\/de\/wp-json\/wp\/v2\/portfolio_page"}],"about":[{"href":"https:\/\/guialuz.com\/de\/wp-json\/wp\/v2\/types\/portfolio_page"}],"author":[{"embeddable":true,"href":"https:\/\/guialuz.com\/de\/wp-json\/wp\/v2\/users\/1"}],"replies":[{"embeddable":true,"href":"https:\/\/guialuz.com\/de\/wp-json\/wp\/v2\/comments?post=1847"}],"wp:featuredmedia":[{"embeddable":true,"href":"https:\/\/guialuz.com\/de\/wp-json\/wp\/v2\/media\/794"}],"wp:attachment":[{"href":"https:\/\/guialuz.com\/de\/wp-json\/wp\/v2\/media?parent=1847"}],"wp:term":[{"taxonomy":"portfolio_category","embeddable":true,"href":"https:\/\/guialuz.com\/de\/wp-json\/wp\/v2\/portfolio_category?post=1847"},{"taxonomy":"portfolio_tag","embeddable":true,"href":"https:\/\/guialuz.com\/de\/wp-json\/wp\/v2\/portfolio_tag?post=1847"}],"curies":[{"name":"wp","href":"https:\/\/api.w.org\/{rel}","templated":true}]}}