{"id":1849,"date":"2017-09-11T21:32:05","date_gmt":"2017-09-11T21:32:05","guid":{"rendered":"https:\/\/guialuz.com\/de\/?post_type=portfolio_page&#038;p=1849"},"modified":"2018-02-15T14:34:21","modified_gmt":"2018-02-15T14:34:21","slug":"jerez-de-la-frontera","status":"publish","type":"portfolio_page","link":"https:\/\/guialuz.com\/de\/info\/jerez-de-la-frontera\/","title":{"rendered":"Jerez de la Frontera"},"content":{"rendered":"<div class=\"wpb-content-wrapper\"><p>[vc_row css_animation=&#8220;&#8220; row_type=&#8220;row&#8220; use_row_as_full_screen_section=&#8220;no&#8220; type=&#8220;full_width&#8220; anchor=&#8220;news&#8220; angled_section=&#8220;no&#8220; text_align=&#8220;center&#8220; background_image=&#8220;1064&#8243; background_image_as_pattern=&#8220;without_pattern&#8220; css=&#8220;.vc_custom_1498215776270{padding-top: 0% !important;padding-bottom: 0% !important;}&#8220;][vc_column css=&#8220;.vc_custom_1469530614343{padding-top: 16.9% !important;padding-bottom: 13.9% !important;}&#8220;][vc_column_text][\/vc_column_text][\/vc_column][\/vc_row][vc_row css_animation=&#8220;&#8220; row_type=&#8220;row&#8220; use_row_as_full_screen_section=&#8220;no&#8220; type=&#8220;grid&#8220; angled_section=&#8220;no&#8220; text_align=&#8220;left&#8220; background_image_as_pattern=&#8220;without_pattern&#8220;][vc_column][vc_empty_space][vc_column_text]<\/p>\n<h1 style=\"text-align: center;\">Besuchen Sie Jerez de la Frontera<\/h1>\n<p>[\/vc_column_text][vc_empty_space height=&#8220;30px&#8220;][vc_empty_space height=&#8220;30px&#8220;][\/vc_column][\/vc_row][vc_row css_animation=&#8220;&#8220; row_type=&#8220;row&#8220; use_row_as_full_screen_section=&#8220;no&#8220; type=&#8220;grid&#8220; angled_section=&#8220;no&#8220; text_align=&#8220;left&#8220; background_image_as_pattern=&#8220;without_pattern&#8220;][vc_column width=&#8220;1\/2&#8243;][vc_empty_space][vc_accordion style=&#8220;accordion&#8220;][vc_accordion_tab title=&#8220;Die Stadt Jerez de la Frontera&#8220; title_tag=&#8220;h3&#8243;][vc_column_text]<\/p>\n<p style=\"text-align: left;\"><strong>Jerez de la Frontera<\/strong> ist die Stadt, in der <strong>die spanischen Kart\u00e4user Pferde<\/strong> gez\u00fcchtet werden, die reinsten und edelsten dieser Pferderasse. Es ist ist auch die Stadt, die die gr\u00f6\u00dften Flamenco-S\u00e4nger der <strong>Welt des Flamenco<\/strong> hervorgebracht hat. In dieser Gegend werden die Weinreben herangezogen, die den ber\u00fchmten <strong>Sherry Wein<\/strong> Jerez, X\u00e9r\u00e9s, Sherry hervorbringen. Aber Jerez bietet noch viel mehr.<\/p>\n<p style=\"text-align: left;\">Es ist unm\u00f6glich, das ganze kulturelles Erbe von Jerez de la Frontera in einem Tag zu erkunden, schon gar nicht im Vorbeigehen. Daher empfehlen wir die Unterkunft in einem der <strong>Hotels in Jerez<\/strong>, die ihre G\u00e4ste mit dem Wunsch empfangen, ihnen die Stadt n\u00e4herzubringen.\u00a0Abgesehen von den stark nachgefragten Reisezeiten wie der Feria von Jerez oder dem GP Moto lohnt es sich, Jerez auch einmal au\u00dferhalb der Hochsaison kennenzulernen.<\/p>\n<p style=\"text-align: left;\">Nahezu das ganze sch\u00f6ne Zentrum von <strong>Jerez mit Sehensw\u00fcrdigkeiten<\/strong>, Weinkellereien und Museen k\u00f6nnen Sie zu\u00a0Fu\u00df besichtigen. Es lohnt sich aber, f\u00fcr einige Punkte in der Umgebung einen Mietwagen zu buchen oder ein Taxi zu reservieren. Es gibt auch ein ausgedehntes, vor kurzem ausgebautes Radwegenetz, das Sie zu den wichtigsten Sehensw\u00fcrdigkeiten leitet.<\/p>\n<p>&nbsp;<\/p>\n<p style=\"text-align: left;\">Eine Reise lohnt sich nicht zuletzt wegen des guten Klimas, der Gastronomie mit pers\u00f6nlichem Service und guten Weinen in den <strong>Restaurants von Jerez de la Frontera<\/strong> und wegen ihrer freundlichen und elegant gekleideten Bewohner, den &#8222;Jerezanos&#8220;. Das alles zusammen macht den guten Ruf dieser Stadt aus.<\/p>\n<p>[\/vc_column_text][\/vc_accordion_tab][vc_accordion_tab title=&#8220;Das Wetter in Jerez de la Frontera&#8220;][vc_column_text]<\/p>\n<p style=\"text-align: justify;\">Das Wetter in Jerez wird beeinflusst durch die geographische Lage zwischen dem Atlantik und den Bergen der Provinz C\u00e1diz mit einer j\u00e4hrlichen Durchschnittstemperatur von 18 Grad Celsius, milden Wintern und hei\u00dfen Sommern.<\/p>\n<p>[\/vc_column_text][\/vc_accordion_tab][vc_accordion_tab title=&#8220;Anreise nach Jerez, Lage&#8220;][vc_column_text]<\/p>\n<p style=\"text-align: left;\"><strong>Jerez de la Frontera liegt in der Provinz C\u00e1diz<\/strong> in der autonomen Region Andalusien in Spanien. Sie ist das Zentrum der Provinz, im Westen begrenzt durch die Nordwestk\u00fcste, im Osten durch die Berge von C\u00e1diz und die wei\u00dfen D\u00f6rfer, im S\u00fcdwesten die Bucht von C\u00e1diz, im S\u00fcden die Meerenge von Gibraltar und im Norden von der Provinz Sevilla.<\/p>\n<p style=\"text-align: left;\">Die Stadt liegt auf einem Plateau, das den modernen Teil mit gro\u00dfen Stra\u00dfen und Pl\u00e4tzen geschm\u00fcckt mit Orangenb\u00e4umen, Palmen und anderen sch\u00f6nen Baumarten bildet. Der alte Teil der Stadt wird in seinem fr\u00fcheren Kern durch die Stadtmauern aus der Zeit der Almohaden (12. Jhdt.) eingefasst. Er wird gebildet durch enge und verwinkelte Gassen mit alten Adelspal\u00e4sten.<\/p>\n<p style=\"text-align: left;\">Obwohl Jerez de la Frontera im Innern der Provinz C\u00e1diz liegt, ist die Stadt gut ans Verkehrsnetz angebunden. \u00dcber die Schnellstra\u00dfe NIV und die Autobahn A-IV ist sie mit Sevilla verbunden (ca. 1 Fahrstunde), mit Gibraltar und seinem Flughafen (ca. 1 Fahrstunde) und mit M\u00e1laga (ca. 2,5 Fahrstunden). Es gibt auch sehr gute Stra\u00dfenanbindungen, um <a href=\"https:\/\/guialuz.com\/de\/info\/die-weissen-doerfer\/\">die wei\u00dfen D\u00f6rfer<\/a> zu entdecken oder die K\u00fcste der Provinz C\u00e1diz. Um zu den Orten Chipiona, Sanl\u00facar de Barrameda, Chiclana (Novo Sancti Petri) und Conil zu gelangen, ben\u00f6tigt man je nach Ort zwischen 30 Fahrminuten und einer Stunde.<\/p>\n<p>&nbsp;<\/p>\n<p style=\"text-align: left;\">Jerez hat den wichtigsten Zugang zur Costa de la Luz. Der\u00a0<strong>Flughafen von Jerez de la Frontera<\/strong>, \u201cLa Parra\u201d, befindet sich einige Minuten au\u00dferhalb der Stadt mit nationalen und internationalen Verbindungen, letztere bestehen vorwiegend aus Charterfl\u00fcgen.\u00a0Der <strong>Hauptbahnhof von Jerez<\/strong> ist ein ber\u00fchmtes Bauwerk vom Architekten Gustav Eiffel und ein idealer Ausgangspunkt, um die Provinz C\u00e1diz kennenzulernen.<\/p>\n<p>[\/vc_column_text][\/vc_accordion_tab][vc_accordion_tab title=&#8220;Sehensw\u00fcrdigkeiten von Jerez de la Frontera&#8220;][vc_column_text]<\/p>\n<p style=\"text-align: left;\">Was die Sehensw\u00fcrdigkeiten anbelangt, empfehlen wir einen Besuch des\u00a0<strong>Alc\u00e1zar von Jerez<\/strong> (Maurenburg von Jerez), sie wurde von den Mozarabern im 12. Jhdt. gebaut und bewahrt Teile der Moschee, \u00fcber die sie gebaut wurde sowie arabische B\u00e4der und Teile der Mauer in sich. Um sie herum verl\u00e4uft die ehemalige Stadtmauer. Heute kann man den Palacio de Villavicencio besuchen, wo die Reste der alten Stadtapotheke aus dem 18. Jhdt. aufbewahrt werden. In seinem Turm ist die C\u00e1mara Obscura (dunkle Kammer, bei der Bilder aus der Stadt auf eine Leinwand projiziert werden). Der Palast ist umgeben von G\u00e4rten.<\/p>\n<p style=\"text-align: left;\">Ganz in der N\u00e4he befindet sich die <strong>Plaza del Arenal<\/strong>, die vor einigen Jahr umgebaut wurde und heute ein Punkt ist, um das Zentrum von Jerez mit ihrer ganzj\u00e4hrig belebten Haupteinkaufsstra\u00dfe kennenzulernen.<\/p>\n<p style=\"text-align: left;\">Diese f\u00fchrt auch ganz in der N\u00e4he der <strong>Markthalle von Jerez<\/strong> vorbei, die vormittags ge\u00f6ffnet ist. Nach dem Besuch k\u00f6nnen Sie zur <strong>Kathedrale von Jerez<\/strong> \u201cLa antigua Colegiata de Nuestro Se\u00f1or San Salvador\u201d gehen, die 1264 gebaut wurde. Ein idealer Ort, um einige Minuten auszuruhen. Sie hat einen wundersch\u00f6nen Patio mit Orangenbaum. Ein Museum, welches wir empfehlen k\u00f6nnen, ist das <strong>Arch\u00e4ologische Museum von Jerez<\/strong>, wo sich ein korinthischer Helm befindet, der einzigartig in Westeuropa ist.<\/p>\n<p style=\"text-align: left;\">Jerez ist sehr bekannt unter den Pferdeliebhabern. Pferde sind eine der S\u00e4ulen der jerezanischen Kultur. Seit der Zeit der Ph\u00f6nizier gibt es vor allem Gewiss \u00fcber die Sorgfalt, mit der man die Pferdezucht betrieb. Mit der moslemischen Eroberung waren es die Mauren, die die ersten Kreuzungen durchf\u00fchren und das sogenannte <strong>arabisch-andalusische Pferd<\/strong> hervorbrachten oder das arabisch-spanische Pferd. Es waren die Kart\u00e4user-M\u00f6nche, die im 15. Jhdt. eine neue Kreuzung mit einer Pferderasse aus Deutschland hervorbrachten. Andere sprechen von einem Pferd aus Zamora, das das heutige ber\u00fchmte Cartujano-Pferd oder Pferd der jerezanischen Rasse hervorbrachte, so wie man es heute kennt.<\/p>\n<p style=\"text-align: left;\">Deshalb sollte man unbedingt diese Sehensw\u00fcrdigkeit von Jerez besuchen: Die <strong>K\u00f6niglich-Andalusische Schule der Reitkunst<\/strong> befindet sich im Palacio Duque de Abrantes, einem historischen Geb\u00e4ude mit G\u00e4rten. Jeden Donnerstag findet dort die Veranstaltung \u201ccomo bailan los caballos andaluces\u201d (wie die andalusischen Pferde tanzen) statt.<\/p>\n<p style=\"text-align: left;\">Nur wenige Gehminuten davon entfernt befindet sich das Museo de los Enganches (Kutschenmuseum) und das Uhrenmuseum im <strong>Palacio del Tiempo de Museo Atalayas<\/strong>, eines der besten Museen in Jerez mit der vielf\u00e4ltigsten Sammlung antiker Uhren aus Europa. Ein anderer nicht weniger interessanter Ausflug, ist ein Besuch der <strong>Yeguada de la Cartuja<\/strong> (Pferdezucht der Kart\u00e4user-Pferde) in der Umgebung von Jerez. Jeden Samstag gibt es ein erlebnisreiche Show mit andalusischen Pferden mit sehr guter Erkl\u00e4rung der Pferdezucht. Bevor man dort ankommt, empfehlen wir einen Besuch beim <strong>Monasterio de la Cartuja<\/strong> (Kloster der Kart\u00e4user-M\u00f6nche), der Wiege der Kart\u00e4user Pferde.<\/p>\n<p>[\/vc_column_text][\/vc_accordion_tab][vc_accordion_tab title=&#8220;Der Sherry Wein von Jerez de la Frontera&#8220; title_tag=&#8220;h4&#8243;][vc_column_text]<\/p>\n<p style=\"text-align: left;\">F\u00fcr einige waren es die Ph\u00f6nizier, die <strong>die ersten Weinreben<\/strong> anbauten, mit denen ein Wein von exzellenter Qualit\u00e4t hergestellt wurde abgesehen vom hohen Alkoholgehalt. Mit den R\u00f6mern wurde der Wein erstaunlich perfektioniert. Es war ein Zeitalter, in der der Wein die Landesgrenzen \u00fcberschritt und sich auf das ganze Imperium hin verteilte. Als die Araber kamen tranken sie weiterhin Wein, obwohl er im Koran verboten war. Bis zur Zeit des Kalifat von Alhaken II, der entschied, alle Weinreben herauszurei\u00dfen. Aber es waren die Einwohner von Jerez, die diesen Anf\u00fchrer von der Bedeutung des Weines f\u00fcrs K\u00e4mpfen auf dem Schlachtfeld \u00fcberzeugten.<\/p>\n<p style=\"text-align: left;\">Mit der <strong>R\u00fcckeroberung durch die Christen<\/strong> dehnte sich die Verbreitung des Weines aus. Die Christen tranken Wein und a\u00dfen Schweinefleisch, um sich von den Muslimen zu unterscheiden, sie gaben ihn sogar ihren Last Tieren. Es war im 7. Jhdt. als der Wein unter dem Namen &#8222;sherish&#8220; mit anderen L\u00e4ndern gehandelt wurde, und er sich im 15. und 16. Jhdt. als Quelle des Reichtums herausstellte, indem er nach Frankreich, England und die Niederlande exportiert wurde. Ab 1682 begannen die Engl\u00e4nder dauerhaft mit Wein zu handeln, in dem sie Unternehmen wie Duff-Gordon, Wisdom &amp; Warter, Osborne oder Garvey gr\u00fcndeten, genauso wie mit spanischem Verm\u00f6gen Domecq, Gonzalez oder Marqu\u00e9s de Misa entstanden.<\/p>\n<p style=\"text-align: left;\">1935 wurde aus der Marke Jerez die Herkunftsbezeichnung Jerez-Xerez-Sherry, verbunden mit der Weinproduktion ist der Brandy und der Weinessig unter derselben Herkunftsbezeichnung. Es entstanden die <strong>Tabancos von Jerez<\/strong> als Orte, wo Mitte des 20. Jhdt. Weinverkostungen stattfanden. Heute bieten fast alle <strong>Weinkellereien von Jerez Besichtigungen<\/strong> an, unter denen sind die Weinkellereien Gonz\u00e1lez Byass, Williams &amp; Humbert, Bodegas Lustau mit den meisten renommierten internationalen Preisen unter den Weinkellereien von Jerez, Bodegas Fundador Pedro Domecq, Terry y Harveys, Bodegas \u00c1lvaro Domecq, Bodegas Tradici\u00f3n mit kleiner Kunstgalerie mit Werken von Goya und Vel\u00e1zquez, Bodega El Maestro Sierra und weitere.<\/p>\n<p style=\"text-align: left;\">Die perfekte Kombination von Pferdeshow mit Weinprobe bietet die Weinkellerei Bodegas Williams &amp; Humbert. Sie gilt als die gr\u00f6\u00dfte Weinkellerei Europas mit Darbietungen mit Pferden inmitten der Weinf\u00e4sser.<\/p>\n<p>[\/vc_column_text][\/vc_accordion_tab][vc_accordion_tab title=&#8220;Feiern und Veranstaltungen in Jerez&#8220;][vc_column_text]<\/p>\n<p style=\"text-align: left;\">Der Veranstaltungskalender von Jerez ist voll von einer Vielzahl an Veranstaltungen von internationaler touristischer Bedeutung, die das ganze Jahre hindurch gefeiert werden. Dazu z\u00e4hlt das Internationale Flamenco-Festival, die Karwoche<strong> Semana Santa von Jerez<\/strong>, der Gro\u00dfe Preis von Spanien, ein Motorradrennen mit weltweiter Bedeutung, das Anfang Mai tausende von Motorradfahrern in die Stadt zieht (Datum<strong> GP MOTO Jerez 2018<\/strong>: 04.-06.05.), die Feria del Caballo (Datum <strong>Feria de Jerez 2018<\/strong>: 05. &#8211; 12. Mai), das Volksfest par excellence der Jerezanos, die Fiestas de la Vendimia (Weinlesefest) oder die Zambombas vor Weihnachten (Gesangsdarbietungen in kleinen Gruppen), die in den benachbarten Innenh\u00f6fen mit Wein und s\u00fc\u00dfen Teilchen gefeiert wird.<\/p>\n<p>[\/vc_column_text][\/vc_accordion_tab][vc_accordion_tab title=&#8220;Flamenco in Jerez de la Frontera&#8220;][vc_column_text]<\/p>\n<p style=\"text-align: justify;\">Jerez ist die <strong>Wiege des Flamenco<\/strong> Gesangs. Hervorzuheben sind Flamenco-Ges\u00e4nge wie der sole\u00e1, der seguiriya, der tango und der buler\u00eda, ein typischer Flamenco-Gesang Stil aus Jerez. Im Palacio de Pemart\u00edn befindet sich das Centro Andaluz de Flamenco (Andalusisches Flamenco-Zentrum), in dem Kurse und Master in Verbindung mit der Flamenco-Kunst angeboten werden.<\/p>\n<p>[\/vc_column_text][\/vc_accordion_tab][\/vc_accordion][\/vc_column][vc_column width=&#8220;1\/2&#8243;][vc_empty_space][vc_gallery type=&#8220;image_grid&#8220; images=&#8220;455,458,456,462,460,461,467,463,464,457,465,466,881,868,866,880,879,878,870,869,877,876,872,875&#8243; column_number=&#8220;4&#8243; grayscale=&#8220;no&#8220; images_space=&#8220;gallery_with_space&#8220;][\/vc_column][\/vc_row][vc_row css_animation=&#8220;&#8220; row_type=&#8220;row&#8220; use_row_as_full_screen_section=&#8220;no&#8220; type=&#8220;full_width&#8220; angled_section=&#8220;no&#8220; text_align=&#8220;left&#8220; background_image_as_pattern=&#8220;without_pattern&#8220;][vc_column][vc_empty_space][\/vc_column][\/vc_row][vc_row css_animation=&#8220;&#8220; row_type=&#8220;row&#8220; use_row_as_full_screen_section=&#8220;no&#8220; type=&#8220;full_width&#8220; angled_section=&#8220;no&#8220; text_align=&#8220;left&#8220; background_image_as_pattern=&#8220;without_pattern&#8220;][vc_column][vc_column_text]<iframe loading=\"lazy\" style=\"border: 0;\" src=\"https:\/\/www.google.com\/maps\/embed?pb=!1m18!1m12!1m3!1d43048.36366606697!2d-6.126747051988389!3d36.68438728872211!2m3!1f0!2f0!3f0!3m2!1i1024!2i768!4f13.1!3m3!1m2!1s0xd0dc6e84844a39f%3A0x6dac3ef5f3d0ffea!2sJerez+de+la+Frontera%2C+Provinz+C%C3%A1diz%2C+Spanien!5e0!3m2!1sde!2sde!4v1493212383223\" width=\"100%\" height=\"350\" frameborder=\"0\" allowfullscreen=\"allowfullscreen\"><\/iframe>[\/vc_column_text][\/vc_column][\/vc_row][vc_row css_animation=&#8220;&#8220; row_type=&#8220;row&#8220; use_row_as_full_screen_section=&#8220;no&#8220; type=&#8220;grid&#8220; angled_section=&#8220;no&#8220; text_align=&#8220;left&#8220; background_image_as_pattern=&#8220;without_pattern&#8220; css=&#8220;.vc_custom_1469778626730{padding-top: 7.3% !important;padding-bottom: 6.4% !important;}&#8220;][vc_column][vc_column_text]<\/p>\n<h2 style=\"text-align: center;\">Mehr Informationen<\/h2>\n<p>[\/vc_column_text][\/vc_column][\/vc_row][vc_row css_animation=&#8220;&#8220; row_type=&#8220;row&#8220; use_row_as_full_screen_section=&#8220;no&#8220; type=&#8220;grid&#8220; angled_section=&#8220;no&#8220; text_align=&#8220;left&#8220; background_image_as_pattern=&#8220;without_pattern&#8220;][vc_column]<div class='projects_holder_outer v3 portfolio_with_space portfolio_standard'>\n        <div class='projects_holder portfolio_main_holder clearfix v3 standard portfolio_full_image '>\n        \n        <article class='mix portfolio_category_78 default' style=''>\n    \n    \n    \n    \n            <div class=\"item_holder thin_plus_only\">\n\n                    <div class=\"text_holder\">\n        <div class=\"text_holder_outer\">\n            <div class=\"text_holder_inner\">\n                            <span class=\"thin_plus_only_icon\">+<\/span>\n                        <\/div>\n        <\/div>\n    <\/div>\n\n                                    <a itemprop=\"url\" class=\"portfolio_link_class\" title=\"Tarifa\" href=\"https:\/\/guialuz.com\/de\/info\/tarifa\/\"><\/a>\n                \n                <div style=\"\" class=\"portfolio_shader\"><\/div>\n                <div class=\"image_holder\">\n                    \n<span class='image'><img loading=\"lazy\" decoding=\"async\" width=\"500\" height=\"281\" src=\"https:\/\/guialuz.com\/wp-content\/uploads\/guialuz-tarifa-1.jpg\" class=\"attachment-full size-full wp-post-image\" alt=\"\" \/><\/span>                <\/div>\n            <\/div>\n\n                <div class='portfolio_description ' >\n\n        \n    <h5 itemprop=\"name\" class=\"portfolio_title entry_title\"><a itemprop=\"url\" href=\"https:\/\/guialuz.com\/de\/info\/tarifa\/\" style=\"color: #ffffff\" target=\"_self\"> Tarifa<\/a><\/h5>\n\n\n        \n            <span class=\"project_category\" style=\"color: #ffffff\" >\n    Costa de la Luz    <\/span>\n\n    <\/div>\n\n        \n<\/article>\n<article class='mix portfolio_category_78 default' style=''>\n    \n    \n    \n    \n            <div class=\"item_holder thin_plus_only\">\n\n                    <div class=\"text_holder\">\n        <div class=\"text_holder_outer\">\n            <div class=\"text_holder_inner\">\n                            <span class=\"thin_plus_only_icon\">+<\/span>\n                        <\/div>\n        <\/div>\n    <\/div>\n\n                                    <a itemprop=\"url\" class=\"portfolio_link_class\" title=\"Jerez de la Frontera\" href=\"https:\/\/guialuz.com\/de\/info\/jerez-de-la-frontera\/\"><\/a>\n                \n                <div style=\"\" class=\"portfolio_shader\"><\/div>\n                <div class=\"image_holder\">\n                    \n<span class='image'><img loading=\"lazy\" decoding=\"async\" width=\"500\" height=\"281\" src=\"https:\/\/guialuz.com\/wp-content\/uploads\/guialuz-jerez-de-la-fronteraneu.jpg\" class=\"attachment-full size-full wp-post-image\" alt=\"Jerez feria del caballo\" \/><\/span>                <\/div>\n            <\/div>\n\n                <div class='portfolio_description ' >\n\n        \n    <h5 itemprop=\"name\" class=\"portfolio_title entry_title\"><a itemprop=\"url\" href=\"https:\/\/guialuz.com\/de\/info\/jerez-de-la-frontera\/\" style=\"color: #ffffff\" target=\"_self\"> Jerez de la Frontera<\/a><\/h5>\n\n\n        \n            <span class=\"project_category\" style=\"color: #ffffff\" >\n    Costa de la Luz    <\/span>\n\n    <\/div>\n\n        \n<\/article>\n<article class='mix portfolio_category_71 portfolio_category_78 default' style=''>\n    \n    \n    \n    \n            <div class=\"item_holder thin_plus_only\">\n\n                    <div class=\"text_holder\">\n        <div class=\"text_holder_outer\">\n            <div class=\"text_holder_inner\">\n                            <span class=\"thin_plus_only_icon\">+<\/span>\n                        <\/div>\n        <\/div>\n    <\/div>\n\n                                    <a itemprop=\"url\" class=\"portfolio_link_class\" title=\"C\u00e1diz\" href=\"https:\/\/guialuz.com\/de\/info\/cadiz\/\"><\/a>\n                \n                <div style=\"\" class=\"portfolio_shader\"><\/div>\n                <div class=\"image_holder\">\n                    \n<span class='image'><img loading=\"lazy\" decoding=\"async\" width=\"500\" height=\"281\" src=\"https:\/\/guialuz.com\/wp-content\/uploads\/guialuz-cadiz.jpg\" class=\"attachment-full size-full wp-post-image\" alt=\"Gu\u00eda Luz C\u00e1diz\" \/><\/span>                <\/div>\n            <\/div>\n\n                <div class='portfolio_description ' >\n\n        \n    <h5 itemprop=\"name\" class=\"portfolio_title entry_title\"><a itemprop=\"url\" href=\"https:\/\/guialuz.com\/de\/info\/cadiz\/\" style=\"color: #ffffff\" target=\"_self\"> C\u00e1diz<\/a><\/h5>\n\n\n        \n            <span class=\"project_category\" style=\"color: #ffffff\" >\n    Andalusien, Costa de la Luz    <\/span>\n\n    <\/div>\n\n        \n<\/article>\n<article class='mix portfolio_category_78 default' style=''>\n    \n    \n    \n    \n            <div class=\"item_holder thin_plus_only\">\n\n                    <div class=\"text_holder\">\n        <div class=\"text_holder_outer\">\n            <div class=\"text_holder_inner\">\n                            <span class=\"thin_plus_only_icon\">+<\/span>\n                        <\/div>\n        <\/div>\n    <\/div>\n\n                                    <a itemprop=\"url\" class=\"portfolio_link_class\" title=\"Chipiona\" href=\"https:\/\/guialuz.com\/de\/info\/chipiona\/\"><\/a>\n                \n                <div style=\"\" class=\"portfolio_shader\"><\/div>\n                <div class=\"image_holder\">\n                    \n<span class='image'><img loading=\"lazy\" decoding=\"async\" width=\"500\" height=\"281\" src=\"https:\/\/guialuz.com\/wp-content\/uploads\/guialuz-chipiona.jpg\" class=\"attachment-full size-full wp-post-image\" alt=\"Chipiona, Santuario, Wallfahrtskirche\" \/><\/span>                <\/div>\n            <\/div>\n\n                <div class='portfolio_description ' >\n\n        \n    <h5 itemprop=\"name\" class=\"portfolio_title entry_title\"><a itemprop=\"url\" href=\"https:\/\/guialuz.com\/de\/info\/chipiona\/\" style=\"color: #ffffff\" target=\"_self\"> Chipiona<\/a><\/h5>\n\n\n        \n            <span class=\"project_category\" style=\"color: #ffffff\" >\n    Costa de la Luz    <\/span>\n\n    <\/div>\n\n        \n<\/article>\n<article class='mix portfolio_category_71 portfolio_category_78 default' style=''>\n    \n    \n    \n    \n            <div class=\"item_holder thin_plus_only\">\n\n                    <div class=\"text_holder\">\n        <div class=\"text_holder_outer\">\n            <div class=\"text_holder_inner\">\n                            <span class=\"thin_plus_only_icon\">+<\/span>\n                        <\/div>\n        <\/div>\n    <\/div>\n\n                                    <a itemprop=\"url\" class=\"portfolio_link_class\" title=\"Huelva\" href=\"https:\/\/guialuz.com\/de\/info\/huelva\/\"><\/a>\n                \n                <div style=\"\" class=\"portfolio_shader\"><\/div>\n                <div class=\"image_holder\">\n                    \n<span class='image'><img loading=\"lazy\" decoding=\"async\" width=\"500\" height=\"281\" src=\"https:\/\/guialuz.com\/wp-content\/uploads\/guialuz-huelva.jpg\" class=\"attachment-full size-full wp-post-image\" alt=\"\" \/><\/span>                <\/div>\n            <\/div>\n\n                <div class='portfolio_description ' >\n\n        \n    <h5 itemprop=\"name\" class=\"portfolio_title entry_title\"><a itemprop=\"url\" href=\"https:\/\/guialuz.com\/de\/info\/huelva\/\" style=\"color: #ffffff\" target=\"_self\"> Huelva<\/a><\/h5>\n\n\n        \n            <span class=\"project_category\" style=\"color: #ffffff\" >\n    Andalusien, Costa de la Luz    <\/span>\n\n    <\/div>\n\n        \n<\/article>\n<article class='mix portfolio_category_78 default' style=''>\n    \n    \n    \n    \n            <div class=\"item_holder thin_plus_only\">\n\n                    <div class=\"text_holder\">\n        <div class=\"text_holder_outer\">\n            <div class=\"text_holder_inner\">\n                            <span class=\"thin_plus_only_icon\">+<\/span>\n                        <\/div>\n        <\/div>\n    <\/div>\n\n                                    <a itemprop=\"url\" class=\"portfolio_link_class\" title=\"Sanl\u00facar de Barrameda\" href=\"https:\/\/guialuz.com\/de\/info\/sanlucar-de-barrameda\/\"><\/a>\n                \n                <div style=\"\" class=\"portfolio_shader\"><\/div>\n                <div class=\"image_holder\">\n                    \n<span class='image'><img loading=\"lazy\" decoding=\"async\" width=\"500\" height=\"281\" src=\"https:\/\/guialuz.com\/wp-content\/uploads\/guialuz-sanlucar-de-barrameda.jpg\" class=\"attachment-full size-full wp-post-image\" alt=\"Gu\u00eda Luz Sanl\u00facar de Barrameda\" \/><\/span>                <\/div>\n            <\/div>\n\n                <div class='portfolio_description ' >\n\n        \n    <h5 itemprop=\"name\" class=\"portfolio_title entry_title\"><a itemprop=\"url\" href=\"https:\/\/guialuz.com\/de\/info\/sanlucar-de-barrameda\/\" style=\"color: #ffffff\" target=\"_self\"> Sanl\u00facar de Barrameda<\/a><\/h5>\n\n\n        \n            <span class=\"project_category\" style=\"color: #ffffff\" >\n    Costa de la Luz    <\/span>\n\n    <\/div>\n\n        \n<\/article>\n        <div class='filler'><\/div>\n            <div class='filler'><\/div>\n            <div class='filler'><\/div>\n        <\/div>\n\n    \n    <\/div>[vc_empty_space][\/vc_column][\/vc_row]<\/p>\n<\/div>","protected":false},"excerpt":{"rendered":"<p>[vc_row css_animation=&#8220;&#8220; row_type=&#8220;row&#8220; use_row_as_full_screen_section=&#8220;no&#8220; type=&#8220;full_width&#8220; anchor=&#8220;news&#8220; angled_section=&#8220;no&#8220; text_align=&#8220;center&#8220; background_image=&#8220;1064&#8243; background_image_as_pattern=&#8220;without_pattern&#8220; css=&#8220;.vc_custom_1498215776270{padding-top: 0% !important;padding-bottom: 0% !important;}&#8220;][vc_column css=&#8220;.vc_custom_1469530614343{padding-top: 16.9% !important;padding-bottom: 13.9% !important;}&#8220;][vc_column_text][\/vc_column_text][\/vc_column][\/vc_row][vc_row css_animation=&#8220;&#8220; row_type=&#8220;row&#8220; use_row_as_full_screen_section=&#8220;no&#8220; type=&#8220;grid&#8220; angled_section=&#8220;no&#8220; text_align=&#8220;left&#8220; background_image_as_pattern=&#8220;without_pattern&#8220;][vc_column][vc_empty_space][vc_column_text] Besuchen Sie Jerez de la Frontera [\/vc_column_text][vc_empty_space height=&#8220;30px&#8220;][vc_empty_space height=&#8220;30px&#8220;][\/vc_column][\/vc_row][vc_row css_animation=&#8220;&#8220; row_type=&#8220;row&#8220; use_row_as_full_screen_section=&#8220;no&#8220; type=&#8220;grid&#8220; angled_section=&#8220;no&#8220; text_align=&#8220;left&#8220; background_image_as_pattern=&#8220;without_pattern&#8220;][vc_column width=&#8220;1\/2&#8243;][vc_empty_space][vc_accordion style=&#8220;accordion&#8220;][vc_accordion_tab&#8230;<\/p>\n","protected":false},"author":1,"featured_media":1063,"menu_order":0,"comment_status":"closed","ping_status":"closed","template":"","portfolio_category":[78],"portfolio_tag":[],"_links":{"self":[{"href":"https:\/\/guialuz.com\/de\/wp-json\/wp\/v2\/portfolio_page\/1849"}],"collection":[{"href":"https:\/\/guialuz.com\/de\/wp-json\/wp\/v2\/portfolio_page"}],"about":[{"href":"https:\/\/guialuz.com\/de\/wp-json\/wp\/v2\/types\/portfolio_page"}],"author":[{"embeddable":true,"href":"https:\/\/guialuz.com\/de\/wp-json\/wp\/v2\/users\/1"}],"replies":[{"embeddable":true,"href":"https:\/\/guialuz.com\/de\/wp-json\/wp\/v2\/comments?post=1849"}],"wp:featuredmedia":[{"embeddable":true,"href":"https:\/\/guialuz.com\/de\/wp-json\/wp\/v2\/media\/1063"}],"wp:attachment":[{"href":"https:\/\/guialuz.com\/de\/wp-json\/wp\/v2\/media?parent=1849"}],"wp:term":[{"taxonomy":"portfolio_category","embeddable":true,"href":"https:\/\/guialuz.com\/de\/wp-json\/wp\/v2\/portfolio_category?post=1849"},{"taxonomy":"portfolio_tag","embeddable":true,"href":"https:\/\/guialuz.com\/de\/wp-json\/wp\/v2\/portfolio_tag?post=1849"}],"curies":[{"name":"wp","href":"https:\/\/api.w.org\/{rel}","templated":true}]}}