{"id":1851,"date":"2017-09-11T21:34:56","date_gmt":"2017-09-11T21:34:56","guid":{"rendered":"https:\/\/guialuz.com\/de\/?post_type=portfolio_page&#038;p=1851"},"modified":"2017-12-19T15:35:01","modified_gmt":"2017-12-19T15:35:01","slug":"antequera","status":"publish","type":"portfolio_page","link":"https:\/\/guialuz.com\/de\/info\/antequera\/","title":{"rendered":"Antequera"},"content":{"rendered":"<div class=\"wpb-content-wrapper\"><p>[vc_row css_animation=&#8220;&#8220; row_type=&#8220;row&#8220; use_row_as_full_screen_section=&#8220;no&#8220; type=&#8220;full_width&#8220; anchor=&#8220;news&#8220; angled_section=&#8220;no&#8220; text_align=&#8220;center&#8220; background_image=&#8220;771&#8243; background_image_as_pattern=&#8220;without_pattern&#8220; css=&#8220;.vc_custom_1493304181884{padding-top: 0% !important;padding-bottom: 0% !important;}&#8220;][vc_column css=&#8220;.vc_custom_1469530614343{padding-top: 16.9% !important;padding-bottom: 13.9% !important;}&#8220;][vc_column_text][\/vc_column_text][\/vc_column][\/vc_row][vc_row css_animation=&#8220;&#8220; row_type=&#8220;row&#8220; use_row_as_full_screen_section=&#8220;no&#8220; type=&#8220;grid&#8220; angled_section=&#8220;no&#8220; text_align=&#8220;left&#8220; background_image_as_pattern=&#8220;without_pattern&#8220;][vc_column][vc_empty_space][vc_column_text]<\/p>\n<h1 style=\"text-align: center;\">Besuch von Antequera in Andalusien<\/h1>\n<p>[\/vc_column_text][vc_empty_space height=&#8220;30px&#8220;][vc_empty_space height=&#8220;30px&#8220;][\/vc_column][\/vc_row][vc_row css_animation=&#8220;&#8220; row_type=&#8220;row&#8220; use_row_as_full_screen_section=&#8220;no&#8220; type=&#8220;grid&#8220; angled_section=&#8220;no&#8220; text_align=&#8220;left&#8220; background_image_as_pattern=&#8220;without_pattern&#8220;][vc_column width=&#8220;1\/2&#8243;][vc_empty_space][vc_accordion style=&#8220;accordion&#8220;][vc_accordion_tab title=&#8220;Die Stadt Antequera &#8220; title_tag=&#8220;h3&#8243;][vc_column_text]Besuchen Sie die Stadt\u00a0<strong>Antequera<\/strong>, eine Stadt mit UNESCO-Weltkulturerbe, die zur Provinz M\u00e1laga geh\u00f6rt. Sie stellt die nat\u00fcrliche Grenze dar, die das Tal des Flusses Guadalquivir mit der mediterranen K\u00fcste und dem Inneren der andalusischen Berge verbindet. Antequera liegt 30 Fahrminuten von der Costa del Sol entfernt, 45 km von der Provinzhauptstadt M\u00e1laga und eine Autostunde von Sevilla im Herzen von Andalusien am Fu\u00df\u00a0des Torcal-Naturparks.<\/p>\n<p>&nbsp;<\/p>\n<p>Die Stadt Antequera wird aufgrund ihrer Lage im <strong>Mittelpunkt von Andalusien<\/strong>, an dem sich verschiedene Wege kreuzen, als &#8222;Kil\u00f3metro 0 de Andaluc\u00eda&#8220; bezeichnet. Durch die g\u00fcnstigen Umweltfaktoren und Lebensbedingungen f\u00fcr menschliche Besiedlung gibt es menschliche Ansiedlungen ununterbrochen seit der zweiten H\u00e4lfte der Jungsteinzeit bis heute.[\/vc_column_text][\/vc_accordion_tab][vc_accordion_tab title=&#8220;Geschichte der Stadt Antequera&#8220;][vc_column_text]Erstes <strong>zusammenh\u00e4ngendes Megalithikum <\/strong>Zentraleuropas:\u00a0F\u00fcr den Reisenden, der einige bedeutende Aspekte des sogenannten Zeitalters der &#8222;jungsteinzeitlichen Revolution&#8220; kennenlernen will, zeugen in Antequera eine bedeutende Anzahl von arch\u00e4ologischen Ausgrabungsst\u00e4tten von der Besiedlung der iberischen Halbinsel in der Epoche von 6000 Jahre v. Chr. bis 3000 Jahre v.Chr. In ihrer Umgebung gibt es in H\u00f6hlen Darstellungen mit schematischen Zeichnungen wie im S\u00fcden der karstischen Gebilde von <strong>Torcal<\/strong> und in der Gegend von Molina mit Nachweisen menschlicher Siedlung in der Toro-H\u00f6hle, der Pulsera-H\u00f6hle oder der Higuera-H\u00f6hle.<\/p>\n<p>Nach den Ph\u00f6niziern besetzten die r\u00f6mischen Legion\u00e4re diesen Ort, der den Namen AntiKaria erhielt, was soviel wie &#8222;alt&#8220; oder &#8222;antik&#8220; bedeutet. Diese Tatsache blieb den neuen Machthabern dieser Gegend nicht verborgen, denn es gab Reste einer Stadt, die seit dem 1. Jhdt. n. Chr. bis zum 4. Jhdt. n. Chr. auf dem Burgh\u00fcgel besetzt war.<\/p>\n<p>Zwischen dem 8. und 9. Jhdt. war sie Teil der Grenzlinie des byzantinischen Reiches, welche als Grundlage f\u00fcr die Lage der arabischen Festungsanlagen gedient haben k\u00f6nnte. Es gibt viele Spuren davon, die bedeutendsten sind die Reste der alten Stadtmauer und des <strong>Alcaz\u00e1ba in Antequera<\/strong>, eine Festungsanlage mit zwei T\u00fcrmen, an deren Fu\u00df\u00a0sich der Arco de los Gigantes (der Bogen der Riesen) befindet, ein Zugangstor mit r\u00f6mischem Kapitell.<\/p>\n<p>Antequera war die erste Stadt, die von den Christen zur\u00fcckerobert und vom Infanten Don Fernando de Castilla eingenommen wurde. Das 16. Jhdt. war eine glanzvolle kulturelle und wirtschaftliche Bl\u00fctezeit, es gab einen Lehrstuhl f\u00fcr Grammatik, und es bildete sich ein wichtiger Zirkel von manieristischen und barocken Poeten. Zeugnis davon ist die Kirche Real Colegiata de Santa Maria del Mayor, die erste <strong>Kirche in Andalusien im Renaissancestil<\/strong>.[\/vc_column_text][\/vc_accordion_tab][vc_accordion_tab title=&#8220;Sehensw\u00fcrdigkeiten in Antequera &#8222;][vc_column_text]Aus der Bronzezeit stammen die <strong>Dolmen von Menga, Viera und El Romeral<\/strong>, die als einer der bedeutendsten zusammenh\u00e4ngenden Dolmen Europas gelten und als <strong>Weltkulturerbe der UNESCO<\/strong> gelistet sind.\u00a0Wir empfehlen einen Besuch dieser drei Dolmen von Antequera: Drei Grabst\u00e4tten, die durch die ersten Land- und Viehz\u00fcchter, die sich in der Ebene von Antequera niederliessen, errichtet wurden und bedeutende Bauwerke der pr\u00e4historischen Zeit sind. Aufgrund der Gr\u00f6\u00dfe der Dolmen scheint es, dass an ihrem Bau mehrere menschliche Gruppen beteiligt waren. Die Platte zur Abdeckung des Dolmen von Menga wiegt 150 Tonnen. Es ist ein R\u00e4tsel, wie die Menschen sie seinerzeit bewegen konnten.<\/p>\n<p>&nbsp;<\/p>\n<p>Der <strong>Naturpark El Torcal in Antequera<\/strong> ist ebenfalls einen Besuch wert. Hier gibt es steinartige Gebilde von karger Sch\u00f6nheit und viele enge Schluchten sowie Felsformationen mit fantastischen wundersch\u00f6nen und unvergleichlichen Formen. Eine von ihnen ist die Pe\u00f1a de los Enamorados (der Fels der Verliebten) bekannt durch eine Legende, die man sich erz\u00e4hlt.<\/p>\n<p>&nbsp;<\/p>\n<p>Die Stadt Antequera ist auch bekannt als Stadt der\u00a0<strong>Kirchen im Barockstil<\/strong> wie die Kirche San Juan de Dios, die Kirche Los Remedios und die Kirche Iglesia de la Carmen.<\/p>\n<p>Was das kulturhistorische Erbe betrifft, sind der Palacio de los Marqueses de la Pe\u00f1a de los Enamorados, der Palacio del Marqu\u00e9s de las Escalonias aus dem 17. Jhdt., die Casa de las Pardo, die Casa de los Colarte aus dem 18. Jhdt. sowie der Palast Conde de Pinofiel im Barockstil bemerkenswert.<\/p>\n<p>Wir empfehlen ebenso einen <strong>Ausflug zum Caminito del Rey<\/strong> (der Weg des K\u00f6nigs), einem Weg von 8,5 km L\u00e4nge auf einer H\u00f6he von 100 Metern \u00fcber dem Fluss Guadalhorce. Dieser Pfad befindet sich zwischen den Ortschaften Alora, Ardales, Valle de Abdalajis und der Stadt Antequera.<\/p>\n<p>&nbsp;<\/p>\n<p>Des Weiteren verf\u00fcgt Antequera \u00fcber eine Stierkampfarena mit einem traditionellen Restaurant mit guter Weinkarte. Zudem gibt es in der Stadt ein <strong>Oliven\u00f6lmuseum<\/strong> der Gruppe <strong>DCOOP<\/strong> (vormals Hojiblanca), die gr\u00f6\u00dfte Agrar-Kooperative S\u00fcdspaniens, welches auf sehr interessante Art und Weise die Oliven\u00f6lerzeugung erkl\u00e4rt.[\/vc_column_text][\/vc_accordion_tab][\/vc_accordion][\/vc_column][vc_column width=&#8220;1\/2&#8243;][vc_empty_space][vc_gallery type=&#8220;image_grid&#8220; images=&#8220;497,498,499,500,501,502,503&#8243; column_number=&#8220;4&#8243; grayscale=&#8220;no&#8220; images_space=&#8220;gallery_with_space&#8220;][\/vc_column][\/vc_row][vc_row css_animation=&#8220;&#8220; row_type=&#8220;row&#8220; use_row_as_full_screen_section=&#8220;no&#8220; type=&#8220;full_width&#8220; angled_section=&#8220;no&#8220; text_align=&#8220;left&#8220; background_image_as_pattern=&#8220;without_pattern&#8220;][vc_column][vc_empty_space][\/vc_column][\/vc_row][vc_row css_animation=&#8220;&#8220; row_type=&#8220;row&#8220; use_row_as_full_screen_section=&#8220;no&#8220; type=&#8220;full_width&#8220; angled_section=&#8220;no&#8220; text_align=&#8220;left&#8220; background_image_as_pattern=&#8220;without_pattern&#8220;][vc_column][vc_column_text]<iframe loading=\"lazy\" style=\"border: 0;\" src=\"https:\/\/www.google.com\/maps\/embed?pb=!1m18!1m12!1m3!1d12741.481276179184!2d-4.5611480134002464!3d37.02481577686717!2m3!1f0!2f0!3f0!3m2!1i1024!2i768!4f13.1!3m3!1m2!1s0xd728ff1d780e259%3A0x44e044e46a50fb34!2s29200+Antequera%2C+Provinz+M%C3%A1laga%2C+Spanien!5e0!3m2!1sde!2sde!4v1493221261955\" width=\"100%\" height=\"350\" frameborder=\"0\" allowfullscreen=\"allowfullscreen\"><\/iframe>[\/vc_column_text][\/vc_column][\/vc_row][vc_row css_animation=&#8220;&#8220; row_type=&#8220;row&#8220; use_row_as_full_screen_section=&#8220;no&#8220; type=&#8220;grid&#8220; angled_section=&#8220;no&#8220; text_align=&#8220;left&#8220; background_image_as_pattern=&#8220;without_pattern&#8220; css=&#8220;.vc_custom_1469778626730{padding-top: 7.3% !important;padding-bottom: 6.4% !important;}&#8220;][vc_column][vc_column_text]<\/p>\n<h2 style=\"text-align: center;\">Mehr Informationen<\/h2>\n<p>[\/vc_column_text][\/vc_column][\/vc_row][vc_row css_animation=&#8220;&#8220; row_type=&#8220;row&#8220; use_row_as_full_screen_section=&#8220;no&#8220; type=&#8220;grid&#8220; angled_section=&#8220;no&#8220; text_align=&#8220;left&#8220; background_image_as_pattern=&#8220;without_pattern&#8220;][vc_column]<div class='projects_holder_outer v4 portfolio_with_space portfolio_standard'>\n        <div class='projects_holder portfolio_main_holder clearfix v4 standard portfolio_full_image '>\n        \n        <article class='mix portfolio_category_86 default' style=''>\n    \n    \n    \n    \n            <div class=\"item_holder thin_plus_only\">\n\n                    <div class=\"text_holder\">\n        <div class=\"text_holder_outer\">\n            <div class=\"text_holder_inner\">\n                            <span class=\"thin_plus_only_icon\">+<\/span>\n                        <\/div>\n        <\/div>\n    <\/div>\n\n                                    <a itemprop=\"url\" class=\"portfolio_link_class\" title=\"Ronda\" href=\"https:\/\/guialuz.com\/de\/info\/ronda\/\"><\/a>\n                \n                <div style=\"\" class=\"portfolio_shader\"><\/div>\n                <div class=\"image_holder\">\n                    \n<span class='image'><img loading=\"lazy\" decoding=\"async\" width=\"500\" height=\"281\" src=\"https:\/\/guialuz.com\/wp-content\/uploads\/guialuz-ronda.jpg\" class=\"attachment-full size-full wp-post-image\" alt=\"\" \/><\/span>                <\/div>\n            <\/div>\n\n                <div class='portfolio_description ' >\n\n        \n    <h5 itemprop=\"name\" class=\"portfolio_title entry_title\"><a itemprop=\"url\" href=\"https:\/\/guialuz.com\/de\/info\/ronda\/\" style=\"color: #ffffff\" target=\"_self\"> Ronda<\/a><\/h5>\n\n\n        \n            <span class=\"project_category\" style=\"color: #ffffff\" >\n    Costa del Sol    <\/span>\n\n    <\/div>\n\n        \n<\/article>\n<article class='mix portfolio_category_86 default' style=''>\n    \n    \n    \n    \n            <div class=\"item_holder thin_plus_only\">\n\n                    <div class=\"text_holder\">\n        <div class=\"text_holder_outer\">\n            <div class=\"text_holder_inner\">\n                            <span class=\"thin_plus_only_icon\">+<\/span>\n                        <\/div>\n        <\/div>\n    <\/div>\n\n                                    <a itemprop=\"url\" class=\"portfolio_link_class\" title=\"Antequera\" href=\"https:\/\/guialuz.com\/de\/info\/antequera\/\"><\/a>\n                \n                <div style=\"\" class=\"portfolio_shader\"><\/div>\n                <div class=\"image_holder\">\n                    \n<span class='image'><img loading=\"lazy\" decoding=\"async\" width=\"500\" height=\"281\" src=\"https:\/\/guialuz.com\/wp-content\/uploads\/guialuz-antequera.jpg\" class=\"attachment-full size-full wp-post-image\" alt=\"\" \/><\/span>                <\/div>\n            <\/div>\n\n                <div class='portfolio_description ' >\n\n        \n    <h5 itemprop=\"name\" class=\"portfolio_title entry_title\"><a itemprop=\"url\" href=\"https:\/\/guialuz.com\/de\/info\/antequera\/\" style=\"color: #ffffff\" target=\"_self\"> Antequera<\/a><\/h5>\n\n\n        \n            <span class=\"project_category\" style=\"color: #ffffff\" >\n    Costa del Sol    <\/span>\n\n    <\/div>\n\n        \n<\/article>\n<article class='mix portfolio_category_71 portfolio_category_86 default' style=''>\n    \n    \n    \n    \n            <div class=\"item_holder thin_plus_only\">\n\n                    <div class=\"text_holder\">\n        <div class=\"text_holder_outer\">\n            <div class=\"text_holder_inner\">\n                            <span class=\"thin_plus_only_icon\">+<\/span>\n                        <\/div>\n        <\/div>\n    <\/div>\n\n                                    <a itemprop=\"url\" class=\"portfolio_link_class\" title=\"M\u00e1laga\" href=\"https:\/\/guialuz.com\/de\/info\/malaga\/\"><\/a>\n                \n                <div style=\"\" class=\"portfolio_shader\"><\/div>\n                <div class=\"image_holder\">\n                    \n<span class='image'><img loading=\"lazy\" decoding=\"async\" width=\"500\" height=\"281\" src=\"https:\/\/guialuz.com\/wp-content\/uploads\/guialuz-malaga.jpg\" class=\"attachment-full size-full wp-post-image\" alt=\"\" \/><\/span>                <\/div>\n            <\/div>\n\n                <div class='portfolio_description ' >\n\n        \n    <h5 itemprop=\"name\" class=\"portfolio_title entry_title\"><a itemprop=\"url\" href=\"https:\/\/guialuz.com\/de\/info\/malaga\/\" style=\"color: #ffffff\" target=\"_self\"> M\u00e1laga<\/a><\/h5>\n\n\n        \n            <span class=\"project_category\" style=\"color: #ffffff\" >\n    Andalusien, Costa del Sol    <\/span>\n\n    <\/div>\n\n        \n<\/article>\n        <div class='filler'><\/div>\n            <div class='filler'><\/div>\n            <div class='filler'><\/div>\n            <div class='filler'><\/div>\n        <\/div>\n\n    \n    <\/div>[vc_empty_space][\/vc_column][\/vc_row]<\/p>\n<\/div>","protected":false},"excerpt":{"rendered":"<p>[vc_row css_animation=&#8220;&#8220; row_type=&#8220;row&#8220; use_row_as_full_screen_section=&#8220;no&#8220; type=&#8220;full_width&#8220; anchor=&#8220;news&#8220; angled_section=&#8220;no&#8220; text_align=&#8220;center&#8220; background_image=&#8220;771&#8243; background_image_as_pattern=&#8220;without_pattern&#8220; css=&#8220;.vc_custom_1493304181884{padding-top: 0% !important;padding-bottom: 0% !important;}&#8220;][vc_column css=&#8220;.vc_custom_1469530614343{padding-top: 16.9% !important;padding-bottom: 13.9% !important;}&#8220;][vc_column_text][\/vc_column_text][\/vc_column][\/vc_row][vc_row css_animation=&#8220;&#8220; row_type=&#8220;row&#8220; use_row_as_full_screen_section=&#8220;no&#8220; type=&#8220;grid&#8220; angled_section=&#8220;no&#8220; text_align=&#8220;left&#8220; background_image_as_pattern=&#8220;without_pattern&#8220;][vc_column][vc_empty_space][vc_column_text] Besuch von Antequera in Andalusien [\/vc_column_text][vc_empty_space height=&#8220;30px&#8220;][vc_empty_space height=&#8220;30px&#8220;][\/vc_column][\/vc_row][vc_row css_animation=&#8220;&#8220; row_type=&#8220;row&#8220; use_row_as_full_screen_section=&#8220;no&#8220; type=&#8220;grid&#8220; angled_section=&#8220;no&#8220; text_align=&#8220;left&#8220; background_image_as_pattern=&#8220;without_pattern&#8220;][vc_column width=&#8220;1\/2&#8243;][vc_empty_space][vc_accordion style=&#8220;accordion&#8220;][vc_accordion_tab title=&#8220;Die&#8230;<\/p>\n","protected":false},"author":1,"featured_media":797,"menu_order":0,"comment_status":"closed","ping_status":"closed","template":"","portfolio_category":[86],"portfolio_tag":[],"_links":{"self":[{"href":"https:\/\/guialuz.com\/de\/wp-json\/wp\/v2\/portfolio_page\/1851"}],"collection":[{"href":"https:\/\/guialuz.com\/de\/wp-json\/wp\/v2\/portfolio_page"}],"about":[{"href":"https:\/\/guialuz.com\/de\/wp-json\/wp\/v2\/types\/portfolio_page"}],"author":[{"embeddable":true,"href":"https:\/\/guialuz.com\/de\/wp-json\/wp\/v2\/users\/1"}],"replies":[{"embeddable":true,"href":"https:\/\/guialuz.com\/de\/wp-json\/wp\/v2\/comments?post=1851"}],"wp:featuredmedia":[{"embeddable":true,"href":"https:\/\/guialuz.com\/de\/wp-json\/wp\/v2\/media\/797"}],"wp:attachment":[{"href":"https:\/\/guialuz.com\/de\/wp-json\/wp\/v2\/media?parent=1851"}],"wp:term":[{"taxonomy":"portfolio_category","embeddable":true,"href":"https:\/\/guialuz.com\/de\/wp-json\/wp\/v2\/portfolio_category?post=1851"},{"taxonomy":"portfolio_tag","embeddable":true,"href":"https:\/\/guialuz.com\/de\/wp-json\/wp\/v2\/portfolio_tag?post=1851"}],"curies":[{"name":"wp","href":"https:\/\/api.w.org\/{rel}","templated":true}]}}