{"id":1854,"date":"2017-09-11T21:44:53","date_gmt":"2017-09-11T21:44:53","guid":{"rendered":"https:\/\/guialuz.com\/de\/?post_type=portfolio_page&#038;p=1854"},"modified":"2018-02-14T13:15:00","modified_gmt":"2018-02-14T13:15:00","slug":"almeria","status":"publish","type":"portfolio_page","link":"https:\/\/guialuz.com\/de\/info\/almeria\/","title":{"rendered":"Almer\u00eda"},"content":{"rendered":"<div class=\"wpb-content-wrapper\"><p>[vc_row css_animation=&#8220;&#8220; row_type=&#8220;row&#8220; use_row_as_full_screen_section=&#8220;no&#8220; type=&#8220;full_width&#8220; anchor=&#8220;news&#8220; angled_section=&#8220;no&#8220; text_align=&#8220;center&#8220; background_image=&#8220;772&#8243; background_image_as_pattern=&#8220;without_pattern&#8220; css=&#8220;.vc_custom_1493304104631{padding-top: 0% !important;padding-bottom: 0% !important;}&#8220;][vc_column css=&#8220;.vc_custom_1469530614343{padding-top: 16.9% !important;padding-bottom: 13.9% !important;}&#8220;][vc_column_text][\/vc_column_text][\/vc_column][\/vc_row][vc_row css_animation=&#8220;&#8220; row_type=&#8220;row&#8220; use_row_as_full_screen_section=&#8220;no&#8220; type=&#8220;grid&#8220; angled_section=&#8220;no&#8220; text_align=&#8220;left&#8220; background_image_as_pattern=&#8220;without_pattern&#8220;][vc_column][vc_empty_space][vc_column_text]<\/p>\n<h1 style=\"text-align: center;\">Stadt Almer\u00eda &#8211; Hauptstadt der Provinz<\/h1>\n<p>[\/vc_column_text][vc_empty_space height=&#8220;30px&#8220;][vc_empty_space height=&#8220;30px&#8220;][\/vc_column][\/vc_row][vc_row css_animation=&#8220;&#8220; row_type=&#8220;row&#8220; use_row_as_full_screen_section=&#8220;no&#8220; type=&#8220;grid&#8220; angled_section=&#8220;no&#8220; text_align=&#8220;left&#8220; background_image_as_pattern=&#8220;without_pattern&#8220;][vc_column width=&#8220;1\/2&#8243;][vc_empty_space][vc_accordion style=&#8220;accordion&#8220;][vc_accordion_tab title=&#8220;Die Stadt Almer\u00eda &#8211; Bedeutung und Lage&#8220;][vc_column_text]Der Name Almer\u00eda oder Al-Miriya ist ein Name aus dem Arabischen. Er bedeutet soviel wie Aussichtsturm oder Wachtturm. Urspr\u00fcnglich w\u00e4hlte man die Lage aus, um die Stadt Bayyana, heute Pechina, eine der wichtigsten Handelsst\u00e4dte im Al-Andalus-Reich, zu sch\u00fctzen.<\/p>\n<p>Die <strong>Stadt Almer\u00eda<\/strong> liegt an der Ostk\u00fcste der Region\u00a0<a href=\"https:\/\/guialuz.com\/de\/info\/andalusien\/\">Andalusien<\/a>\u00a0in Spanien und ist Hafenstadt und Hauptstadt der Provinz Almer\u00eda. Sie wird umgeben von den Bergen der Sierra de G\u00e1dor im Westen, der Sierra de Alhamilla im Norden und im Westen von einer Fl\u00e4che, die mit der Sierra de Gata und dem bekannten Cabo de Gata endet. Im S\u00fcden \u00f6ffnet sich eine nat\u00fcrliche, kleine, fast geschlossene Bucht einer breiten wundersch\u00f6nen Bucht. Entlang des Flusses Andarax zieht sich die Stadt Almer\u00eda.<\/p>\n<p>2005 war Almeria Austragungsort der Mittelmeerspiele. Als Investition dieser Sportveranstaltung blieb der internationale Flughafen von Almer\u00eda \u201cEl Alqui\u00e1n\u201d.[\/vc_column_text][\/vc_accordion_tab][vc_accordion_tab title=&#8220;Klima in Almer\u00eda&#8220;][vc_column_text]Das <strong>Wetter in Almer\u00eda<\/strong> ist gem\u00e4\u00dfigt. Die Provinzhauptstadt weist den Titel\u00a0&#8222;Europ\u00e4ische\u00a0Stadt mit den meisten Sonnenstunden im Jahr&#8220; auf und wird ihrem Slogan &#8222;Almer\u00eda, da wo im Winter immer die Sonne scheint&#8220; gerecht. Daher ist Almer\u00eda ideal f\u00fcr mittlere Aufenthaltsdauern und Langzeiturlaub \u00fcber den Winter.<\/p>\n<p>Die Jahresdurchschnittstemperatur betr\u00e4gt 18 Grad Celsius. An der <strong>K\u00fcste von Almer\u00eda<\/strong> herrscht eine Art mediterranes Klima vor, im Landesinneren eher kontinentales Klima. W\u00e4hrend des Winters gibt es kaum Niederschl\u00e4ge und die Temperaturen gehen bis zu 20 Grad Celsius hoch. Diese klimatischen Bedingungen sind bekannt und werden vom Langzeit-Tourismus genutzt.<\/p>\n<p>Aufgrund ihrer Orographie pr\u00e4sentiert sich die <strong>Provinz Almeria<\/strong> als etwas exotisches Reiseziel. Hier ist es m\u00f6glich, eine <strong>W\u00fcste in Europa <\/strong>kennenzulernen\u00a0und Tabernas zu besuchen, das seit drei Jahrzehnten eine nat\u00fcrlichen Kulisse f\u00fcr Hollywood-Produzenten darstellt.<\/p>\n<p>Seit den siebziger Jahren waren hier ber\u00fchmte Schauspieler wie Anthony Quinn, Ernest Borgnine, Charlton Heston und Musen der Kinoleinwand wie Brigitte Bardot, Eleanor Parker, Claudia Cardinale o Sof\u00eda Loren. Ebenso gro\u00dfartige Kino-Direktoren wie John Sturges, Richard Lester, David Lean o Sergio Leone mit ihren unvergleichlichen \u201cSpaghetti-Western\u201d.[\/vc_column_text][\/vc_accordion_tab][vc_accordion_tab title=&#8220;Anreise nach Almer\u00eda&#8220;][vc_column_text]Um nach Almer\u00eda per Flugzeug anzureisen, gibt es verschiedene M\u00f6glichkeiten.<\/p>\n<p>Der <strong>Flughafen von Almer\u00eda<\/strong> &#8222;El Alqu\u00edan&#8220; (LEI) befindet sich 11 km entfernt von Almer\u00eda-Stadt und bietet sowohl innerspanische Flugstrecken an (z.B. nach Sevilla, Palma, Barcelona, Melilla, Madrid), als auch internationale Flugverbindungen z.B. mit Gro\u00dfbritannien (Manchester, Glasgow, London), Belgien (Br\u00fcssel), den Niederlanden (Amsterdam), Irland (Dublin), Deutschland (D\u00fcsseldorf, M\u00fcnchen) und anderen Zielen wie Luxemburg, Tschechien, D\u00e4nemark, Island, Portugal, Polen, Schweden und Frankreich. Das Flugangebot variiert je nach Jahreszeit und Nachfrage.<\/p>\n<p>F\u00fcr alle, die Flugverbindungen mit anderen Zielen suchen, bietet sich der Flughafen M\u00e1laga oder der Flughafen Alicante-Elche als Alternative an. Von <strong>M\u00e1laga nach Almer\u00eda-Stadt<\/strong> sind es mit dem PKW ca. 2,5 Stunden Fahrt auf der Autobahn. Von Alicante-Elche bis Vera oder Valle del Este dauert die Fahrzeit je nach Route zwischen 2 Stunden und 2, 5 Stunden.<\/p>\n<p>Der Hafen von Almer\u00eda weist F\u00e4hrverbindungen mit Marokko und Tunesien auf, empf\u00e4ngt internationale Kreuzfahrten und war in der Vergangenheit Eingangstor f\u00fcr viele Zivilisationen.[\/vc_column_text][\/vc_accordion_tab][vc_accordion_tab title=&#8220;Geschichte der Stadt Almer\u00eda &#8222;][vc_column_text]Die Lage der heutigen Provinz Almer\u00eda wurde durch den ber\u00fchmten Historiker und Arch\u00e4ologen Louis-Pierre Siret als &#8222;Eindrucksvolles Naturmuseum&#8220; bezeichnet. Derzeit gilt es als einzigartig in Europa, Reste von bis zu 3 unterschiedlichen <strong>Kulturen der Jungsteinzeit<\/strong> aufweisen zu k\u00f6nnen wie die der Almer\u00edakultur, der Millares-Kultur und der Argar-Kultur mit Einfluss auf die Glockenbecherkultur und die keltische Kultur.<\/p>\n<p>Aus der fr\u00fchgeschichtlichen Epoche hat man viele iberische Siedlungen gefunden, Kolonien der Ph\u00f6nizier und Karthager, durch die strategische Lage w\u00e4hrend der Vor-Kolonalisierung der iberischen Halbinsel.<\/p>\n<p>In der Antike, unter der r\u00f6mischen Eroberung der Halbinsel, gab es einige Siedlungen wie Urci (bei Almer\u00eda-Stadt), Abdera (Adra), Murgi (El Ejido), Baria (Vera) o Tagilis (T\u00edjola). Der Hafen Portus Magnus wurde schon von den H\u00e4ndlern des r\u00f6mischen Latio genutzt.<\/p>\n<p>Die Bl\u00fctezeit der Stadt<strong>\u00a0<\/strong>beginnt w\u00e4hrend des Mittelalters mit der <strong>Besetzung durch die Mauren<\/strong>. Im Jahr 955 befiehl Abderram\u00e1n III die Siedlung zu sch\u00fctzen, die sich in der Umgebung des Wachtturms von Pechina befand, indem er um sie herum eine Mauer errichten lie\u00df. In dieser Zeit wurde sie zu einer der einflu\u00dfreichsten und bl\u00fchendsten St\u00e4dte, nicht nur der iberischen Halbinsel sondern der ganzen muslimischen Welt.<\/p>\n<p>Nach der Zeit der Kalifate wuchs Almer\u00eda weiter zu einem unabh\u00e4ngigen Teilk\u00f6nigreich, einem bedeutenden &#8222;Taifa&#8220;. Die mittelalterlichen Quellen verweisen auf den Handel der Stadt mit Textil, Sklaven, Schmiedearbeiten und Marmor.<\/p>\n<p>Sie wurde das Zentrum der Attacken der Kreuzz\u00fcge angeordnet von Papst Eugen III. Christliche Milizen aus S\u00fcdeuropa vereinigten sich, um Almer\u00eda &#8222;die Grausame&#8220; zu zerst\u00f6ren, unter diesem Namen war sie bei den Minnes\u00e4ngern bekannt.<\/p>\n<p>Im Jahr 1147 war die Stadt zerst\u00f6rt und gepl\u00fcndert. Es gab gemeinsame Interessen innerhalb der christlichen Adligen angesichts der appetitlichen Beute und der Aussicht enorme Reicht\u00fcmer anzusammeln. Oder der Genueser und Pisaer, die die Sachkenntnis vom Handelshafen in Almer\u00eda hatten und Beschwerden vom gelegentlichen Auspl\u00fcndern ihrer Flotten. Somit st\u00fcrmten sie die Stadtmauern. Auf die Verw\u00fcstung der Stadt folgte der Niedergang ihrer Industrie.<\/p>\n<p>Nach einem Jahrzehnt der christlichen Herrschaft unter Kastilien wurde sie von den arabischen Almohades besetzt. Diese versuchten, sie wieder aufzubauen und ihre vorherige Pracht wiederherzustellen, ohne Erfolg. 1309 widersetzte sich die Stadt heldenhaft der Belagerung durch die Truppen von Jaime II. Durch den Widerstand der Almerier gelang es den Truppen nicht, sie einzunehmen.<\/p>\n<p>Die R\u00fcckeroberung durch die Christen \u00e4nderten die Ziele der Stadt, die aufgrund geopolitischer Gr\u00fcnde f\u00fcr die Christen nicht so bedeutend war. 1489 war die R\u00fcckeroberung abgeschlossen. Der Niedergang der Bl\u00fctezeit von Almer\u00eda ging einher mit wiederholt auftretenden Erdbeben, zwei von ihnen waren zerst\u00f6rend, eines im Jahr 1518 und das andere im Jahr 1522. Sie lie\u00dfen die Stadt nahezu aussterben, und sie verlor das maurische Erbe.<\/p>\n<p>Im 19. Jhdt. kam es zu einer neuen Bl\u00fctezeit der Stadt Almer\u00eda durch den Bergbau und die Exportation von Weintrauben aus Berja und Ohanes.[\/vc_column_text][\/vc_accordion_tab][vc_accordion_tab title=&#8220;Sehensw\u00fcrdigkeiten in Almer\u00eda&#8220;][vc_column_text]<b>Alcazaba<\/b><strong>\u00a0von Almer\u00eda\u00a0<\/strong>(Festung von Almeria): Das sogenannte Dach von Almer\u00eda, das zweitgr\u00f6\u00dfte maurische Bauwerk in Spanien. Sie wurde im 10. Jhdt. gebaut, dominiert die ganze Stadt und weist drei Bereiche auf: Zwei von ihnen muselmanisch und einer aus der Zeit der Christen, welcher aus dem Waffenhof und drei charakteristischen T\u00fcrmen besteht, dem Torre del Homenaje, La Noria und P\u00f3lvora. An seinem Fu\u00df befand sich das j\u00fcdische Stadtviertel und das Viertel der Mauren nach der R\u00fcckeroberung.<\/p>\n<p>Muralla de Jairan (Stadtmauer Jairan) und Cierre de San Crist\u00f3bal: Eine Mauer, die von der Festung bis zum Cerro de San Crist\u00f3bal reicht. Das sind Mauerreste auf einem H\u00fcgel, die von der Ummauerung des ehemaligen Stadtviertels der Musalla geblieben sind.<\/p>\n<p><b>Catedral de la Encarnaci\u00f3n de Almer\u00eda\u00a0<\/b>(Kathedrale\u00a0von Almer\u00eda): Gebaut 1524. Sowohl zur Verteidigung der Stadt als auch als religi\u00f6ses Geb\u00e4ude genutzt. Im Renaissance-Stil, ausgedr\u00fcckt in der Sakristei und dem Chorgest\u00fchl im Inneren. Das Seitenportal zur Stra\u00dfe Vel\u00e1zquez wird \u201cLos Perdones\u201d (die Vergebungen) genannt. Im Innern besticht der Altarraum. Auch der Hauptaltar mit dem Altarbild und einem Kreuzgang mit Teilen arabischen Ursprungs.<\/p>\n<p><strong>Barrio La Chanca <\/strong>(Stadtviertel La Chanca): Dieses Viertel, das heutige Pescader\u00eda-La Chanca, ist das ehemalige muslimische Viertel Al-Hawd, das \u201caljibe\u201d (Zisterne) bedeutet.<\/p>\n<p><strong>Santuario de la Virgen del Mar<\/strong>: Die Kirche der Schutzpatronin von Almer\u00eda. Die Kirche war der Gemeinschaft der Dominikaner, die im Nachbarkloster wohnen.<\/p>\n<p><strong>Kirche Konvent de las Claras<\/strong>: Das Frauenkloster wurde 1515 gegr\u00fcndet und errichtet \u00fcber ehemaligen arabischen H\u00e4usern.<\/p>\n<p><strong>Museum zum Schutz w\u00e4hrend des spanischen B\u00fcrgerkriegs<\/strong>: Unterirdische G\u00e4nge zum Schutz vor den Bomben, die auf die Stadt vielen.<\/p>\n<p><strong>Museum Almer\u00eda<\/strong>: Sehenswertes Arch\u00e4ologisches Museum.<\/p>\n<p><strong>La Casa del Cinema (Haus des Kinos)<\/strong>: In der Welt des Kinos hat Almer\u00eda ihren Platz gefunden. Hier wurden Filme gedreht wie Indiana Jones, Lawrence von Arabien oder Games of Thrones und Risen. Man kann viel \u00fcber die Bedeutung des Kinos in der Provinz im Haus des Kinos der Provinzhauptstadt erfahren. Zudem war Almer\u00eda Wohnort von John Lennon, der hier inspiriert wurde zum Komponieren seines Songs \u201cstrawberry fields forever\u201d.[\/vc_column_text][\/vc_accordion_tab][vc_accordion_tab title=&#8220;Umgebung von Almer\u00eda Stadt&#8220;][vc_column_text]<strong>Strand San Miguel<\/strong>: Teil von San Miguel de Cabo de Gata, ein Stadtviertel von Almer\u00eda Stadt.<\/p>\n<p><strong>Monasterio Virgen del Saliente<\/strong>: Dieses Kloster wurde im 17. Jhdt. \u00fcber einer ehemaligen Einsiedelei gegr\u00fcndet, um die Figur der Jungfrau \u201cVirgen del Saliente\u201d zu beherbergen.<\/p>\n<p><strong>Naturpark Cabo de Gata-N\u00edjar<\/strong>: Wenn Ihnen schlechtes Wetter nicht zusagt, ist Cabo de Gata ihr Platz, denn es ist das Gebiet in Spanien, wo es am wenigsten regnet. Agua Amarga ist einer der Orte mit den meisten Einwohnern im Naturpark. Nudisten bevorzugen den ber\u00fchmten Strand Playa de los Genoveses.<\/p>\n<p><strong>Moj\u00e1car<\/strong>: Einer der typischen Orte von Almeria aus der Zeit der Araber. Nach einer lokalen Legende wurde hier Walt Disney als legitimer Sohn eines Arztes und einer W\u00e4scherin geboren.<\/p>\n<p>&nbsp;<\/p>\n<p><strong>Golf spielen in Almeria<\/strong>:<strong>\u00a0<\/strong>In den letzten Jahren hat sich die Provinz ihren Platz auf der Karte der Golfspieler erobert, durch ihr gutes Klima und ihre guten Golfpl\u00e4tze wie Valle del Este, Desert Springs Club de Golf, Albor\u00e1n Golf, Golf Playa Serena, Marina Golf und Golf Almerimar, die alle aus Almer\u00eda eine Golfdestination f\u00fcrs ganze Jahr machen. <strong>Almerimar<\/strong> hat zudem einen Sportboothafen mit 1100 Liegepl\u00e4tzen. Die Anreise zu verschiedenen Flugh\u00e4fen wie Almer\u00eda, M\u00e1laga o Alicante machen Almer\u00eda sehr attraktiv f\u00fcr Golfspieler, die ein Ziel f\u00fcr <strong>Langzeiturlaub\u00a0mit Golf<\/strong> suchen, vor allem aus Skandinavien.[\/vc_column_text][\/vc_accordion_tab][\/vc_accordion][\/vc_column][vc_column width=&#8220;1\/2&#8243;][vc_empty_space][vc_gallery type=&#8220;image_grid&#8220; images=&#8220;649,650,651,652,653,654,655,656,657,1012,1006,1007,1008,1009,1010,1011&#8243; column_number=&#8220;4&#8243; grayscale=&#8220;no&#8220; images_space=&#8220;gallery_with_space&#8220;][\/vc_column][\/vc_row][vc_row css_animation=&#8220;&#8220; row_type=&#8220;row&#8220; use_row_as_full_screen_section=&#8220;no&#8220; type=&#8220;full_width&#8220; angled_section=&#8220;no&#8220; text_align=&#8220;left&#8220; background_image_as_pattern=&#8220;without_pattern&#8220;][vc_column][vc_empty_space][\/vc_column][\/vc_row][vc_row css_animation=&#8220;&#8220; row_type=&#8220;row&#8220; use_row_as_full_screen_section=&#8220;no&#8220; type=&#8220;full_width&#8220; angled_section=&#8220;no&#8220; text_align=&#8220;left&#8220; background_image_as_pattern=&#8220;without_pattern&#8220;][vc_column][vc_column_text]<iframe loading=\"lazy\" style=\"border: 0;\" src=\"https:\/\/www.google.com\/maps\/embed?pb=!1m18!1m12!1m3!1d30377.59719550244!2d-2.486759591842829!3d36.841240883137054!2m3!1f0!2f0!3f0!3m2!1i1024!2i768!4f13.1!3m3!1m2!1s0xd7a9e00ecccf2c1%3A0x8d9da01f8ebc485e!2sAlmer%C3%ADa%2C+Spanien!5e0!3m2!1sde!2sde!4v1493226713855\" width=\"100%\" height=\"350\" frameborder=\"0\" allowfullscreen=\"allowfullscreen\"><\/iframe>[\/vc_column_text][\/vc_column][\/vc_row][vc_row css_animation=&#8220;&#8220; row_type=&#8220;row&#8220; use_row_as_full_screen_section=&#8220;no&#8220; type=&#8220;grid&#8220; angled_section=&#8220;no&#8220; text_align=&#8220;left&#8220; background_image_as_pattern=&#8220;without_pattern&#8220; css=&#8220;.vc_custom_1469778626730{padding-top: 7.3% !important;padding-bottom: 6.4% !important;}&#8220;][vc_column][vc_column_text]<\/p>\n<h2 style=\"text-align: center;\">Mehr Informationen<\/h2>\n<p>[\/vc_column_text][\/vc_column][\/vc_row][vc_row css_animation=&#8220;&#8220; row_type=&#8220;row&#8220; use_row_as_full_screen_section=&#8220;no&#8220; type=&#8220;grid&#8220; angled_section=&#8220;no&#8220; text_align=&#8220;left&#8220; background_image_as_pattern=&#8220;without_pattern&#8220;][vc_column]<div class='projects_holder_outer v4 portfolio_with_space portfolio_standard'>\n        <div class='projects_holder portfolio_main_holder clearfix v4 standard portfolio_full_image '>\n        \n        <article class='mix portfolio_category_71 default' style=''>\n    \n    \n    \n    \n            <div class=\"item_holder thin_plus_only\">\n\n                    <div class=\"text_holder\">\n        <div class=\"text_holder_outer\">\n            <div class=\"text_holder_inner\">\n                            <span class=\"thin_plus_only_icon\">+<\/span>\n                        <\/div>\n        <\/div>\n    <\/div>\n\n                                    <a itemprop=\"url\" class=\"portfolio_link_class\" title=\"C\u00f3rdoba\" href=\"https:\/\/guialuz.com\/de\/info\/cordoba\/\"><\/a>\n                \n                <div style=\"\" class=\"portfolio_shader\"><\/div>\n                <div class=\"image_holder\">\n                    \n<span class='image'><img loading=\"lazy\" decoding=\"async\" width=\"500\" height=\"281\" src=\"https:\/\/guialuz.com\/wp-content\/uploads\/guialuz-cordoba2.jpg\" class=\"attachment-full size-full wp-post-image\" alt=\"C\u00f3rdoba puente romano - roman bridge cordoba spain - r\u00f6mische Br\u00fccke C\u00f3rdoba Spanien\" \/><\/span>                <\/div>\n            <\/div>\n\n                <div class='portfolio_description ' >\n\n        \n    <h5 itemprop=\"name\" class=\"portfolio_title entry_title\"><a itemprop=\"url\" href=\"https:\/\/guialuz.com\/de\/info\/cordoba\/\" style=\"color: #ffffff\" target=\"_self\"> C\u00f3rdoba<\/a><\/h5>\n\n\n        \n            <span class=\"project_category\" style=\"color: #ffffff\" >\n    Andalusien    <\/span>\n\n    <\/div>\n\n        \n<\/article>\n<article class='mix portfolio_category_71 default' style=''>\n    \n    \n    \n    \n            <div class=\"item_holder thin_plus_only\">\n\n                    <div class=\"text_holder\">\n        <div class=\"text_holder_outer\">\n            <div class=\"text_holder_inner\">\n                            <span class=\"thin_plus_only_icon\">+<\/span>\n                        <\/div>\n        <\/div>\n    <\/div>\n\n                                    <a itemprop=\"url\" class=\"portfolio_link_class\" title=\"Sevilla\" href=\"https:\/\/guialuz.com\/de\/info\/sevilla\/\"><\/a>\n                \n                <div style=\"\" class=\"portfolio_shader\"><\/div>\n                <div class=\"image_holder\">\n                    \n<span class='image'><img loading=\"lazy\" decoding=\"async\" width=\"500\" height=\"281\" src=\"https:\/\/guialuz.com\/wp-content\/uploads\/guialuz-sevilla.jpg\" class=\"attachment-full size-full wp-post-image\" alt=\"\" \/><\/span>                <\/div>\n            <\/div>\n\n                <div class='portfolio_description ' >\n\n        \n    <h5 itemprop=\"name\" class=\"portfolio_title entry_title\"><a itemprop=\"url\" href=\"https:\/\/guialuz.com\/de\/info\/sevilla\/\" style=\"color: #ffffff\" target=\"_self\"> Sevilla<\/a><\/h5>\n\n\n        \n            <span class=\"project_category\" style=\"color: #ffffff\" >\n    Andalusien    <\/span>\n\n    <\/div>\n\n        \n<\/article>\n<article class='mix portfolio_category_71 portfolio_category_78 default' style=''>\n    \n    \n    \n    \n            <div class=\"item_holder thin_plus_only\">\n\n                    <div class=\"text_holder\">\n        <div class=\"text_holder_outer\">\n            <div class=\"text_holder_inner\">\n                            <span class=\"thin_plus_only_icon\">+<\/span>\n                        <\/div>\n        <\/div>\n    <\/div>\n\n                                    <a itemprop=\"url\" class=\"portfolio_link_class\" title=\"C\u00e1diz\" href=\"https:\/\/guialuz.com\/de\/info\/cadiz\/\"><\/a>\n                \n                <div style=\"\" class=\"portfolio_shader\"><\/div>\n                <div class=\"image_holder\">\n                    \n<span class='image'><img loading=\"lazy\" decoding=\"async\" width=\"500\" height=\"281\" src=\"https:\/\/guialuz.com\/wp-content\/uploads\/guialuz-cadiz.jpg\" class=\"attachment-full size-full wp-post-image\" alt=\"Gu\u00eda Luz C\u00e1diz\" \/><\/span>                <\/div>\n            <\/div>\n\n                <div class='portfolio_description ' >\n\n        \n    <h5 itemprop=\"name\" class=\"portfolio_title entry_title\"><a itemprop=\"url\" href=\"https:\/\/guialuz.com\/de\/info\/cadiz\/\" style=\"color: #ffffff\" target=\"_self\"> C\u00e1diz<\/a><\/h5>\n\n\n        \n            <span class=\"project_category\" style=\"color: #ffffff\" >\n    Andalusien, Costa de la Luz    <\/span>\n\n    <\/div>\n\n        \n<\/article>\n<article class='mix portfolio_category_71 default' style=''>\n    \n    \n    \n    \n            <div class=\"item_holder thin_plus_only\">\n\n                    <div class=\"text_holder\">\n        <div class=\"text_holder_outer\">\n            <div class=\"text_holder_inner\">\n                            <span class=\"thin_plus_only_icon\">+<\/span>\n                        <\/div>\n        <\/div>\n    <\/div>\n\n                                    <a itemprop=\"url\" class=\"portfolio_link_class\" title=\"Almer\u00eda\" href=\"https:\/\/guialuz.com\/de\/info\/almeria\/\"><\/a>\n                \n                <div style=\"\" class=\"portfolio_shader\"><\/div>\n                <div class=\"image_holder\">\n                    \n<span class='image'><img loading=\"lazy\" decoding=\"async\" width=\"500\" height=\"281\" src=\"https:\/\/guialuz.com\/wp-content\/uploads\/guialuz-almeria-1.jpg\" class=\"attachment-full size-full wp-post-image\" alt=\"la ciudad de Almer\u00eda con la alcazaba - Almer\u00eda City with the Moorish castle - Stadt Almer\u00eda in Spanien\" \/><\/span>                <\/div>\n            <\/div>\n\n                <div class='portfolio_description ' >\n\n        \n    <h5 itemprop=\"name\" class=\"portfolio_title entry_title\"><a itemprop=\"url\" href=\"https:\/\/guialuz.com\/de\/info\/almeria\/\" style=\"color: #ffffff\" target=\"_self\"> Almer\u00eda<\/a><\/h5>\n\n\n        \n            <span class=\"project_category\" style=\"color: #ffffff\" >\n    Andalusien    <\/span>\n\n    <\/div>\n\n        \n<\/article>\n<article class='mix portfolio_category_71 portfolio_category_89 default' style=''>\n    \n    \n    \n    \n            <div class=\"item_holder thin_plus_only\">\n\n                    <div class=\"text_holder\">\n        <div class=\"text_holder_outer\">\n            <div class=\"text_holder_inner\">\n                            <span class=\"thin_plus_only_icon\">+<\/span>\n                        <\/div>\n        <\/div>\n    <\/div>\n\n                                    <a itemprop=\"url\" class=\"portfolio_link_class\" title=\"Andalusien\" href=\"https:\/\/guialuz.com\/de\/info\/andalusien\/\"><\/a>\n                \n                <div style=\"\" class=\"portfolio_shader\"><\/div>\n                <div class=\"image_holder\">\n                    \n<span class='image'><img loading=\"lazy\" decoding=\"async\" width=\"500\" height=\"281\" src=\"https:\/\/guialuz.com\/wp-content\/uploads\/guia-luz-andalucia-andalusia-andalusien2.jpg\" class=\"attachment-full size-full wp-post-image\" alt=\"Andaluc\u00eda Andalusia Andalusien\" \/><\/span>                <\/div>\n            <\/div>\n\n                <div class='portfolio_description ' >\n\n        \n    <h5 itemprop=\"name\" class=\"portfolio_title entry_title\"><a itemprop=\"url\" href=\"https:\/\/guialuz.com\/de\/info\/andalusien\/\" style=\"color: #ffffff\" target=\"_self\"> Andalusien<\/a><\/h5>\n\n\n        \n            <span class=\"project_category\" style=\"color: #ffffff\" >\n    Andalusien, Reiseziele    <\/span>\n\n    <\/div>\n\n        \n<\/article>\n<article class='mix portfolio_category_71 default' style=''>\n    \n    \n    \n    \n            <div class=\"item_holder thin_plus_only\">\n\n                    <div class=\"text_holder\">\n        <div class=\"text_holder_outer\">\n            <div class=\"text_holder_inner\">\n                            <span class=\"thin_plus_only_icon\">+<\/span>\n                        <\/div>\n        <\/div>\n    <\/div>\n\n                                    <a itemprop=\"url\" class=\"portfolio_link_class\" title=\"Costa de la Luz\" href=\"https:\/\/guialuz.com\/de\/info\/costa-la-luz\/\"><\/a>\n                \n                <div style=\"\" class=\"portfolio_shader\"><\/div>\n                <div class=\"image_holder\">\n                    \n<span class='image'><img loading=\"lazy\" decoding=\"async\" width=\"500\" height=\"281\" src=\"https:\/\/guialuz.com\/wp-content\/uploads\/guialuz-costa-de-la-luz.jpg\" class=\"attachment-full size-full wp-post-image\" alt=\"Costa de la Luz\" \/><\/span>                <\/div>\n            <\/div>\n\n                <div class='portfolio_description ' >\n\n        \n    <h5 itemprop=\"name\" class=\"portfolio_title entry_title\"><a itemprop=\"url\" href=\"https:\/\/guialuz.com\/de\/info\/costa-la-luz\/\" style=\"color: #ffffff\" target=\"_self\"> Costa de la Luz<\/a><\/h5>\n\n\n        \n            <span class=\"project_category\" style=\"color: #ffffff\" >\n    Andalusien    <\/span>\n\n    <\/div>\n\n        \n<\/article>\n<article class='mix portfolio_category_71 default' style=''>\n    \n    \n    \n    \n            <div class=\"item_holder thin_plus_only\">\n\n                    <div class=\"text_holder\">\n        <div class=\"text_holder_outer\">\n            <div class=\"text_holder_inner\">\n                            <span class=\"thin_plus_only_icon\">+<\/span>\n                        <\/div>\n        <\/div>\n    <\/div>\n\n                                    <a itemprop=\"url\" class=\"portfolio_link_class\" title=\"Granada\" href=\"https:\/\/guialuz.com\/de\/info\/granada\/\"><\/a>\n                \n                <div style=\"\" class=\"portfolio_shader\"><\/div>\n                <div class=\"image_holder\">\n                    \n<span class='image'><img loading=\"lazy\" decoding=\"async\" width=\"500\" height=\"281\" src=\"https:\/\/guialuz.com\/wp-content\/uploads\/Granada.jpg\" class=\"attachment-full size-full wp-post-image\" alt=\"Granada Patio de los Leones\" \/><\/span>                <\/div>\n            <\/div>\n\n                <div class='portfolio_description ' >\n\n        \n    <h5 itemprop=\"name\" class=\"portfolio_title entry_title\"><a itemprop=\"url\" href=\"https:\/\/guialuz.com\/de\/info\/granada\/\" style=\"color: #ffffff\" target=\"_self\"> Granada<\/a><\/h5>\n\n\n        \n            <span class=\"project_category\" style=\"color: #ffffff\" >\n    Andalusien    <\/span>\n\n    <\/div>\n\n        \n<\/article>\n<article class='mix portfolio_category_71 default' style=''>\n    \n    \n    \n    \n            <div class=\"item_holder thin_plus_only\">\n\n                    <div class=\"text_holder\">\n        <div class=\"text_holder_outer\">\n            <div class=\"text_holder_inner\">\n                            <span class=\"thin_plus_only_icon\">+<\/span>\n                        <\/div>\n        <\/div>\n    <\/div>\n\n                                    <a itemprop=\"url\" class=\"portfolio_link_class\" title=\"Costa del Sol\" href=\"https:\/\/guialuz.com\/de\/info\/costa-del-sol\/\"><\/a>\n                \n                <div style=\"\" class=\"portfolio_shader\"><\/div>\n                <div class=\"image_holder\">\n                    \n<span class='image'><img loading=\"lazy\" decoding=\"async\" width=\"500\" height=\"281\" src=\"https:\/\/guialuz.com\/wp-content\/uploads\/guialuz-costa-del-sol.jpg\" class=\"attachment-full size-full wp-post-image\" alt=\"\" \/><\/span>                <\/div>\n            <\/div>\n\n                <div class='portfolio_description ' >\n\n        \n    <h5 itemprop=\"name\" class=\"portfolio_title entry_title\"><a itemprop=\"url\" href=\"https:\/\/guialuz.com\/de\/info\/costa-del-sol\/\" style=\"color: #ffffff\" target=\"_self\"> Costa del Sol<\/a><\/h5>\n\n\n        \n            <span class=\"project_category\" style=\"color: #ffffff\" >\n    Andalusien    <\/span>\n\n    <\/div>\n\n        \n<\/article>\n<article class='mix portfolio_category_71 portfolio_category_78 default' style=''>\n    \n    \n    \n    \n            <div class=\"item_holder thin_plus_only\">\n\n                    <div class=\"text_holder\">\n        <div class=\"text_holder_outer\">\n            <div class=\"text_holder_inner\">\n                            <span class=\"thin_plus_only_icon\">+<\/span>\n                        <\/div>\n        <\/div>\n    <\/div>\n\n                                    <a itemprop=\"url\" class=\"portfolio_link_class\" title=\"Huelva\" href=\"https:\/\/guialuz.com\/de\/info\/huelva\/\"><\/a>\n                \n                <div style=\"\" class=\"portfolio_shader\"><\/div>\n                <div class=\"image_holder\">\n                    \n<span class='image'><img loading=\"lazy\" decoding=\"async\" width=\"500\" height=\"281\" src=\"https:\/\/guialuz.com\/wp-content\/uploads\/guialuz-huelva.jpg\" class=\"attachment-full size-full wp-post-image\" alt=\"\" \/><\/span>                <\/div>\n            <\/div>\n\n                <div class='portfolio_description ' >\n\n        \n    <h5 itemprop=\"name\" class=\"portfolio_title entry_title\"><a itemprop=\"url\" href=\"https:\/\/guialuz.com\/de\/info\/huelva\/\" style=\"color: #ffffff\" target=\"_self\"> Huelva<\/a><\/h5>\n\n\n        \n            <span class=\"project_category\" style=\"color: #ffffff\" >\n    Andalusien, Costa de la Luz    <\/span>\n\n    <\/div>\n\n        \n<\/article>\n<article class='mix portfolio_category_71 default' style=''>\n    \n    \n    \n    \n            <div class=\"item_holder thin_plus_only\">\n\n                    <div class=\"text_holder\">\n        <div class=\"text_holder_outer\">\n            <div class=\"text_holder_inner\">\n                            <span class=\"thin_plus_only_icon\">+<\/span>\n                        <\/div>\n        <\/div>\n    <\/div>\n\n                                    <a itemprop=\"url\" class=\"portfolio_link_class\" title=\"Ja\u00e9n\" href=\"https:\/\/guialuz.com\/de\/info\/jaen\/\"><\/a>\n                \n                <div style=\"\" class=\"portfolio_shader\"><\/div>\n                <div class=\"image_holder\">\n                    \n<span class='image'><img loading=\"lazy\" decoding=\"async\" width=\"500\" height=\"281\" src=\"https:\/\/guialuz.com\/wp-content\/uploads\/guialuz-jaen.jpg\" class=\"attachment-full size-full wp-post-image\" alt=\"catedral de Ja\u00e9n, cathedral, Kathedrale\" \/><\/span>                <\/div>\n            <\/div>\n\n                <div class='portfolio_description ' >\n\n        \n    <h5 itemprop=\"name\" class=\"portfolio_title entry_title\"><a itemprop=\"url\" href=\"https:\/\/guialuz.com\/de\/info\/jaen\/\" style=\"color: #ffffff\" target=\"_self\"> Ja\u00e9n<\/a><\/h5>\n\n\n        \n            <span class=\"project_category\" style=\"color: #ffffff\" >\n    Andalusien    <\/span>\n\n    <\/div>\n\n        \n<\/article>\n<article class='mix portfolio_category_71 portfolio_category_86 default' style=''>\n    \n    \n    \n    \n            <div class=\"item_holder thin_plus_only\">\n\n                    <div class=\"text_holder\">\n        <div class=\"text_holder_outer\">\n            <div class=\"text_holder_inner\">\n                            <span class=\"thin_plus_only_icon\">+<\/span>\n                        <\/div>\n        <\/div>\n    <\/div>\n\n                                    <a itemprop=\"url\" class=\"portfolio_link_class\" title=\"M\u00e1laga\" href=\"https:\/\/guialuz.com\/de\/info\/malaga\/\"><\/a>\n                \n                <div style=\"\" class=\"portfolio_shader\"><\/div>\n                <div class=\"image_holder\">\n                    \n<span class='image'><img loading=\"lazy\" decoding=\"async\" width=\"500\" height=\"281\" src=\"https:\/\/guialuz.com\/wp-content\/uploads\/guialuz-malaga.jpg\" class=\"attachment-full size-full wp-post-image\" alt=\"\" \/><\/span>                <\/div>\n            <\/div>\n\n                <div class='portfolio_description ' >\n\n        \n    <h5 itemprop=\"name\" class=\"portfolio_title entry_title\"><a itemprop=\"url\" href=\"https:\/\/guialuz.com\/de\/info\/malaga\/\" style=\"color: #ffffff\" target=\"_self\"> M\u00e1laga<\/a><\/h5>\n\n\n        \n            <span class=\"project_category\" style=\"color: #ffffff\" >\n    Andalusien, Costa del Sol    <\/span>\n\n    <\/div>\n\n        \n<\/article>\n<article class='mix portfolio_category_71 default' style=''>\n    \n    \n    \n    \n            <div class=\"item_holder thin_plus_only\">\n\n                    <div class=\"text_holder\">\n        <div class=\"text_holder_outer\">\n            <div class=\"text_holder_inner\">\n                            <span class=\"thin_plus_only_icon\">+<\/span>\n                        <\/div>\n        <\/div>\n    <\/div>\n\n                                    <a itemprop=\"url\" class=\"portfolio_link_class\" title=\"Die Wei\u00dfen D\u00f6rfer\" href=\"https:\/\/guialuz.com\/de\/info\/die-weissen-doerfer\/\"><\/a>\n                \n                <div style=\"\" class=\"portfolio_shader\"><\/div>\n                <div class=\"image_holder\">\n                    \n<span class='image'><img loading=\"lazy\" decoding=\"async\" width=\"500\" height=\"281\" src=\"https:\/\/guialuz.com\/wp-content\/uploads\/guialuz-pueblos-blancos.jpg\" class=\"attachment-full size-full wp-post-image\" alt=\"pueblos blancos vejer de la frontera\" \/><\/span>                <\/div>\n            <\/div>\n\n                <div class='portfolio_description ' >\n\n        \n    <h5 itemprop=\"name\" class=\"portfolio_title entry_title\"><a itemprop=\"url\" href=\"https:\/\/guialuz.com\/de\/info\/die-weissen-doerfer\/\" style=\"color: #ffffff\" target=\"_self\"> Die Wei\u00dfen D\u00f6rfer<\/a><\/h5>\n\n\n        \n            <span class=\"project_category\" style=\"color: #ffffff\" >\n    Andalusien    <\/span>\n\n    <\/div>\n\n        \n<\/article>\n        <div class='filler'><\/div>\n            <div class='filler'><\/div>\n            <div class='filler'><\/div>\n            <div class='filler'><\/div>\n        <\/div>\n\n    \n    <\/div>[vc_empty_space][\/vc_column][\/vc_row]<\/p>\n<\/div>","protected":false},"excerpt":{"rendered":"<p>[vc_row css_animation=&#8220;&#8220; row_type=&#8220;row&#8220; use_row_as_full_screen_section=&#8220;no&#8220; type=&#8220;full_width&#8220; anchor=&#8220;news&#8220; angled_section=&#8220;no&#8220; text_align=&#8220;center&#8220; background_image=&#8220;772&#8243; background_image_as_pattern=&#8220;without_pattern&#8220; css=&#8220;.vc_custom_1493304104631{padding-top: 0% !important;padding-bottom: 0% !important;}&#8220;][vc_column css=&#8220;.vc_custom_1469530614343{padding-top: 16.9% !important;padding-bottom: 13.9% !important;}&#8220;][vc_column_text][\/vc_column_text][\/vc_column][\/vc_row][vc_row css_animation=&#8220;&#8220; row_type=&#8220;row&#8220; use_row_as_full_screen_section=&#8220;no&#8220; type=&#8220;grid&#8220; angled_section=&#8220;no&#8220; text_align=&#8220;left&#8220; background_image_as_pattern=&#8220;without_pattern&#8220;][vc_column][vc_empty_space][vc_column_text] Stadt Almer\u00eda &#8211; Hauptstadt der Provinz [\/vc_column_text][vc_empty_space height=&#8220;30px&#8220;][vc_empty_space height=&#8220;30px&#8220;][\/vc_column][\/vc_row][vc_row css_animation=&#8220;&#8220; row_type=&#8220;row&#8220; use_row_as_full_screen_section=&#8220;no&#8220; type=&#8220;grid&#8220; angled_section=&#8220;no&#8220; text_align=&#8220;left&#8220; background_image_as_pattern=&#8220;without_pattern&#8220;][vc_column width=&#8220;1\/2&#8243;][vc_empty_space][vc_accordion style=&#8220;accordion&#8220;][vc_accordion_tab&#8230;<\/p>\n","protected":false},"author":1,"featured_media":795,"menu_order":0,"comment_status":"closed","ping_status":"closed","template":"","portfolio_category":[71],"portfolio_tag":[],"_links":{"self":[{"href":"https:\/\/guialuz.com\/de\/wp-json\/wp\/v2\/portfolio_page\/1854"}],"collection":[{"href":"https:\/\/guialuz.com\/de\/wp-json\/wp\/v2\/portfolio_page"}],"about":[{"href":"https:\/\/guialuz.com\/de\/wp-json\/wp\/v2\/types\/portfolio_page"}],"author":[{"embeddable":true,"href":"https:\/\/guialuz.com\/de\/wp-json\/wp\/v2\/users\/1"}],"replies":[{"embeddable":true,"href":"https:\/\/guialuz.com\/de\/wp-json\/wp\/v2\/comments?post=1854"}],"wp:featuredmedia":[{"embeddable":true,"href":"https:\/\/guialuz.com\/de\/wp-json\/wp\/v2\/media\/795"}],"wp:attachment":[{"href":"https:\/\/guialuz.com\/de\/wp-json\/wp\/v2\/media?parent=1854"}],"wp:term":[{"taxonomy":"portfolio_category","embeddable":true,"href":"https:\/\/guialuz.com\/de\/wp-json\/wp\/v2\/portfolio_category?post=1854"},{"taxonomy":"portfolio_tag","embeddable":true,"href":"https:\/\/guialuz.com\/de\/wp-json\/wp\/v2\/portfolio_tag?post=1854"}],"curies":[{"name":"wp","href":"https:\/\/api.w.org\/{rel}","templated":true}]}}