{"id":1856,"date":"2017-09-11T21:48:22","date_gmt":"2017-09-11T21:48:22","guid":{"rendered":"https:\/\/guialuz.com\/de\/?post_type=portfolio_page&#038;p=1856"},"modified":"2018-02-15T19:46:41","modified_gmt":"2018-02-15T19:46:41","slug":"costa-la-luz","status":"publish","type":"portfolio_page","link":"https:\/\/guialuz.com\/de\/info\/costa-la-luz\/","title":{"rendered":"Costa de la Luz"},"content":{"rendered":"<div class=\"wpb-content-wrapper\"><p>[vc_row css_animation=&#8220;&#8220; row_type=&#8220;row&#8220; use_row_as_full_screen_section=&#8220;no&#8220; type=&#8220;full_width&#8220; anchor=&#8220;news&#8220; angled_section=&#8220;no&#8220; text_align=&#8220;center&#8220; background_image=&#8220;778&#8243; background_image_as_pattern=&#8220;without_pattern&#8220; css=&#8220;.vc_custom_1493305874095{padding-top: 0% !important;padding-bottom: 0% !important;}&#8220;][vc_column css=&#8220;.vc_custom_1469530614343{padding-top: 16.9% !important;padding-bottom: 13.9% !important;}&#8220;][vc_column_text][\/vc_column_text][\/vc_column][\/vc_row][vc_row css_animation=&#8220;&#8220; row_type=&#8220;row&#8220; use_row_as_full_screen_section=&#8220;no&#8220; type=&#8220;grid&#8220; angled_section=&#8220;no&#8220; text_align=&#8220;left&#8220; background_image_as_pattern=&#8220;without_pattern&#8220;][vc_column][vc_empty_space][vc_column_text]<\/p>\n<h1 style=\"text-align: center;\">Die Costa de la Luz in Andalusien<\/h1>\n<p>[\/vc_column_text][vc_empty_space height=&#8220;30px&#8220;][vc_empty_space height=&#8220;30px&#8220;][\/vc_column][\/vc_row][vc_row css_animation=&#8220;&#8220; row_type=&#8220;row&#8220; use_row_as_full_screen_section=&#8220;no&#8220; type=&#8220;grid&#8220; angled_section=&#8220;no&#8220; text_align=&#8220;left&#8220; background_image_as_pattern=&#8220;without_pattern&#8220;][vc_column width=&#8220;1\/2&#8243;][vc_empty_space][vc_accordion style=&#8220;accordion&#8220;][vc_accordion_tab title=&#8220;Costa de la Luz &#8211; Reiseziel&#8220; title_tag=&#8220;h2&#8243;][vc_column_text]Die <strong>Costa de la Luz<\/strong> hat ihren Namen von dem intensiven Licht, das es in den K\u00fcstenorten dieser Gegend gibt, was Ihren Urlaub einzigartig macht.<\/p>\n<p>Die K\u00fcste liegt zwischen der <strong>Provinz Huelva<\/strong> und der <strong>Provinz C\u00e1diz<\/strong> im Reiseziel Andalusien in Spanien. Die Costa de la Luz erstreckt sich von der Grenze zu Portugal \u00fcber den Do\u00f1ana Nationalpark und der M\u00fcndung des Flusses Guadalquivir bis zur Meerenge von Gibraltar. Im Westen weist sie mehr als 200 km K\u00fcste mit feinen Sandstr\u00e4nden direkt am atlantischen Ozean auf.<\/p>\n<p>Ihre St\u00e4dte und D\u00f6rfer bewahren ihren Charakter, einzigartige Bauwerke und Flecken, gut bewahrte und gesch\u00fctzte Naturlandschaften, damit die Besucher\u00a0 sich in einer Vielzahl von Reiseerlebnissen verlieren k\u00f6nnen, die im Ged\u00e4chtnis bleiben.<\/p>\n<p>Die <a href=\"https:\/\/guialuz.com\/de\/info\/die-schoensten-straende-in-andalusien\/\">Str\u00e4nde<\/a> an der Costa de la Luz heben sich durch ihren feinen und wei\u00dfen Sand hervor, wie man sie in Chipiona, C\u00e1diz, Chiclana, Conil, Tarifa, Islantilla und Punta Umbr\u00eda findet.<\/p>\n<p>Das <strong>Klima an der Costa de la Luz<\/strong> ist herausragend mit einer j\u00e4hrlichen Durchschnittstemperatur von 19\u00b0 C, milden Wintern und hei\u00dfen Sommern. Die Winde, die vom atlantischen Ozean kommen, wirken wie eine Klimaanlage und die Sonneneinstrahlung weist durchschnittlich 3000 Sonnenstunden pro Jahr auf.[\/vc_column_text][\/vc_accordion_tab][vc_accordion_tab title=&#8220;Anreise Costa de la Luz&#8220;][vc_column_text]Je nach Land und Abreiseort ist die beste Anreise zur Costa de la Luz in der Provinz C\u00e1diz zu reisen der <strong>Flughafen von Jerez<\/strong> de la Frontera, der Flughafen von Sevilla und der Flughafen von Gibraltar.<\/p>\n<p>Die Stadt C\u00e1diz hat einen wichtigen Kreuzfahrthafen, an dem Kreuzfahrtschiffe aus der ganzen Welt ankommen.<\/p>\n<p>F\u00fcr die Costa de la Luz in der Provinz Huelva reist man zum Flughafen Faro an der Algarve von Portugal sowie zum Flughafen Sevilla an, um zu Reisezielen wie Isla Cristina, Punta Umbr\u00eda, Matalasca\u00f1as, Mazag\u00f3n oder El Rompido zu gelangen, wo sich die sch\u00f6nsten Hotels der Provinz Huelva befinden.<\/p>\n<p>[\/vc_column_text][\/vc_accordion_tab][vc_accordion_tab title=&#8220;Sanl\u00facar de Barrameda&#8220;][vc_column_text]An der Costa de la Luz gibt es pittoreske und typische St\u00e4dte wie Sanl\u00facar de Barrameda. Von hier aus startete 1519 unter der F\u00fchrung von Magallanes und Elcano die erste Weltumsegelung, oder 1598 von Kolumbus die dritte Reise Richtung Amerika zur Entdeckung der Neuen Welt. Die Stadt ist das Eingangstor zum <strong>Do\u00f1ana Nationalpark<\/strong>, ein Naturpark gesch\u00fctzt durch die <a href=\"http:\/\/whc.unesco.org\/en\/list\/685\">UNESCO <\/a>und w\u00e4hrend des ganzen Jahres besuchbar. Hier kann man baden gehen in einer Umgebung voller Ruhe und Natur am Rande des Flusses Guadalquivir. Eine der sch\u00f6nsten Veranstaltungen der Costa de la Luz ist das Pferderennen an den Str\u00e4nden von Sanl\u00facar de Barrameda, das es seit mehr als 150 Jahren gibt.[\/vc_column_text][\/vc_accordion_tab][vc_accordion_tab title=&#8220;Jerez de la Frontera&#8220;][vc_column_text]<strong>Jerez de la Frontera<\/strong> ist eine Stadt mit viel Geschichte. Sie ist bekannt durch ihre Weine und hier ist auch die Wiege des Flamenco. Heutzutage kennt man sie durch den Gro\u00dfen Preis von Spanien, ein Motorrad-Rennen auf der Rennstrecke von Jerez. Erleben sollte man die Karwoche von Jerez und das lebensfrohe Volksfest des Pferdes, die Feria del Caballo.[\/vc_column_text][\/vc_accordion_tab][vc_accordion_tab title=&#8220;Chipiona &#8222;][vc_column_text]Unter den beliebtesten Zielen mit den sch\u00f6nsten Hotels, Str\u00e4nden und Ferienwohnungen der Provinz C\u00e1diz lassen sich die Orte Chipiona, Chiclana (Novo Sancti Petri), Conil, C\u00e1diz, Rota, Tarifa und Zahara de los Atunes nenen.<\/p>\n<p>In <strong>Chipiona<\/strong> gibt es einen der h\u00f6chsten Leuchtt\u00fcrme Spaniens, in der N\u00e4he finden Sie eine der spektakul\u00e4rsten Wallfahrtskirchen am Meer und in der Burg der Stadt das Interpretationszentrum C\u00e1diz und die Neue Welt.[\/vc_column_text][\/vc_accordion_tab][vc_accordion_tab title=&#8220;Tarifa &#8222;][vc_column_text]Tarifa ist ideal f\u00fcr Wasser- und Segelsportarten wie Windsurfen. In seiner Umgebung findet man die arch\u00e4ologische Ausgrabungsst\u00e4tte Baelo Claudia, eine Siedlung aus der R\u00f6merzeit. Man kann auch von hier aus zu einer Route durch die <a href=\"https:\/\/guialuz.com\/de\/info\/die-weissen-doerfer\/\">wei\u00dfen D\u00f6rfer<\/a> starten, wie Vejer de la Frontera oder Arcos de la Frontera, Postkartenmotive des Hinterlands von C\u00e1diz.[\/vc_column_text][\/vc_accordion_tab][vc_accordion_tab title=&#8220;C\u00e1diz&#8220;][vc_column_text]C\u00e1diz ist die Hauptstadt der gleichnamigen Provinz, bekannt durch ihren von K\u00fcnstlern gepr\u00e4gten Karneval. C\u00e1diz kann stolz sein, die \u00e4lteste bewohnte Stadt im abendl\u00e4ndischen Europa zu sein. Das wird im Besucherzentrum <strong>Gadir Fenicio<\/strong> gezeigt, das sich direkt \u00fcber einer arch\u00e4ologischen Ausgrabung befindet, die das bezeugt. Zudem gibt es das r\u00f6mische Theater, ein Symbol der st\u00e4dtischen Bev\u00f6lkerung, es liegt in der N\u00e4he der Kathedrale von C\u00e1diz. Die historische Altstadt wird gekr\u00f6nt durch Wacht\u00fcrme auf ihren historischen Geb\u00e4uden, die die ankommenden Handelslieferungen aus Amerika kontrollierten. Ein Erlebnis ist die Besichtigung vom Turm Tavira mit den Erkl\u00e4rungen im dunklen Raum der C\u00e1mara Oscura.<\/p>\n<p>Cad\u00edz ist eine der wenigen St\u00e4dte weltweit, wo Sie zu Fu\u00df oder per Fahrrad morgens die Sehensw\u00fcrdigkeiten erkunden k\u00f6nnen, nachmittags die Str\u00e4nde besuchen und abends ausgehen k\u00f6nnen. Wir empfehlen den Besuchern die historische <strong>Altstadt von Cadiz<\/strong> zu besichtigen und die lokale Gastronomie in den Restaurants von C\u00e1diz kennenzulernen.[\/vc_column_text][\/vc_accordion_tab][vc_accordion_tab title=&#8220;Gastronomie&#8220;][vc_column_text]Das gastronomische Angebot der Costa de la Luz ist gro\u00df und vielf\u00e4ltig, die besten Produkte vom Land und aus dem Meer werden hier von den besten Weinen begleitet. Zu den typischen und traditionellen Gerichten geh\u00f6ren der pescaito frito (frittierter Fisch) oder der iberische Schinken bis hin zu den sehr gefragten gegrillten Fischen und Meeresfr\u00fcchten, die fangfrisch vom Meer auf dem Teller landen. Unter den Produkten vom Land und aus dem Meer wie <strong>Fisch und Meeresfr\u00fcchte vom Atlantik<\/strong> sind die Garnelen hervorzuheben.\u00a0Es gibt eine gro\u00dfe Auswahl von Restaurants, die kreative oder vegetarische K\u00fcche anbieten mit modernen Tapas und Gerichten f\u00fcr jeden Geschmack.<\/p>\n<p>Die Weinkellereien an der Costa de la Luz sind ein Pflichtbesuch, es erwarten Sie historische Geb\u00e4ude mit einzigartigen Aromen. Sie bieten Ihnen Verkostungen von Wein und Brandy aus Jerez, Manzanilla aus Sanl\u00facar oder Moscatel-Wein aus Chipiona an. Ihre Weine mit der offiziellen Herkunftsbezeichnung Jerez-X\u00e9r\u00e9s-Sherry unterscheiden sich u.a. in den Sorten amontillados, finos, manzanilla und moscatel.[\/vc_column_text][\/vc_accordion_tab][\/vc_accordion][\/vc_column][vc_column width=&#8220;1\/2&#8243;][vc_empty_space][vc_gallery type=&#8220;image_grid&#8220; images=&#8220;594,595,596,597,598,599,600,601,602,854,1471,1472&#8243; column_number=&#8220;4&#8243; grayscale=&#8220;no&#8220; images_space=&#8220;gallery_with_space&#8220;][\/vc_column][\/vc_row][vc_row css_animation=&#8220;&#8220; row_type=&#8220;row&#8220; use_row_as_full_screen_section=&#8220;no&#8220; type=&#8220;full_width&#8220; angled_section=&#8220;no&#8220; text_align=&#8220;left&#8220; background_image_as_pattern=&#8220;without_pattern&#8220;][vc_column][vc_empty_space][\/vc_column][\/vc_row][vc_row css_animation=&#8220;&#8220; row_type=&#8220;row&#8220; use_row_as_full_screen_section=&#8220;no&#8220; type=&#8220;grid&#8220; angled_section=&#8220;no&#8220; text_align=&#8220;left&#8220; background_image_as_pattern=&#8220;without_pattern&#8220; css=&#8220;.vc_custom_1469778626730{padding-top: 7.3% !important;padding-bottom: 6.4% !important;}&#8220;][vc_column][vc_column_text]<\/p>\n<h2 style=\"text-align: center;\">Mehr Information \u00fcber die Costa de la Luz<\/h2>\n<p>[\/vc_column_text][\/vc_column][\/vc_row][vc_row css_animation=&#8220;&#8220; row_type=&#8220;row&#8220; use_row_as_full_screen_section=&#8220;no&#8220; type=&#8220;grid&#8220; angled_section=&#8220;no&#8220; text_align=&#8220;left&#8220; background_image_as_pattern=&#8220;without_pattern&#8220;][vc_column]<div class='projects_holder_outer v3 portfolio_with_space portfolio_standard'>\n        <div class='projects_holder portfolio_main_holder clearfix v3 standard portfolio_full_image '>\n        \n        <article class='mix portfolio_category_78 default' style=''>\n    \n    \n    \n    \n            <div class=\"item_holder thin_plus_only\">\n\n                    <div class=\"text_holder\">\n        <div class=\"text_holder_outer\">\n            <div class=\"text_holder_inner\">\n                            <span class=\"thin_plus_only_icon\">+<\/span>\n                        <\/div>\n        <\/div>\n    <\/div>\n\n                                    <a itemprop=\"url\" class=\"portfolio_link_class\" title=\"Tarifa\" href=\"https:\/\/guialuz.com\/de\/info\/tarifa\/\"><\/a>\n                \n                <div style=\"\" class=\"portfolio_shader\"><\/div>\n                <div class=\"image_holder\">\n                    \n<span class='image'><img loading=\"lazy\" decoding=\"async\" width=\"500\" height=\"281\" src=\"https:\/\/guialuz.com\/wp-content\/uploads\/guialuz-tarifa-1.jpg\" class=\"attachment-full size-full wp-post-image\" alt=\"\" \/><\/span>                <\/div>\n            <\/div>\n\n                <div class='portfolio_description ' >\n\n        \n    <h5 itemprop=\"name\" class=\"portfolio_title entry_title\"><a itemprop=\"url\" href=\"https:\/\/guialuz.com\/de\/info\/tarifa\/\" style=\"color: #ffffff\" target=\"_self\"> Tarifa<\/a><\/h5>\n\n\n        \n            <span class=\"project_category\" style=\"color: #ffffff\" >\n    Costa de la Luz    <\/span>\n\n    <\/div>\n\n        \n<\/article>\n<article class='mix portfolio_category_78 default' style=''>\n    \n    \n    \n    \n            <div class=\"item_holder thin_plus_only\">\n\n                    <div class=\"text_holder\">\n        <div class=\"text_holder_outer\">\n            <div class=\"text_holder_inner\">\n                            <span class=\"thin_plus_only_icon\">+<\/span>\n                        <\/div>\n        <\/div>\n    <\/div>\n\n                                    <a itemprop=\"url\" class=\"portfolio_link_class\" title=\"Jerez de la Frontera\" href=\"https:\/\/guialuz.com\/de\/info\/jerez-de-la-frontera\/\"><\/a>\n                \n                <div style=\"\" class=\"portfolio_shader\"><\/div>\n                <div class=\"image_holder\">\n                    \n<span class='image'><img loading=\"lazy\" decoding=\"async\" width=\"500\" height=\"281\" src=\"https:\/\/guialuz.com\/wp-content\/uploads\/guialuz-jerez-de-la-fronteraneu.jpg\" class=\"attachment-full size-full wp-post-image\" alt=\"Jerez feria del caballo\" \/><\/span>                <\/div>\n            <\/div>\n\n                <div class='portfolio_description ' >\n\n        \n    <h5 itemprop=\"name\" class=\"portfolio_title entry_title\"><a itemprop=\"url\" href=\"https:\/\/guialuz.com\/de\/info\/jerez-de-la-frontera\/\" style=\"color: #ffffff\" target=\"_self\"> Jerez de la Frontera<\/a><\/h5>\n\n\n        \n            <span class=\"project_category\" style=\"color: #ffffff\" >\n    Costa de la Luz    <\/span>\n\n    <\/div>\n\n        \n<\/article>\n<article class='mix portfolio_category_71 portfolio_category_78 default' style=''>\n    \n    \n    \n    \n            <div class=\"item_holder thin_plus_only\">\n\n                    <div class=\"text_holder\">\n        <div class=\"text_holder_outer\">\n            <div class=\"text_holder_inner\">\n                            <span class=\"thin_plus_only_icon\">+<\/span>\n                        <\/div>\n        <\/div>\n    <\/div>\n\n                                    <a itemprop=\"url\" class=\"portfolio_link_class\" title=\"C\u00e1diz\" href=\"https:\/\/guialuz.com\/de\/info\/cadiz\/\"><\/a>\n                \n                <div style=\"\" class=\"portfolio_shader\"><\/div>\n                <div class=\"image_holder\">\n                    \n<span class='image'><img loading=\"lazy\" decoding=\"async\" width=\"500\" height=\"281\" src=\"https:\/\/guialuz.com\/wp-content\/uploads\/guialuz-cadiz.jpg\" class=\"attachment-full size-full wp-post-image\" alt=\"Gu\u00eda Luz C\u00e1diz\" \/><\/span>                <\/div>\n            <\/div>\n\n                <div class='portfolio_description ' >\n\n        \n    <h5 itemprop=\"name\" class=\"portfolio_title entry_title\"><a itemprop=\"url\" href=\"https:\/\/guialuz.com\/de\/info\/cadiz\/\" style=\"color: #ffffff\" target=\"_self\"> C\u00e1diz<\/a><\/h5>\n\n\n        \n            <span class=\"project_category\" style=\"color: #ffffff\" >\n    Andalusien, Costa de la Luz    <\/span>\n\n    <\/div>\n\n        \n<\/article>\n<article class='mix portfolio_category_78 default' style=''>\n    \n    \n    \n    \n            <div class=\"item_holder thin_plus_only\">\n\n                    <div class=\"text_holder\">\n        <div class=\"text_holder_outer\">\n            <div class=\"text_holder_inner\">\n                            <span class=\"thin_plus_only_icon\">+<\/span>\n                        <\/div>\n        <\/div>\n    <\/div>\n\n                                    <a itemprop=\"url\" class=\"portfolio_link_class\" title=\"Chipiona\" href=\"https:\/\/guialuz.com\/de\/info\/chipiona\/\"><\/a>\n                \n                <div style=\"\" class=\"portfolio_shader\"><\/div>\n                <div class=\"image_holder\">\n                    \n<span class='image'><img loading=\"lazy\" decoding=\"async\" width=\"500\" height=\"281\" src=\"https:\/\/guialuz.com\/wp-content\/uploads\/guialuz-chipiona.jpg\" class=\"attachment-full size-full wp-post-image\" alt=\"Chipiona, Santuario, Wallfahrtskirche\" \/><\/span>                <\/div>\n            <\/div>\n\n                <div class='portfolio_description ' >\n\n        \n    <h5 itemprop=\"name\" class=\"portfolio_title entry_title\"><a itemprop=\"url\" href=\"https:\/\/guialuz.com\/de\/info\/chipiona\/\" style=\"color: #ffffff\" target=\"_self\"> Chipiona<\/a><\/h5>\n\n\n        \n            <span class=\"project_category\" style=\"color: #ffffff\" >\n    Costa de la Luz    <\/span>\n\n    <\/div>\n\n        \n<\/article>\n<article class='mix portfolio_category_71 portfolio_category_78 default' style=''>\n    \n    \n    \n    \n            <div class=\"item_holder thin_plus_only\">\n\n                    <div class=\"text_holder\">\n        <div class=\"text_holder_outer\">\n            <div class=\"text_holder_inner\">\n                            <span class=\"thin_plus_only_icon\">+<\/span>\n                        <\/div>\n        <\/div>\n    <\/div>\n\n                                    <a itemprop=\"url\" class=\"portfolio_link_class\" title=\"Huelva\" href=\"https:\/\/guialuz.com\/de\/info\/huelva\/\"><\/a>\n                \n                <div style=\"\" class=\"portfolio_shader\"><\/div>\n                <div class=\"image_holder\">\n                    \n<span class='image'><img loading=\"lazy\" decoding=\"async\" width=\"500\" height=\"281\" src=\"https:\/\/guialuz.com\/wp-content\/uploads\/guialuz-huelva.jpg\" class=\"attachment-full size-full wp-post-image\" alt=\"\" \/><\/span>                <\/div>\n            <\/div>\n\n                <div class='portfolio_description ' >\n\n        \n    <h5 itemprop=\"name\" class=\"portfolio_title entry_title\"><a itemprop=\"url\" href=\"https:\/\/guialuz.com\/de\/info\/huelva\/\" style=\"color: #ffffff\" target=\"_self\"> Huelva<\/a><\/h5>\n\n\n        \n            <span class=\"project_category\" style=\"color: #ffffff\" >\n    Andalusien, Costa de la Luz    <\/span>\n\n    <\/div>\n\n        \n<\/article>\n<article class='mix portfolio_category_78 default' style=''>\n    \n    \n    \n    \n            <div class=\"item_holder thin_plus_only\">\n\n                    <div class=\"text_holder\">\n        <div class=\"text_holder_outer\">\n            <div class=\"text_holder_inner\">\n                            <span class=\"thin_plus_only_icon\">+<\/span>\n                        <\/div>\n        <\/div>\n    <\/div>\n\n                                    <a itemprop=\"url\" class=\"portfolio_link_class\" title=\"Sanl\u00facar de Barrameda\" href=\"https:\/\/guialuz.com\/de\/info\/sanlucar-de-barrameda\/\"><\/a>\n                \n                <div style=\"\" class=\"portfolio_shader\"><\/div>\n                <div class=\"image_holder\">\n                    \n<span class='image'><img loading=\"lazy\" decoding=\"async\" width=\"500\" height=\"281\" src=\"https:\/\/guialuz.com\/wp-content\/uploads\/guialuz-sanlucar-de-barrameda.jpg\" class=\"attachment-full size-full wp-post-image\" alt=\"Gu\u00eda Luz Sanl\u00facar de Barrameda\" \/><\/span>                <\/div>\n            <\/div>\n\n                <div class='portfolio_description ' >\n\n        \n    <h5 itemprop=\"name\" class=\"portfolio_title entry_title\"><a itemprop=\"url\" href=\"https:\/\/guialuz.com\/de\/info\/sanlucar-de-barrameda\/\" style=\"color: #ffffff\" target=\"_self\"> Sanl\u00facar de Barrameda<\/a><\/h5>\n\n\n        \n            <span class=\"project_category\" style=\"color: #ffffff\" >\n    Costa de la Luz    <\/span>\n\n    <\/div>\n\n        \n<\/article>\n        <div class='filler'><\/div>\n            <div class='filler'><\/div>\n            <div class='filler'><\/div>\n        <\/div>\n\n    \n    <\/div>[vc_empty_space][\/vc_column][\/vc_row][vc_row css_animation=&#8220;&#8220; row_type=&#8220;row&#8220; use_row_as_full_screen_section=&#8220;no&#8220; type=&#8220;full_width&#8220; angled_section=&#8220;no&#8220; text_align=&#8220;left&#8220; background_image_as_pattern=&#8220;without_pattern&#8220;][vc_column][vc_column_text]<iframe loading=\"lazy\" style=\"border: 0;\" src=\"https:\/\/www.google.com\/maps\/embed?pb=!1m18!1m12!1m3!1d487022.6259623631!2d-6.875129884048513!3d36.686599966601044!2m3!1f0!2f0!3f0!3m2!1i1024!2i768!4f13.1!3m3!1m2!1s0xd0c2de4ec578bed%3A0x622957d712045c71!2sCosta+de+la+Luz!5e0!3m2!1sde!2sde!4v1493278279653\" width=\"100%\" height=\"350\" frameborder=\"0\" allowfullscreen=\"allowfullscreen\"><\/iframe>[\/vc_column_text][\/vc_column][\/vc_row]<\/p>\n<\/div>","protected":false},"excerpt":{"rendered":"<p>[vc_row css_animation=&#8220;&#8220; row_type=&#8220;row&#8220; use_row_as_full_screen_section=&#8220;no&#8220; type=&#8220;full_width&#8220; anchor=&#8220;news&#8220; angled_section=&#8220;no&#8220; text_align=&#8220;center&#8220; background_image=&#8220;778&#8243; background_image_as_pattern=&#8220;without_pattern&#8220; css=&#8220;.vc_custom_1493305874095{padding-top: 0% !important;padding-bottom: 0% !important;}&#8220;][vc_column css=&#8220;.vc_custom_1469530614343{padding-top: 16.9% !important;padding-bottom: 13.9% !important;}&#8220;][vc_column_text][\/vc_column_text][\/vc_column][\/vc_row][vc_row css_animation=&#8220;&#8220; row_type=&#8220;row&#8220; use_row_as_full_screen_section=&#8220;no&#8220; type=&#8220;grid&#8220; angled_section=&#8220;no&#8220; text_align=&#8220;left&#8220; background_image_as_pattern=&#8220;without_pattern&#8220;][vc_column][vc_empty_space][vc_column_text] Die Costa de la Luz in Andalusien [\/vc_column_text][vc_empty_space height=&#8220;30px&#8220;][vc_empty_space height=&#8220;30px&#8220;][\/vc_column][\/vc_row][vc_row css_animation=&#8220;&#8220; row_type=&#8220;row&#8220; use_row_as_full_screen_section=&#8220;no&#8220; type=&#8220;grid&#8220; angled_section=&#8220;no&#8220; text_align=&#8220;left&#8220; background_image_as_pattern=&#8220;without_pattern&#8220;][vc_column width=&#8220;1\/2&#8243;][vc_empty_space][vc_accordion&#8230;<\/p>\n","protected":false},"author":1,"featured_media":802,"menu_order":0,"comment_status":"closed","ping_status":"closed","template":"","portfolio_category":[71],"portfolio_tag":[],"_links":{"self":[{"href":"https:\/\/guialuz.com\/de\/wp-json\/wp\/v2\/portfolio_page\/1856"}],"collection":[{"href":"https:\/\/guialuz.com\/de\/wp-json\/wp\/v2\/portfolio_page"}],"about":[{"href":"https:\/\/guialuz.com\/de\/wp-json\/wp\/v2\/types\/portfolio_page"}],"author":[{"embeddable":true,"href":"https:\/\/guialuz.com\/de\/wp-json\/wp\/v2\/users\/1"}],"replies":[{"embeddable":true,"href":"https:\/\/guialuz.com\/de\/wp-json\/wp\/v2\/comments?post=1856"}],"wp:featuredmedia":[{"embeddable":true,"href":"https:\/\/guialuz.com\/de\/wp-json\/wp\/v2\/media\/802"}],"wp:attachment":[{"href":"https:\/\/guialuz.com\/de\/wp-json\/wp\/v2\/media?parent=1856"}],"wp:term":[{"taxonomy":"portfolio_category","embeddable":true,"href":"https:\/\/guialuz.com\/de\/wp-json\/wp\/v2\/portfolio_category?post=1856"},{"taxonomy":"portfolio_tag","embeddable":true,"href":"https:\/\/guialuz.com\/de\/wp-json\/wp\/v2\/portfolio_tag?post=1856"}],"curies":[{"name":"wp","href":"https:\/\/api.w.org\/{rel}","templated":true}]}}