{"id":1862,"date":"2017-09-12T06:02:50","date_gmt":"2017-09-12T06:02:50","guid":{"rendered":"https:\/\/guialuz.com\/de\/?post_type=portfolio_page&#038;p=1862"},"modified":"2017-12-19T14:17:59","modified_gmt":"2017-12-19T14:17:59","slug":"jaen","status":"publish","type":"portfolio_page","link":"https:\/\/guialuz.com\/de\/info\/jaen\/","title":{"rendered":"Ja\u00e9n"},"content":{"rendered":"<div class=\"wpb-content-wrapper\"><p>[vc_row css_animation=&#8220;&#8220; row_type=&#8220;row&#8220; use_row_as_full_screen_section=&#8220;no&#8220; type=&#8220;full_width&#8220; anchor=&#8220;news&#8220; angled_section=&#8220;no&#8220; text_align=&#8220;center&#8220; background_image=&#8220;780&#8243; background_image_as_pattern=&#8220;without_pattern&#8220; css=&#8220;.vc_custom_1493306726512{padding-top: 0% !important;padding-bottom: 0% !important;}&#8220;][vc_column css=&#8220;.vc_custom_1469530614343{padding-top: 16.9% !important;padding-bottom: 13.9% !important;}&#8220;][vc_column_text][\/vc_column_text][\/vc_column][\/vc_row][vc_row css_animation=&#8220;&#8220; row_type=&#8220;row&#8220; use_row_as_full_screen_section=&#8220;no&#8220; type=&#8220;grid&#8220; angled_section=&#8220;no&#8220; text_align=&#8220;left&#8220; background_image_as_pattern=&#8220;without_pattern&#8220;][vc_column][vc_empty_space][vc_column_text]<\/p>\n<h1 style=\"text-align: center;\">\u00a0Ja\u00e9n in Andalusien Spanien<\/h1>\n<p>[\/vc_column_text][vc_empty_space height=&#8220;30px&#8220;][vc_empty_space height=&#8220;30px&#8220;][\/vc_column][\/vc_row][vc_row css_animation=&#8220;&#8220; row_type=&#8220;row&#8220; use_row_as_full_screen_section=&#8220;no&#8220; type=&#8220;grid&#8220; angled_section=&#8220;no&#8220; text_align=&#8220;left&#8220; background_image_as_pattern=&#8220;without_pattern&#8220;][vc_column width=&#8220;1\/2&#8243;][vc_empty_space][vc_accordion style=&#8220;accordion&#8220;][vc_accordion_tab title=&#8220;Ja\u00e9n Stadt&#8220; title_tag=&#8220;h3&#8243;][vc_column_text]<strong>Ja\u00e9n Stadt<\/strong> ist die Hauptstadt der <strong>Provinz Ja\u00e9n<\/strong>, der sie ihren Namen gab. Die Stadt liegt im S\u00fcdwesten dieser Provinz, die zur Region <strong>Andalusien<\/strong> und damit zu <strong>Spanien<\/strong> geh\u00f6rt. S\u00fcdlich und \u00f6stlich grenzt an die Provinz Ja\u00e9n die Provinz Granada an, westlich befindet sich die Provinz C\u00f3rdoba.<\/p>\n<p>&nbsp;<\/p>\n<p>Das <strong>Wetter in Ja\u00e9n<\/strong> wird bestimmt durch ein kontinental-mediterranes Klima mit k\u00fchlen Wintern und hei\u00dfen Sommern.<\/p>\n<p>&nbsp;<\/p>\n<p>Die Stadt wird auch als <strong>Hauptstadt des Oliven\u00f6ls<\/strong> bezeichnet.\u00a0Der Olivenanbau und die Oliven\u00f6lproduktion in Ja\u00e9n und ihrer Provinz sind international anerkannt, denn es ist eine T\u00e4tigkeit, die seit der Zeit der Besiedlung durch die Ph\u00f6nizier ausge\u00fcbt wird und dessen Produkte in die ganze Welt exportiert werden. Das Oliven\u00f6l ist die Grundlage der Mittelmeerdi\u00e4t, daher anerkannt als immaterielles Kulturerbe der Menschheit gesch\u00fctzt durch die UNESCO. In Ja\u00e9n findet alle zwei Jahre die <a href=\"http:\/\/www.expoliva.com\">EXPOLIVA<\/a> statt, eine internationale Messe des Oliven\u00f6ls. Sie ist ein Zusammentreffen von Produzenten, Fachleuten und Eink\u00e4ufern, bei der die besten Oliven\u00f6le pr\u00e4miert werden.[\/vc_column_text][\/vc_accordion_tab][vc_accordion_tab title=&#8220;Anreise nach Ja\u00e9n Stadt&#8220;][vc_column_text]Durch ihre geographische Lage auf halbem Wege zwischen Andalusien und dem Rest der iberischen Halbinsel ist Ja\u00e9n seit ewigen Zeiten ein Ort, an dem sich die Wege kreuzen. Deshalb f\u00fchren die wichtigsten Stra\u00dfen Spaniens durch ihr Gebiet, weshalb sie eine der am besten angebundenen Gegenden des Landes ist.<\/p>\n<p>&nbsp;<\/p>\n<p>Damit man von der Hauptstadt Spaniens <strong>Madrid nach Ja\u00e9n mit dem Auto<\/strong> kommt, sollte man die A4\/A44 nehmen. Die Fahrt dauert ca. 3,5 Stunden. Genauso wie die Fahrt von Sevilla nach Ja\u00e9n Stadt \u00fcber die A4\/A 311\/A 316. Von Granada-Stadt nach Ja\u00e9n \u00fcber die A44\/J14 dauert es ca. 1 Stunde zwanzig Minuten und von C\u00f3rdoba-Stadt nach Ja\u00e9n \u00fcber die A4 ca. 2 Stunden.<\/p>\n<p>Um die anderen beiden Renaissance-St\u00e4dte der Provinz Ja\u00e9n kennenzulernen, kann man von Ja\u00e9n Stadt aus nach <strong>\u00dabeda<\/strong> in eineinhalb Stunden fahren, und nach <strong>Baeza<\/strong> gelangt man in 40 Minuten. Beide St\u00e4dte sind <strong>UNESCO Weltkulturerbe<\/strong>.<\/p>\n<p>&nbsp;<\/p>\n<p>F\u00fcr die Anreise nach Ja\u00e9n Stadt mit dem Flugzeug ist der n\u00e4chstgelegene <strong>Flughafen Granada-Ja\u00e9n Federico Garc\u00eda Lorca<\/strong> (GRX), ca. 100 Kilometer entfernt. An diesem Flughafen landen innerspanische Fl\u00fcge sowie internationale Fl\u00fcge, u.a. aus Gro\u00dfbritannien wie z.B. London-Gatwick.<\/p>\n<p>&nbsp;<\/p>\n<p>Wenn man mit der <strong>Bahn nach Ja\u00e9n<\/strong> anreisen will, gibt es gute Zugverbindungen in Spanien. Zum Beispiel erreicht man Ja\u00e9n von Madrid aus in ca. 4 Stunden per Zug.[\/vc_column_text][\/vc_accordion_tab][vc_accordion_tab title=&#8220;Geschichte von Ja\u00e9n&#8220;][vc_column_text]Das reiche kulturelle Erbe von Ja\u00e9n ist die Hinterlassenschaft der Kulturen, die hier aufeinander trafen und ihre Spuren auch in ihrer historischen Altstadt hinterlassen haben.<\/p>\n<p>In Ja\u00e9n befindet sich eine der \u00e4ltesten menschlichen Siedlungen der iberischen Halbinsel, was die Funde zeigen, die man im Norden der Stadt in der arch\u00e4ologischen Ausgrabungsst\u00e4tte Marroqu\u00edes Bajos gefunden hat. Sie sind aus der<strong> Jungsteinzeit<\/strong> und ca. 4.500 Jahre alt.<\/p>\n<p>&nbsp;<\/p>\n<p>Auch hat man in der nahen Umgebung der Stadt eine iberische Siedlung gefunden. Die Karthager haben diesen Ort vor der Ankunft der R\u00f6mer \u201cAuringis\u201d oder \u201cAurgi\u201d genannt, da sie bei ihrer Ankunft Gold gefunden haben. Sie wurde verkleinert und unter die <strong>Herrschaft Roms<\/strong> unterworfen bis zum Jahr 207 v. Chr., die sie Auringi, Orongi und Aurgi nannten. Im Jahr 74 deklarierte sie der r\u00f6mische Imperator Vespasiano zur Gemeinde.<\/p>\n<p>&nbsp;<\/p>\n<p>Nach dem Zeitalter der Westgoten folgte die <strong>Besetzung durch<\/strong> <strong>die Mauren<\/strong> der von ihnen sogenannten \u201cGeen\u201d (Weg der Karawanen) oder \u201cYayan\u201d. Sie wurde Hauptstadt ihres eigenen K\u00f6nigreichs und eine der bedeutendsten Gro\u00dfst\u00e4dte des Abendlandes. Es gab Moscheen und Festungen Burgen, ein Zeitalter das 1246 mit der Eroberung durch den K\u00f6nig Fernando III \u201cel Santo\u201d (<strong>Ferdinand III., der Heilige<\/strong>) endete. Der besiegte Herrscher Ibn Al Ahmar gr\u00fcndete in Granada die Dynastie des Nasrides.<\/p>\n<p>Nachdem die Verteidigung der Stadt Ja\u00e9n verst\u00e4rkt wurde, wandelte sie der K\u00f6nig in eine der strategisch bedeutendsten Festungsanlagen der Grenze um. Zudem verlegte er hierhin den Bischofssitz von seinem vorherigen Sitz in Ba\u00e9za. Zeugnis davon gibt auch die \u00fcberlieferte Legende von Enrique II, eingraviert in sein Wappen mit dem bedeutenden Satz \u201cMuy Noble, Famosas et Muy Leal Ciudad de Ja\u00e9n, Guarda e Defendimiento de los Reinos de Castilla\u201d. (\u201cSehr noble und ber\u00fchmte, treue Stadt von Ja\u00e9n, zum Schutz und der Verteidigung der K\u00f6nige von Kastilien.\u201d)<\/p>\n<p><strong>Die katholischen K\u00f6nige<\/strong> nutzten Ja\u00e9n Stadt als Verwaltungszentrum und logistisches Zentrum f\u00fcr ihre Unternehmungen zur R\u00fcckeroberung von Granada. Isabel I. von Kastilien empfing im Jahr 1489 Christoph <strong>Kolumbus<\/strong> im alten Bischofspalast. Sie war Geldgeberin f\u00fcr die Finanzierung seiner Reisen. Ab 1492 nach der R\u00fcckeroberung von Granada ging die Bedeutung von Ja\u00e9n zur\u00fcck, dennoch war Ja\u00e9n im 16. Jhdt. eine der wichtigsten St\u00e4dte Kastiliens und von wirtschaftlicher Bedeutung.<\/p>\n<p>&nbsp;<\/p>\n<p>Im 17. Jhdt. litt sie unter diversen Krisen wie Pest, Ernteausf\u00e4lle und Hungersnot, von denen sie sich im 18. Jhdt. nur langsam erholt hat.<\/p>\n<p>Mit dem Unabh\u00e4ngigkeitskrieg gegen Napoleon im 19. Jhdt. wurde aus Ja\u00e9n Stadt wieder ein Ort von logistischer und strategischer Bedeutung. In diesem Jahrhundert war sie aufgrund ihrer geographischen Lage ein Ort, an dem sich die milit\u00e4rischen Wege kreuzten und gewaltsame Aktionen der Milit\u00e4rs stattfanden und an dem der kurzlebige Ruhm von General Rafael del Riego endete.[\/vc_column_text][\/vc_accordion_tab][vc_accordion_tab title=&#8220;Die Kathedrale und die Burg von Ja\u00e9n&#8220; title_tag=&#8220;h4&#8243;][vc_column_text]Die <strong>Kathedrale von Ja\u00e9n<\/strong> \u201cLa Catedral de la Asunci\u00f3n de la Virgen de Ja\u00e9n\u201d aus dem 16-18. Jhdt. ist eines der repr\u00e4sentativsten Geb\u00e4ude im Renaissance-Stil in Spanien. Im Au\u00dfenbereich ragen zwei T\u00fcrme mit je 62 Meter H\u00f6he hervor. Im Innern kann man den Hauptaltar Raum mit der Reliquie des Santo Rostro sehen, dem Schwei\u00dftuch der Heiligen Veronika, mit dem sie Jesus den Schwei\u00df seines Gesichts abgewischt hat. Sehenswert ist auch das Museo Catedralicio (Museum der Kathedrale).<\/p>\n<p>&nbsp;<\/p>\n<p>Das beste Foto der Kathedrale und der Stadt kann man von der Burg\u00a0<strong>Castillo de Santa Catalina<\/strong> aus machen. Eine Festung aus dem 13. Jhdt. auf einem H\u00fcgel, nach dem sie benannt wurde. Der Bau geht auf die Araber zur\u00fcck. Nach der R\u00fcckeroberung durch die katholischen K\u00f6nige wurde der Alc\u00e1zar neu errichtet und eine Kirche neben dieser arabischen Festung gebaut. Sie wurde ersetzt durch das was heute das Geb\u00e4ude des <strong>Parador von Ja\u00e9n<\/strong> ist. Es gibt einen Turm \u201cTorre del Homenaje\u201d mit ca. 40 Metern H\u00f6he sowie das Informationszentrum \u201cCentro de Interpretaci\u00f3n\u201d.[\/vc_column_text][\/vc_accordion_tab][vc_accordion_tab title=&#8220;Weitere Sehensw\u00fcrdigkeiten von Ja\u00e9n Stadt&#8220;][vc_column_text]Sie k\u00f6nnen durch das sch\u00f6ne <strong>Stadtviertel Barrio de la Magdalena y San Juan<\/strong> in Ja\u00e9n schlendern mit maurischem Anstrich, wo wir auch die Ba\u00f1os \u00c1rabes im<strong> Palacio de Villadompardo<\/strong> finden, die gr\u00f6\u00dften <strong>arabischen B\u00e4der<\/strong> Europas finden. Zudem \u00f6ffnet sich hier den Besuchern das Museo de Artes y Costumbres Populares (Museum der K\u00fcnste und Volksbr\u00e4uche) und das Museo Internacional de Arte Na\u00eff (Internationales Museum f\u00fcr Naive Kunst). In diesem Viertel befinden sich auch die Kirche Iglesia de San Juan Bautista mit ihrem Glockenturm mit der offiziellen Uhr der Stadt.<\/p>\n<p>&nbsp;<\/p>\n<p>Unbedingt besuchen sollte man das <strong>Stadtviertel Barrio de Santa Cruz<\/strong>, das ehemalige j\u00fcdische Stadtviertel, in dem sich heute die Kirche Iglesia de San Andr\u00e9s aus dem 13. Jhdt. \u00fcber der fr\u00fcheren Synagoge befindet. Ihre Santa Capilla ist aus dem 16. Jhdt. Es gibt auch ein Denkmal im Viertel, das an die Vertreibung der Juden erinnert. Ebenso findet man hier die einige Reste der Stadtmauer mit dem ehemaligen Zugang zur Stadt.<\/p>\n<p>&nbsp;<\/p>\n<p>Weitere interessante <strong>Sehensw\u00fcrdigkeiten von Ja\u00e9n Stadt<\/strong> sind die Bas\u00edlica Menor de San Ildefonso mit ihrer gotischen Fassade und der Virgen de la Capilla oder das Kloster Real Monasterio de Santo Domingo mit seinem Kreuzgang und die Iglesia de Santa Mar\u00eda Magdalena, die \u00e4lteste Kirche von Ja\u00e9n aus dem 14. Jhdt. Gehen sie weiter, um den Palacio del Condestable Iranzo mit seinem kunstvollen Dach zu sehen oder besuchen Sie das Refugio Antia\u00e9reo (Luftschutzbunker aus dem spanischen B\u00fcrgerkrieg) am Santiago-Platz.<\/p>\n<p>Einen Besuch wert ist auch das Museo de Ja\u00e9n mit spanischer Kunst und der Palacio de los Vilches aus dem Jahr 1605.<\/p>\n<p>&nbsp;<\/p>\n<p>Um sich nach den Besichtigungen zu erholen, bieten sich die Bars und Restaurants in Ja\u00e9n an, die zum Probieren der <strong>Tapas<\/strong> und der reichhaltigen Gastronomie einladen und wo Sie die bekannte pipirrana, ein typisches Salat-Gericht aus Ja\u00e9n, probieren k\u00f6nnen.[\/vc_column_text][\/vc_accordion_tab][vc_accordion_tab title=&#8220;Feste und Feiern in Ja\u00e9n&#8220;][vc_column_text]Die Besucher k\u00f6nnen Ihre <strong>Reise nach Ja\u00e9n<\/strong> so w\u00e4hlen, um an den wichtigsten Feiern der Stadt teilzunehmen.<\/p>\n<p>&nbsp;<\/p>\n<p>Am Vorabend des 17. Januar werden die Las Lumbres de San Ant\u00f3n gefeiert, um zu essen, zu tanzen und am Lagerfeuer zu singen.<\/p>\n<p>Zwischen Februar und M\u00e4rz wird der Karneval gefeiert mit einem Umzug, der die Legenden der Stadt zeigt, mit T\u00e4nzen, Kost\u00fcm Wettbewerben und Musikdarbietungen.<\/p>\n<p>Die <strong>Semana Santa von Ja\u00e9n<\/strong> (Karwoche in Ja\u00e9n) findet je nach Jahr zwischen M\u00e4rz und April statt.<\/p>\n<p>Im Monat Mai finden in Ja\u00e9n mehrere Feste statt. W\u00e4hrend des ersten Wochenendes im Mai die sogenannte Cruces de Mayo (Mai-Prozessionen mit Kreuzen).\u00a0Am zweiten Sonntag im Mai findet das Pilgern Romer\u00eda del Cristo del Arroz und Romer\u00eda de la Virgen de la Cabeza statt. Zwischen Mai und Juni je nach kirchlichem Kalender ist Fronleichnam.<\/p>\n<p>Im Juni feiert Ja\u00e9n sein Fest zur Ehre der Virgen de la Capilla, eine Patronin der Stadt.\u00a0Zur Sommersonnenwende am 24. Juni sind die San Ju\u00e1n Feiern.<\/p>\n<p>Am Ende des Sommers am ersten Sonntag im September findet das traditionelle Fest Divina Pastora statt.\u00a0Am dritten Sonntag im September findet die Wallfahrt Romer\u00eda de la V\u00edrgen Blanca statt, im\u00a0Oktober das Volksfest Feria de San Lucas mit dem 18. des Monats als Haupttag.<\/p>\n<p>Am 25. November findet der Tag zu Ehren der Patronin der Stadt statt (D\u00eda de Santa Catalina) mit der Prozession der Pilger zur Umgebung der Burg.[\/vc_column_text][\/vc_accordion_tab][\/vc_accordion][\/vc_column][vc_column width=&#8220;1\/2&#8243;][vc_empty_space][vc_gallery type=&#8220;image_grid&#8220; images=&#8220;627,628,629,630,631,632,633,634,635,636&#8243; column_number=&#8220;4&#8243; grayscale=&#8220;no&#8220; images_space=&#8220;gallery_with_space&#8220;][\/vc_column][\/vc_row][vc_row css_animation=&#8220;&#8220; row_type=&#8220;row&#8220; use_row_as_full_screen_section=&#8220;no&#8220; type=&#8220;full_width&#8220; angled_section=&#8220;no&#8220; text_align=&#8220;left&#8220; background_image_as_pattern=&#8220;without_pattern&#8220;][vc_column][vc_empty_space][\/vc_column][\/vc_row][vc_row css_animation=&#8220;&#8220; row_type=&#8220;row&#8220; use_row_as_full_screen_section=&#8220;no&#8220; type=&#8220;full_width&#8220; angled_section=&#8220;no&#8220; text_align=&#8220;left&#8220; background_image_as_pattern=&#8220;without_pattern&#8220;][vc_column][vc_column_text]<iframe loading=\"lazy\" style=\"border: 0;\" src=\"https:\/\/www.google.com\/maps\/embed?pb=!1m18!1m12!1m3!1d25227.39507243289!2d-3.814417476762337!3d37.780093048172276!2m3!1f0!2f0!3f0!3m2!1i1024!2i768!4f13.1!3m3!1m2!1s0xd6dd713cb5302c7%3A0x9cfb2c858b405702!2zSmHDqW4sIFNwYW5pZW4!5e0!3m2!1sde!2sde!4v1493283636949\" width=\"100%\" height=\"350\" frameborder=\"0\" allowfullscreen=\"allowfullscreen\"><\/iframe>[\/vc_column_text][\/vc_column][\/vc_row][vc_row css_animation=&#8220;&#8220; row_type=&#8220;row&#8220; use_row_as_full_screen_section=&#8220;no&#8220; type=&#8220;grid&#8220; angled_section=&#8220;no&#8220; text_align=&#8220;left&#8220; background_image_as_pattern=&#8220;without_pattern&#8220; css=&#8220;.vc_custom_1469778626730{padding-top: 7.3% !important;padding-bottom: 6.4% !important;}&#8220;][vc_column][vc_column_text]<\/p>\n<h2 style=\"text-align: center;\">Mehr Informationen<\/h2>\n<p>[\/vc_column_text][\/vc_column][\/vc_row][vc_row css_animation=&#8220;&#8220; row_type=&#8220;row&#8220; use_row_as_full_screen_section=&#8220;no&#8220; type=&#8220;grid&#8220; angled_section=&#8220;no&#8220; text_align=&#8220;left&#8220; background_image_as_pattern=&#8220;without_pattern&#8220;][vc_column]<div class='projects_holder_outer v4 portfolio_with_space portfolio_standard'>\n        <div class='projects_holder portfolio_main_holder clearfix v4 standard portfolio_full_image '>\n        \n        <article class='mix portfolio_category_71 default' style=''>\n    \n    \n    \n    \n            <div class=\"item_holder thin_plus_only\">\n\n                    <div class=\"text_holder\">\n        <div class=\"text_holder_outer\">\n            <div class=\"text_holder_inner\">\n                            <span class=\"thin_plus_only_icon\">+<\/span>\n                        <\/div>\n        <\/div>\n    <\/div>\n\n                                    <a itemprop=\"url\" class=\"portfolio_link_class\" title=\"C\u00f3rdoba\" href=\"https:\/\/guialuz.com\/de\/info\/cordoba\/\"><\/a>\n                \n                <div style=\"\" class=\"portfolio_shader\"><\/div>\n                <div class=\"image_holder\">\n                    \n<span class='image'><img loading=\"lazy\" decoding=\"async\" width=\"500\" height=\"281\" src=\"https:\/\/guialuz.com\/wp-content\/uploads\/guialuz-cordoba2.jpg\" class=\"attachment-full size-full wp-post-image\" alt=\"C\u00f3rdoba puente romano - roman bridge cordoba spain - r\u00f6mische Br\u00fccke C\u00f3rdoba Spanien\" \/><\/span>                <\/div>\n            <\/div>\n\n                <div class='portfolio_description ' >\n\n        \n    <h5 itemprop=\"name\" class=\"portfolio_title entry_title\"><a itemprop=\"url\" href=\"https:\/\/guialuz.com\/de\/info\/cordoba\/\" style=\"color: #ffffff\" target=\"_self\"> C\u00f3rdoba<\/a><\/h5>\n\n\n        \n            <span class=\"project_category\" style=\"color: #ffffff\" >\n    Andalusien    <\/span>\n\n    <\/div>\n\n        \n<\/article>\n<article class='mix portfolio_category_71 default' style=''>\n    \n    \n    \n    \n            <div class=\"item_holder thin_plus_only\">\n\n                    <div class=\"text_holder\">\n        <div class=\"text_holder_outer\">\n            <div class=\"text_holder_inner\">\n                            <span class=\"thin_plus_only_icon\">+<\/span>\n                        <\/div>\n        <\/div>\n    <\/div>\n\n                                    <a itemprop=\"url\" class=\"portfolio_link_class\" title=\"Sevilla\" href=\"https:\/\/guialuz.com\/de\/info\/sevilla\/\"><\/a>\n                \n                <div style=\"\" class=\"portfolio_shader\"><\/div>\n                <div class=\"image_holder\">\n                    \n<span class='image'><img loading=\"lazy\" decoding=\"async\" width=\"500\" height=\"281\" src=\"https:\/\/guialuz.com\/wp-content\/uploads\/guialuz-sevilla.jpg\" class=\"attachment-full size-full wp-post-image\" alt=\"\" \/><\/span>                <\/div>\n            <\/div>\n\n                <div class='portfolio_description ' >\n\n        \n    <h5 itemprop=\"name\" class=\"portfolio_title entry_title\"><a itemprop=\"url\" href=\"https:\/\/guialuz.com\/de\/info\/sevilla\/\" style=\"color: #ffffff\" target=\"_self\"> Sevilla<\/a><\/h5>\n\n\n        \n            <span class=\"project_category\" style=\"color: #ffffff\" >\n    Andalusien    <\/span>\n\n    <\/div>\n\n        \n<\/article>\n<article class='mix portfolio_category_71 portfolio_category_78 default' style=''>\n    \n    \n    \n    \n            <div class=\"item_holder thin_plus_only\">\n\n                    <div class=\"text_holder\">\n        <div class=\"text_holder_outer\">\n            <div class=\"text_holder_inner\">\n                            <span class=\"thin_plus_only_icon\">+<\/span>\n                        <\/div>\n        <\/div>\n    <\/div>\n\n                                    <a itemprop=\"url\" class=\"portfolio_link_class\" title=\"C\u00e1diz\" href=\"https:\/\/guialuz.com\/de\/info\/cadiz\/\"><\/a>\n                \n                <div style=\"\" class=\"portfolio_shader\"><\/div>\n                <div class=\"image_holder\">\n                    \n<span class='image'><img loading=\"lazy\" decoding=\"async\" width=\"500\" height=\"281\" src=\"https:\/\/guialuz.com\/wp-content\/uploads\/guialuz-cadiz.jpg\" class=\"attachment-full size-full wp-post-image\" alt=\"Gu\u00eda Luz C\u00e1diz\" \/><\/span>                <\/div>\n            <\/div>\n\n                <div class='portfolio_description ' >\n\n        \n    <h5 itemprop=\"name\" class=\"portfolio_title entry_title\"><a itemprop=\"url\" href=\"https:\/\/guialuz.com\/de\/info\/cadiz\/\" style=\"color: #ffffff\" target=\"_self\"> C\u00e1diz<\/a><\/h5>\n\n\n        \n            <span class=\"project_category\" style=\"color: #ffffff\" >\n    Andalusien, Costa de la Luz    <\/span>\n\n    <\/div>\n\n        \n<\/article>\n<article class='mix portfolio_category_71 default' style=''>\n    \n    \n    \n    \n            <div class=\"item_holder thin_plus_only\">\n\n                    <div class=\"text_holder\">\n        <div class=\"text_holder_outer\">\n            <div class=\"text_holder_inner\">\n                            <span class=\"thin_plus_only_icon\">+<\/span>\n                        <\/div>\n        <\/div>\n    <\/div>\n\n                                    <a itemprop=\"url\" class=\"portfolio_link_class\" title=\"Almer\u00eda\" href=\"https:\/\/guialuz.com\/de\/info\/almeria\/\"><\/a>\n                \n                <div style=\"\" class=\"portfolio_shader\"><\/div>\n                <div class=\"image_holder\">\n                    \n<span class='image'><img loading=\"lazy\" decoding=\"async\" width=\"500\" height=\"281\" src=\"https:\/\/guialuz.com\/wp-content\/uploads\/guialuz-almeria-1.jpg\" class=\"attachment-full size-full wp-post-image\" alt=\"la ciudad de Almer\u00eda con la alcazaba - Almer\u00eda City with the Moorish castle - Stadt Almer\u00eda in Spanien\" \/><\/span>                <\/div>\n            <\/div>\n\n                <div class='portfolio_description ' >\n\n        \n    <h5 itemprop=\"name\" class=\"portfolio_title entry_title\"><a itemprop=\"url\" href=\"https:\/\/guialuz.com\/de\/info\/almeria\/\" style=\"color: #ffffff\" target=\"_self\"> Almer\u00eda<\/a><\/h5>\n\n\n        \n            <span class=\"project_category\" style=\"color: #ffffff\" >\n    Andalusien    <\/span>\n\n    <\/div>\n\n        \n<\/article>\n<article class='mix portfolio_category_71 portfolio_category_89 default' style=''>\n    \n    \n    \n    \n            <div class=\"item_holder thin_plus_only\">\n\n                    <div class=\"text_holder\">\n        <div class=\"text_holder_outer\">\n            <div class=\"text_holder_inner\">\n                            <span class=\"thin_plus_only_icon\">+<\/span>\n                        <\/div>\n        <\/div>\n    <\/div>\n\n                                    <a itemprop=\"url\" class=\"portfolio_link_class\" title=\"Andalusien\" href=\"https:\/\/guialuz.com\/de\/info\/andalusien\/\"><\/a>\n                \n                <div style=\"\" class=\"portfolio_shader\"><\/div>\n                <div class=\"image_holder\">\n                    \n<span class='image'><img loading=\"lazy\" decoding=\"async\" width=\"500\" height=\"281\" src=\"https:\/\/guialuz.com\/wp-content\/uploads\/guia-luz-andalucia-andalusia-andalusien2.jpg\" class=\"attachment-full size-full wp-post-image\" alt=\"Andaluc\u00eda Andalusia Andalusien\" \/><\/span>                <\/div>\n            <\/div>\n\n                <div class='portfolio_description ' >\n\n        \n    <h5 itemprop=\"name\" class=\"portfolio_title entry_title\"><a itemprop=\"url\" href=\"https:\/\/guialuz.com\/de\/info\/andalusien\/\" style=\"color: #ffffff\" target=\"_self\"> Andalusien<\/a><\/h5>\n\n\n        \n            <span class=\"project_category\" style=\"color: #ffffff\" >\n    Andalusien, Reiseziele    <\/span>\n\n    <\/div>\n\n        \n<\/article>\n<article class='mix portfolio_category_71 default' style=''>\n    \n    \n    \n    \n            <div class=\"item_holder thin_plus_only\">\n\n                    <div class=\"text_holder\">\n        <div class=\"text_holder_outer\">\n            <div class=\"text_holder_inner\">\n                            <span class=\"thin_plus_only_icon\">+<\/span>\n                        <\/div>\n        <\/div>\n    <\/div>\n\n                                    <a itemprop=\"url\" class=\"portfolio_link_class\" title=\"Costa de la Luz\" href=\"https:\/\/guialuz.com\/de\/info\/costa-la-luz\/\"><\/a>\n                \n                <div style=\"\" class=\"portfolio_shader\"><\/div>\n                <div class=\"image_holder\">\n                    \n<span class='image'><img loading=\"lazy\" decoding=\"async\" width=\"500\" height=\"281\" src=\"https:\/\/guialuz.com\/wp-content\/uploads\/guialuz-costa-de-la-luz.jpg\" class=\"attachment-full size-full wp-post-image\" alt=\"Costa de la Luz\" \/><\/span>                <\/div>\n            <\/div>\n\n                <div class='portfolio_description ' >\n\n        \n    <h5 itemprop=\"name\" class=\"portfolio_title entry_title\"><a itemprop=\"url\" href=\"https:\/\/guialuz.com\/de\/info\/costa-la-luz\/\" style=\"color: #ffffff\" target=\"_self\"> Costa de la Luz<\/a><\/h5>\n\n\n        \n            <span class=\"project_category\" style=\"color: #ffffff\" >\n    Andalusien    <\/span>\n\n    <\/div>\n\n        \n<\/article>\n<article class='mix portfolio_category_71 default' style=''>\n    \n    \n    \n    \n            <div class=\"item_holder thin_plus_only\">\n\n                    <div class=\"text_holder\">\n        <div class=\"text_holder_outer\">\n            <div class=\"text_holder_inner\">\n                            <span class=\"thin_plus_only_icon\">+<\/span>\n                        <\/div>\n        <\/div>\n    <\/div>\n\n                                    <a itemprop=\"url\" class=\"portfolio_link_class\" title=\"Granada\" href=\"https:\/\/guialuz.com\/de\/info\/granada\/\"><\/a>\n                \n                <div style=\"\" class=\"portfolio_shader\"><\/div>\n                <div class=\"image_holder\">\n                    \n<span class='image'><img loading=\"lazy\" decoding=\"async\" width=\"500\" height=\"281\" src=\"https:\/\/guialuz.com\/wp-content\/uploads\/Granada.jpg\" class=\"attachment-full size-full wp-post-image\" alt=\"Granada Patio de los Leones\" \/><\/span>                <\/div>\n            <\/div>\n\n                <div class='portfolio_description ' >\n\n        \n    <h5 itemprop=\"name\" class=\"portfolio_title entry_title\"><a itemprop=\"url\" href=\"https:\/\/guialuz.com\/de\/info\/granada\/\" style=\"color: #ffffff\" target=\"_self\"> Granada<\/a><\/h5>\n\n\n        \n            <span class=\"project_category\" style=\"color: #ffffff\" >\n    Andalusien    <\/span>\n\n    <\/div>\n\n        \n<\/article>\n<article class='mix portfolio_category_71 default' style=''>\n    \n    \n    \n    \n            <div class=\"item_holder thin_plus_only\">\n\n                    <div class=\"text_holder\">\n        <div class=\"text_holder_outer\">\n            <div class=\"text_holder_inner\">\n                            <span class=\"thin_plus_only_icon\">+<\/span>\n                        <\/div>\n        <\/div>\n    <\/div>\n\n                                    <a itemprop=\"url\" class=\"portfolio_link_class\" title=\"Costa del Sol\" href=\"https:\/\/guialuz.com\/de\/info\/costa-del-sol\/\"><\/a>\n                \n                <div style=\"\" class=\"portfolio_shader\"><\/div>\n                <div class=\"image_holder\">\n                    \n<span class='image'><img loading=\"lazy\" decoding=\"async\" width=\"500\" height=\"281\" src=\"https:\/\/guialuz.com\/wp-content\/uploads\/guialuz-costa-del-sol.jpg\" class=\"attachment-full size-full wp-post-image\" alt=\"\" \/><\/span>                <\/div>\n            <\/div>\n\n                <div class='portfolio_description ' >\n\n        \n    <h5 itemprop=\"name\" class=\"portfolio_title entry_title\"><a itemprop=\"url\" href=\"https:\/\/guialuz.com\/de\/info\/costa-del-sol\/\" style=\"color: #ffffff\" target=\"_self\"> Costa del Sol<\/a><\/h5>\n\n\n        \n            <span class=\"project_category\" style=\"color: #ffffff\" >\n    Andalusien    <\/span>\n\n    <\/div>\n\n        \n<\/article>\n<article class='mix portfolio_category_71 portfolio_category_78 default' style=''>\n    \n    \n    \n    \n            <div class=\"item_holder thin_plus_only\">\n\n                    <div class=\"text_holder\">\n        <div class=\"text_holder_outer\">\n            <div class=\"text_holder_inner\">\n                            <span class=\"thin_plus_only_icon\">+<\/span>\n                        <\/div>\n        <\/div>\n    <\/div>\n\n                                    <a itemprop=\"url\" class=\"portfolio_link_class\" title=\"Huelva\" href=\"https:\/\/guialuz.com\/de\/info\/huelva\/\"><\/a>\n                \n                <div style=\"\" class=\"portfolio_shader\"><\/div>\n                <div class=\"image_holder\">\n                    \n<span class='image'><img loading=\"lazy\" decoding=\"async\" width=\"500\" height=\"281\" src=\"https:\/\/guialuz.com\/wp-content\/uploads\/guialuz-huelva.jpg\" class=\"attachment-full size-full wp-post-image\" alt=\"\" \/><\/span>                <\/div>\n            <\/div>\n\n                <div class='portfolio_description ' >\n\n        \n    <h5 itemprop=\"name\" class=\"portfolio_title entry_title\"><a itemprop=\"url\" href=\"https:\/\/guialuz.com\/de\/info\/huelva\/\" style=\"color: #ffffff\" target=\"_self\"> Huelva<\/a><\/h5>\n\n\n        \n            <span class=\"project_category\" style=\"color: #ffffff\" >\n    Andalusien, Costa de la Luz    <\/span>\n\n    <\/div>\n\n        \n<\/article>\n<article class='mix portfolio_category_71 default' style=''>\n    \n    \n    \n    \n            <div class=\"item_holder thin_plus_only\">\n\n                    <div class=\"text_holder\">\n        <div class=\"text_holder_outer\">\n            <div class=\"text_holder_inner\">\n                            <span class=\"thin_plus_only_icon\">+<\/span>\n                        <\/div>\n        <\/div>\n    <\/div>\n\n                                    <a itemprop=\"url\" class=\"portfolio_link_class\" title=\"Ja\u00e9n\" href=\"https:\/\/guialuz.com\/de\/info\/jaen\/\"><\/a>\n                \n                <div style=\"\" class=\"portfolio_shader\"><\/div>\n                <div class=\"image_holder\">\n                    \n<span class='image'><img loading=\"lazy\" decoding=\"async\" width=\"500\" height=\"281\" src=\"https:\/\/guialuz.com\/wp-content\/uploads\/guialuz-jaen.jpg\" class=\"attachment-full size-full wp-post-image\" alt=\"catedral de Ja\u00e9n, cathedral, Kathedrale\" \/><\/span>                <\/div>\n            <\/div>\n\n                <div class='portfolio_description ' >\n\n        \n    <h5 itemprop=\"name\" class=\"portfolio_title entry_title\"><a itemprop=\"url\" href=\"https:\/\/guialuz.com\/de\/info\/jaen\/\" style=\"color: #ffffff\" target=\"_self\"> Ja\u00e9n<\/a><\/h5>\n\n\n        \n            <span class=\"project_category\" style=\"color: #ffffff\" >\n    Andalusien    <\/span>\n\n    <\/div>\n\n        \n<\/article>\n<article class='mix portfolio_category_71 portfolio_category_86 default' style=''>\n    \n    \n    \n    \n            <div class=\"item_holder thin_plus_only\">\n\n                    <div class=\"text_holder\">\n        <div class=\"text_holder_outer\">\n            <div class=\"text_holder_inner\">\n                            <span class=\"thin_plus_only_icon\">+<\/span>\n                        <\/div>\n        <\/div>\n    <\/div>\n\n                                    <a itemprop=\"url\" class=\"portfolio_link_class\" title=\"M\u00e1laga\" href=\"https:\/\/guialuz.com\/de\/info\/malaga\/\"><\/a>\n                \n                <div style=\"\" class=\"portfolio_shader\"><\/div>\n                <div class=\"image_holder\">\n                    \n<span class='image'><img loading=\"lazy\" decoding=\"async\" width=\"500\" height=\"281\" src=\"https:\/\/guialuz.com\/wp-content\/uploads\/guialuz-malaga.jpg\" class=\"attachment-full size-full wp-post-image\" alt=\"\" \/><\/span>                <\/div>\n            <\/div>\n\n                <div class='portfolio_description ' >\n\n        \n    <h5 itemprop=\"name\" class=\"portfolio_title entry_title\"><a itemprop=\"url\" href=\"https:\/\/guialuz.com\/de\/info\/malaga\/\" style=\"color: #ffffff\" target=\"_self\"> M\u00e1laga<\/a><\/h5>\n\n\n        \n            <span class=\"project_category\" style=\"color: #ffffff\" >\n    Andalusien, Costa del Sol    <\/span>\n\n    <\/div>\n\n        \n<\/article>\n<article class='mix portfolio_category_71 default' style=''>\n    \n    \n    \n    \n            <div class=\"item_holder thin_plus_only\">\n\n                    <div class=\"text_holder\">\n        <div class=\"text_holder_outer\">\n            <div class=\"text_holder_inner\">\n                            <span class=\"thin_plus_only_icon\">+<\/span>\n                        <\/div>\n        <\/div>\n    <\/div>\n\n                                    <a itemprop=\"url\" class=\"portfolio_link_class\" title=\"Die Wei\u00dfen D\u00f6rfer\" href=\"https:\/\/guialuz.com\/de\/info\/die-weissen-doerfer\/\"><\/a>\n                \n                <div style=\"\" class=\"portfolio_shader\"><\/div>\n                <div class=\"image_holder\">\n                    \n<span class='image'><img loading=\"lazy\" decoding=\"async\" width=\"500\" height=\"281\" src=\"https:\/\/guialuz.com\/wp-content\/uploads\/guialuz-pueblos-blancos.jpg\" class=\"attachment-full size-full wp-post-image\" alt=\"pueblos blancos vejer de la frontera\" \/><\/span>                <\/div>\n            <\/div>\n\n                <div class='portfolio_description ' >\n\n        \n    <h5 itemprop=\"name\" class=\"portfolio_title entry_title\"><a itemprop=\"url\" href=\"https:\/\/guialuz.com\/de\/info\/die-weissen-doerfer\/\" style=\"color: #ffffff\" target=\"_self\"> Die Wei\u00dfen D\u00f6rfer<\/a><\/h5>\n\n\n        \n            <span class=\"project_category\" style=\"color: #ffffff\" >\n    Andalusien    <\/span>\n\n    <\/div>\n\n        \n<\/article>\n        <div class='filler'><\/div>\n            <div class='filler'><\/div>\n            <div class='filler'><\/div>\n            <div class='filler'><\/div>\n        <\/div>\n\n    \n    <\/div>[vc_empty_space][\/vc_column][\/vc_row]<\/p>\n<\/div>","protected":false},"excerpt":{"rendered":"<p>[vc_row css_animation=&#8220;&#8220; row_type=&#8220;row&#8220; use_row_as_full_screen_section=&#8220;no&#8220; type=&#8220;full_width&#8220; anchor=&#8220;news&#8220; angled_section=&#8220;no&#8220; text_align=&#8220;center&#8220; background_image=&#8220;780&#8243; background_image_as_pattern=&#8220;without_pattern&#8220; css=&#8220;.vc_custom_1493306726512{padding-top: 0% !important;padding-bottom: 0% !important;}&#8220;][vc_column css=&#8220;.vc_custom_1469530614343{padding-top: 16.9% !important;padding-bottom: 13.9% !important;}&#8220;][vc_column_text][\/vc_column_text][\/vc_column][\/vc_row][vc_row css_animation=&#8220;&#8220; row_type=&#8220;row&#8220; use_row_as_full_screen_section=&#8220;no&#8220; type=&#8220;grid&#8220; angled_section=&#8220;no&#8220; text_align=&#8220;left&#8220; background_image_as_pattern=&#8220;without_pattern&#8220;][vc_column][vc_empty_space][vc_column_text] \u00a0Ja\u00e9n in Andalusien Spanien [\/vc_column_text][vc_empty_space height=&#8220;30px&#8220;][vc_empty_space height=&#8220;30px&#8220;][\/vc_column][\/vc_row][vc_row css_animation=&#8220;&#8220; row_type=&#8220;row&#8220; use_row_as_full_screen_section=&#8220;no&#8220; type=&#8220;grid&#8220; angled_section=&#8220;no&#8220; text_align=&#8220;left&#8220; background_image_as_pattern=&#8220;without_pattern&#8220;][vc_column width=&#8220;1\/2&#8243;][vc_empty_space][vc_accordion style=&#8220;accordion&#8220;][vc_accordion_tab title=&#8220;Ja\u00e9n Stadt&#8220;&#8230;<\/p>\n","protected":false},"author":1,"featured_media":806,"menu_order":0,"comment_status":"closed","ping_status":"closed","template":"","portfolio_category":[71],"portfolio_tag":[],"_links":{"self":[{"href":"https:\/\/guialuz.com\/de\/wp-json\/wp\/v2\/portfolio_page\/1862"}],"collection":[{"href":"https:\/\/guialuz.com\/de\/wp-json\/wp\/v2\/portfolio_page"}],"about":[{"href":"https:\/\/guialuz.com\/de\/wp-json\/wp\/v2\/types\/portfolio_page"}],"author":[{"embeddable":true,"href":"https:\/\/guialuz.com\/de\/wp-json\/wp\/v2\/users\/1"}],"replies":[{"embeddable":true,"href":"https:\/\/guialuz.com\/de\/wp-json\/wp\/v2\/comments?post=1862"}],"wp:featuredmedia":[{"embeddable":true,"href":"https:\/\/guialuz.com\/de\/wp-json\/wp\/v2\/media\/806"}],"wp:attachment":[{"href":"https:\/\/guialuz.com\/de\/wp-json\/wp\/v2\/media?parent=1862"}],"wp:term":[{"taxonomy":"portfolio_category","embeddable":true,"href":"https:\/\/guialuz.com\/de\/wp-json\/wp\/v2\/portfolio_category?post=1862"},{"taxonomy":"portfolio_tag","embeddable":true,"href":"https:\/\/guialuz.com\/de\/wp-json\/wp\/v2\/portfolio_tag?post=1862"}],"curies":[{"name":"wp","href":"https:\/\/api.w.org\/{rel}","templated":true}]}}