{"id":1863,"date":"2017-09-12T06:04:09","date_gmt":"2017-09-12T06:04:09","guid":{"rendered":"https:\/\/guialuz.com\/de\/?post_type=portfolio_page&#038;p=1863"},"modified":"2017-12-19T16:37:16","modified_gmt":"2017-12-19T16:37:16","slug":"malaga","status":"publish","type":"portfolio_page","link":"https:\/\/guialuz.com\/de\/info\/malaga\/","title":{"rendered":"M\u00e1laga"},"content":{"rendered":"<div class=\"wpb-content-wrapper\"><p>[vc_row css_animation=&#8220;&#8220; row_type=&#8220;row&#8220; use_row_as_full_screen_section=&#8220;no&#8220; type=&#8220;full_width&#8220; anchor=&#8220;news&#8220; angled_section=&#8220;no&#8220; text_align=&#8220;center&#8220; background_image=&#8220;782&#8243; background_image_as_pattern=&#8220;without_pattern&#8220; css=&#8220;.vc_custom_1493306943445{padding-top: 0% !important;padding-bottom: 0% !important;}&#8220;][vc_column css=&#8220;.vc_custom_1469530614343{padding-top: 16.9% !important;padding-bottom: 13.9% !important;}&#8220;][vc_column_text][\/vc_column_text][\/vc_column][\/vc_row][vc_row css_animation=&#8220;&#8220; row_type=&#8220;row&#8220; use_row_as_full_screen_section=&#8220;no&#8220; type=&#8220;grid&#8220; angled_section=&#8220;no&#8220; text_align=&#8220;left&#8220; background_image_as_pattern=&#8220;without_pattern&#8220;][vc_column][vc_empty_space][vc_column_text]<\/p>\n<h1 style=\"text-align: center;\">Besuchen Sie Malaga Stadt<\/h1>\n<p>[\/vc_column_text][vc_empty_space height=&#8220;30px&#8220;][vc_empty_space height=&#8220;30px&#8220;][\/vc_column][\/vc_row][vc_row css_animation=&#8220;&#8220; row_type=&#8220;row&#8220; use_row_as_full_screen_section=&#8220;no&#8220; type=&#8220;grid&#8220; angled_section=&#8220;no&#8220; text_align=&#8220;left&#8220; background_image_as_pattern=&#8220;without_pattern&#8220;][vc_column width=&#8220;1\/2&#8243;][vc_empty_space][vc_accordion style=&#8220;accordion&#8220;][vc_accordion_tab title=&#8220;M\u00e1laga, Hauptstadt der Provinz&#8220; title_tag=&#8220;h3&#8243;][vc_column_text]Besuchen Sie die <strong>Malaga Stadt<\/strong>, das kulturelle Zentrum von Andalusien. Eine Stadt, die ebenso ihr tausendfaches kulturelles Erbe bewahrt hat wie ihren Charakter als Fischerst\u00e4dtchen. Zudem stellt sie in ihren Museen die sch\u00f6nsten Werke moderner Kunst aus wie die von ihrem ber\u00fchmtesten Sohn Pablo Ruiz <strong>Picasso<\/strong>\u00a0oder auch internationale Ausstellungen zeigt wie im Museum Carmen Thyssen M\u00e1laga.<\/p>\n<p>M\u00e1laga ist die zweitgr\u00f6\u00dfte Stadt der autonomen Region Andalusien im K\u00f6nigtum Spanien. Sie ist die <strong>Hauptstadt der Provinz M\u00e1laga<\/strong>. Eine der St\u00e4dte, die die ber\u00fchmte <a href=\"https:\/\/guialuz.com\/de\/info\/costa-del-sol\/\">Costa del Sol<\/a> bilden. Sie liegt im \u00f6stlichen Mittelmeer und im S\u00fcden der Iberischen Halbinsel.<\/p>\n<p>Die Stadt ist zwischen drei nat\u00fcrlichen Reliefs unterschiedlicher Topografie gelegen, die ihre einzigartiges subtropisch-mediterranes Klima bestimmen. Der Stadtkern erstreckt sich \u00fcber das sogenannte Hoya de M\u00e1laga (Mulde von M\u00e1laga), ein flaches K\u00fcstengebiet mit Schwemmland zwischen den Flussm\u00fcndungen der Fl\u00fcsse Guadalmina und Guadalhorce. Der Norden und Osten wird durch die H\u00fcgel von M\u00e1laga gebildet und der Westen durch die Flussaue des Guadalhorce.[\/vc_column_text][\/vc_accordion_tab][vc_accordion_tab title=&#8220;Das Wetter von M\u00e1laga&#8220;][vc_column_text]Das <strong>Wetter von Malaga<\/strong>\u00a0Stadt ist stabil w\u00e4hrend des ganzen Jahres. Die Jahresdurchschnittstemperatur liegt bei 18, 5 Grad Celsius, mit milden Wintern und hei\u00dfen Sommern. Im Herbst und Fr\u00fchjahr gibt es exzellente atmosph\u00e4rische Bedingungen, um die Sonne zu genie\u00dfen.[\/vc_column_text][\/vc_accordion_tab][vc_accordion_tab title=&#8220;Anreise nach M\u00e1laga&#8220; title_tag=&#8220;h5&#8243;][vc_column_text]Die Reisenden, die eine <strong>Reise nach M\u00e1laga<\/strong> planen, finden erstklassige Verbindungen nach M\u00e1laga vor. F\u00fcr die Anreise mit dem Flugzeug bietet der internationale<strong> Flughafen von M\u00e1laga<\/strong> st\u00e4ndige Flugverbindungen zu den Zielen der wichtigsten St\u00e4dte Europas.<\/p>\n<p>&nbsp;<\/p>\n<p>F\u00fcr die Anreise per Bahn bietet der Hochgeschwindigkeitszug AVE Zugverbindungen von Madrid nach M\u00e1laga an. F\u00fcr die Anreise per Fahrzeug verbindet das Netz der Autobahnen und Schnellstra\u00dfen M\u00e1laga mit Sevilla und den wichtigsten St\u00e4dten Andalusiens. Es ist auch m\u00f6glich, nach M\u00e1laga mit dem Schiff anzureisen. Der <strong>Hafen von M\u00e1laga<\/strong> befindet sich im Zentrum der Stadt, er ist einer der wichtigsten in Europa, in Malaga kommen Kreuzfahrten aus verschiedenen Kontinenten an.[\/vc_column_text][\/vc_accordion_tab][vc_accordion_tab title=&#8220;Geschichte von M\u00e1laga&#8220; title_tag=&#8220;h6&#8243;][vc_column_text]M\u00e1laga ist eine sehr alte Stadt im Mittelmeerraum. Die mehr als 3000-j\u00e4hrige<strong> Geschichte von M\u00e1laga<\/strong>\u00a0Stadt wird bezeugt durch die Reste der Belagerungen. Wenn wir in ihre Geschichte eintauchen, finden wir als ihre Gr\u00fcnder die Ph\u00f6nizier, die ihr den Namen Malaka gaben. Zum einen boten sich ihnen g\u00fcnstige Bedingungen die Stadt einzunehmen, zum anderen gab es Silber- und Kupfervorkommen.<\/p>\n<p>Nach Ankunft und sp\u00e4terer Besiedlung durch die Karthager wurde sie Teil der r\u00f6mischen Herrschaft, unter den R\u00f6mern durchlief sie eine bedeutende Entwicklung. Zeichen dieser Epoche sind <strong>das r\u00f6mische Theater von M\u00e1laga<\/strong>, \u00f6ffentliche Thermen und eine gro\u00dfe Anzahl von bildhauerischen Resten, die im arch\u00e4ologischen Museum von M\u00e1laga aufbewahrt werden.<\/p>\n<p>&nbsp;<\/p>\n<p>Mit der <strong>Eroberung durch die Mauren <\/strong>wurde aus M\u00e1laga eine florierende Stadt. Die Stadt war durch Stadtmauern befestigt. Ihre Hauptaktivit\u00e4t war Handel und Handwerk, und sie war die Hauptstadt verschiedener K\u00f6nigreiche. Zu dieser Epoche geh\u00f6ren der Alcazaba (Festung) von M\u00e1laga, die Burg von Gibralfaro sowie die Existenz von Au\u00dfenbezirken wie El Parabel und La Victoria.\u00a0Bei der R\u00fcckeroberung durch die Christen erlitt M\u00e1laga eine der l\u00e4ngsten und blutigsten Belagerungen der Nazar\u00ed-Epoche und viele Einwohner wurden versklavt oder starben. Durch den Einfluss der kastilischen K\u00f6nige wurde die Kathedrale von M\u00e1laga \u00fcber den Fundamenten der Hauptmoschee gebaut, sie ist ein Bauwerk des Architekten Diego de Silo\u00e9. Die Stadt breitete sich au\u00dferhalb der Stadtmauern aus, und es entstanden Stadtviertel wie Trinidad und Capuchinos.<\/p>\n<p>Im 16. und 17. Jhdt. trat M\u00e1laga in eine instabile Epoche ein, ihre Bev\u00f6lkerung reduzierte sich nach der Vertreibung der Mauren von Granada durch Epidemien und \u00dcberschwemmungen und die \u00dcbertretungen des Flusses Guadalmina. Danach und dank ihres Hafens wurde sie eine reiche Handelsstadt.<\/p>\n<p>&nbsp;<\/p>\n<p>Durch die ausgezeichnete Qualit\u00e4t ihrer Produkte wie S\u00fc\u00dfweine und andere Weine zog sie Menschen aus Flandern, Frankreich oder England an. Die Bedeutung dieser Produkte l\u00e4sst sich im <strong>Weinmuseum in Malaga<\/strong>\u00a0Stadt erkennen, ein Zentrum, in dem die Geschichte, Kultur, Kunst und die Herstellung der Weine der Provinz M\u00e1laga gezeigt wird. Es gibt eine Ausstellung mit mehr als 400 Lithographien (Etiketten und Werbeplakate des 19. und 20. Jhdts.), Interpretationszentrum, Verkostungsraum, Raum f\u00fcr Weiterbildung und ein Gesch\u00e4ft. Das Zentrum tr\u00e4gt zur Verbreitung der Kultur der Weine mit der Herkunftsbezeichnung Malaga\u00a0und Sierra de M\u00e1laga bei.[\/vc_column_text][\/vc_accordion_tab][vc_accordion_tab title=&#8220;Sehensw\u00fcrdigkeiten in Malaga Stadt&#8220;][vc_column_text]Viele ihrer Sehensw\u00fcrdigkeiten befinden sich auf und rund um den H\u00fcgel Gibralfaro. Die <strong>Burg Gibralfaro<\/strong> thront auf dem H\u00fcgel \u00fcber einem ph\u00f6nizischen Ring, der fr\u00fcher einen Leuchtturm besa\u00df. Am Fu\u00df des H\u00fcgels liegt die <strong>Alcazaba von Malaga<\/strong> (Festung). Nach der R\u00fcckeroberung wurde die <strong>Kathedrale von Malaga<\/strong> Santa Iglesia Catedral Bas\u00edlica de la Encarnaci\u00f3n gebaut, heute im Renaissance-Stil mit Teilen im Barock. Ganz in der N\u00e4he befindet sich der Palacio Episcopal (Bischofspalast) mit dem Museum f\u00fcr Sakralkunst.<\/p>\n<p>Aber ein Besuch w\u00e4re nicht vollst\u00e4ndig ohne einen Streifzug rund um den Hafen von M\u00e1laga mit seinen Parks und G\u00e4rten wie dem Weg Paseo del Parque de M\u00e1laga, wo wir Teiche, Brunnen oder Plastiken, die lokalen Personen gewidmet sind, finden. Oder der k\u00fcrzlich eingeweihte moderne Park Parque Palmeral de las Sorpresas im Hafen von M\u00e1laga.<\/p>\n<p>Im n\u00f6rdlichen Teil der Stadt, befindet sich der Palast Palacio de la Aduana, das <strong>Museo de Bellas Artes<\/strong> (Museum der sch\u00f6nen K\u00fcnste) und das Rathaus von Malaga, die Plaza de Toros de la Malagueta (Stierkampfarena) im Neo-Mud\u00e9jar Stil und das Museum der Stierkampf Kunst. Am anderen Teil der Stadt in der N\u00e4he des Hafens finden wir die Aula del Mar-Museo Alborania (Museum rund ums Thema Meer) und das Centro de Arte Contemporaneo (Zentrum zeitgen\u00f6ssischer Kunst).<\/p>\n<p>In die historische Altstadt gelangen wir durch die Gesch\u00e4ftsstra\u00dfe Marqu\u00e9s de Larios, bis hierhin reichen Feste und Feiern wie das Volksfest, die <strong>Feria von M\u00e1laga<\/strong>, diese Stra\u00dfe bringt uns bis zum Plaza de Constituci\u00f3n, wo die Hauptveranstaltungen der Stadt stattfinden. Dieselbe Stra\u00dfe, die uns zum Museo de Artes y Costumbres Populares (Museum der Kunst und Traditionen) f\u00fchrt, leitet uns weiter bis zur Markthalle Atarazanas, wo man ein Tor aus der Zeit der Mauren sehen kann: La puerta de Atarazanas. Sch\u00f6ne offene Pl\u00e4tze k\u00f6nnen wir an der Plaza del Obispo und der Plaza de la Merced entdecken.<\/p>\n<p>Andere architektonisch interessante Bauten, die es in M\u00e1laga zu besichtigen gibt, sind die Kirchen Iglesia de Santiago, Bas\u00edlica de Santa Mar\u00eda de la Victoria, Iglesia de los Santos M\u00e1rtires, Iglesia de los San Juan, die Iglesia de San Felipe de Neri sowie der Palacio del Conde de Villalc\u00e1zar, indem sich die Handelskammer befindet.<\/p>\n<p>Die Bedeutung des Naturerbes l\u00e4sst sich in G\u00e4rten wie dem botanischen Garten von <strong>M\u00e1laga Jard\u00edn Bot\u00e1nico-<\/strong>Hist\u00f3rico La Concepci\u00f3n und den Jardines de Pedro Luis Alonso sehen oder den Jardines de Puerta Oscura.[\/vc_column_text][\/vc_accordion_tab][vc_accordion_tab title=&#8220;Die besten Museen von Malaga&#8220; title_tag=&#8220;h4&#8243;][vc_column_text]Unter den Zentren von kultureller Bedeutung ist das <strong>Picasso Museum<\/strong> in der San Agust\u00edn Stra\u00dfe im Palacio de los Condes de Buena Vista, in dem 200 Kunstwerke in verschiedenen Formaten ausgestellt werden, die eine der wichtigsten Sammlungen weltweit bilden. Ein weiteres Museum, das nicht im Rahmen eines Besuches von M\u00e1laga fehlen darf, ist das <strong>Museum Carmen Thyssen<\/strong> im Palacio de Villal\u00f3n. Es ist bedeutend, um die andalusische Kunst des 19. Jhdts. zu verstehen. Es gibt hier u.a. eine permanente Ausstellung der Sammlung der Werke von Zurbar\u00e1n, Morano, Carboner, Sorolla, Fortune oder Julio Romero de Torres.<\/p>\n<p>K\u00fcrzlich wurden Zentren errichtet, die ein weiteres Zeichen der kosmopolitischen Stadt sind und eine weiteren Stempel im kulturellen Erbe der Stadt hinterlassen. Hier werden Werke der Malerei ausgestellt, die urspr\u00fcnglich aus anderen L\u00e4ndern stammen wie im <strong>Centre Pompidou<\/strong> sowie die Sammlung des Museo Ruso M\u00e1laga, San Petersburgo (Russisches Museum M\u00e1laga, St. Petersburg). Des Weiteren gibt es auch spezielle Museen wie das Museo Automovilistico (Automobil- und Mode-Museum) oder das Museo de Vidrio (Museum der Glaskunst).[\/vc_column_text][\/vc_accordion_tab][vc_accordion_tab title=&#8220;Str\u00e4nde von M\u00e1laga&#8220;][vc_column_text]Wir beenden unseren Rundgang an den Str\u00e4nden von M\u00e1laga. Es lohnt sich, die Str\u00e4nde Playa de la Malagueta, Playa Pedregalejo-Las Acacias oder Playa San And\u0155es, die eher in der Stadt liegen, und andere eher au\u00dferhalb gelegene aber mit einem speziellen Charme behaftete wie Playa del Pe\u00f1\u00f3n del Cuervo zu besuchen. Verpassen Sie nicht die Strandpromenaden Paseo Mar\u00edtimo de Pablo Ruiz Picasso, Antonio Machado oder El Candado.[\/vc_column_text][\/vc_accordion_tab][\/vc_accordion][\/vc_column][vc_column width=&#8220;1\/2&#8243;][vc_empty_space][vc_gallery type=&#8220;image_grid&#8220; images=&#8220;637,638,639,640,641,642,643,644,645,646,647,1476&#8243; column_number=&#8220;4&#8243; grayscale=&#8220;no&#8220; images_space=&#8220;gallery_with_space&#8220;][\/vc_column][\/vc_row][vc_row css_animation=&#8220;&#8220; row_type=&#8220;row&#8220; use_row_as_full_screen_section=&#8220;no&#8220; type=&#8220;full_width&#8220; angled_section=&#8220;no&#8220; text_align=&#8220;left&#8220; background_image_as_pattern=&#8220;without_pattern&#8220;][vc_column][vc_empty_space][\/vc_column][\/vc_row][vc_row css_animation=&#8220;&#8220; row_type=&#8220;row&#8220; use_row_as_full_screen_section=&#8220;no&#8220; type=&#8220;full_width&#8220; angled_section=&#8220;no&#8220; text_align=&#8220;left&#8220; background_image_as_pattern=&#8220;without_pattern&#8220;][vc_column][vc_column_text]<iframe loading=\"lazy\" style=\"border: 0;\" src=\"https:\/\/www.google.com\/maps\/embed?pb=!1m18!1m12!1m3!1d102279.67750729005!2d-4.494400289915602!3d36.76481142314614!2m3!1f0!2f0!3f0!3m2!1i1024!2i768!4f13.1!3m3!1m2!1s0xd72f6698d30d151%3A0x403d278a576e680!2zTcOhbGFnYSwgUHJvdmlueiBNw6FsYWdhLCBTcGFuaWVu!5e0!3m2!1sde!2sde!4v1493285914254\" width=\"100%\" height=\"350\" frameborder=\"0\" allowfullscreen=\"allowfullscreen\"><\/iframe>[\/vc_column_text][\/vc_column][\/vc_row][vc_row css_animation=&#8220;&#8220; row_type=&#8220;row&#8220; use_row_as_full_screen_section=&#8220;no&#8220; type=&#8220;grid&#8220; angled_section=&#8220;no&#8220; text_align=&#8220;left&#8220; background_image_as_pattern=&#8220;without_pattern&#8220; css=&#8220;.vc_custom_1469778626730{padding-top: 7.3% !important;padding-bottom: 6.4% !important;}&#8220;][vc_column][vc_column_text]<\/p>\n<h2 style=\"text-align: center;\">Mehr Informationen<\/h2>\n<p>[\/vc_column_text][\/vc_column][\/vc_row][vc_row css_animation=&#8220;&#8220; row_type=&#8220;row&#8220; use_row_as_full_screen_section=&#8220;no&#8220; type=&#8220;grid&#8220; angled_section=&#8220;no&#8220; text_align=&#8220;left&#8220; background_image_as_pattern=&#8220;without_pattern&#8220;][vc_column]<div class='projects_holder_outer v4 portfolio_with_space portfolio_standard'>\n        <div class='projects_holder portfolio_main_holder clearfix v4 standard portfolio_full_image '>\n        \n        <article class='mix portfolio_category_71 default' style=''>\n    \n    \n    \n    \n            <div class=\"item_holder thin_plus_only\">\n\n                    <div class=\"text_holder\">\n        <div class=\"text_holder_outer\">\n            <div class=\"text_holder_inner\">\n                            <span class=\"thin_plus_only_icon\">+<\/span>\n                        <\/div>\n        <\/div>\n    <\/div>\n\n                                    <a itemprop=\"url\" class=\"portfolio_link_class\" title=\"C\u00f3rdoba\" href=\"https:\/\/guialuz.com\/de\/info\/cordoba\/\"><\/a>\n                \n                <div style=\"\" class=\"portfolio_shader\"><\/div>\n                <div class=\"image_holder\">\n                    \n<span class='image'><img loading=\"lazy\" decoding=\"async\" width=\"500\" height=\"281\" src=\"https:\/\/guialuz.com\/wp-content\/uploads\/guialuz-cordoba2.jpg\" class=\"attachment-full size-full wp-post-image\" alt=\"C\u00f3rdoba puente romano - roman bridge cordoba spain - r\u00f6mische Br\u00fccke C\u00f3rdoba Spanien\" \/><\/span>                <\/div>\n            <\/div>\n\n                <div class='portfolio_description ' >\n\n        \n    <h5 itemprop=\"name\" class=\"portfolio_title entry_title\"><a itemprop=\"url\" href=\"https:\/\/guialuz.com\/de\/info\/cordoba\/\" style=\"color: #ffffff\" target=\"_self\"> C\u00f3rdoba<\/a><\/h5>\n\n\n        \n            <span class=\"project_category\" style=\"color: #ffffff\" >\n    Andalusien    <\/span>\n\n    <\/div>\n\n        \n<\/article>\n<article class='mix portfolio_category_71 default' style=''>\n    \n    \n    \n    \n            <div class=\"item_holder thin_plus_only\">\n\n                    <div class=\"text_holder\">\n        <div class=\"text_holder_outer\">\n            <div class=\"text_holder_inner\">\n                            <span class=\"thin_plus_only_icon\">+<\/span>\n                        <\/div>\n        <\/div>\n    <\/div>\n\n                                    <a itemprop=\"url\" class=\"portfolio_link_class\" title=\"Sevilla\" href=\"https:\/\/guialuz.com\/de\/info\/sevilla\/\"><\/a>\n                \n                <div style=\"\" class=\"portfolio_shader\"><\/div>\n                <div class=\"image_holder\">\n                    \n<span class='image'><img loading=\"lazy\" decoding=\"async\" width=\"500\" height=\"281\" src=\"https:\/\/guialuz.com\/wp-content\/uploads\/guialuz-sevilla.jpg\" class=\"attachment-full size-full wp-post-image\" alt=\"\" \/><\/span>                <\/div>\n            <\/div>\n\n                <div class='portfolio_description ' >\n\n        \n    <h5 itemprop=\"name\" class=\"portfolio_title entry_title\"><a itemprop=\"url\" href=\"https:\/\/guialuz.com\/de\/info\/sevilla\/\" style=\"color: #ffffff\" target=\"_self\"> Sevilla<\/a><\/h5>\n\n\n        \n            <span class=\"project_category\" style=\"color: #ffffff\" >\n    Andalusien    <\/span>\n\n    <\/div>\n\n        \n<\/article>\n<article class='mix portfolio_category_71 portfolio_category_78 default' style=''>\n    \n    \n    \n    \n            <div class=\"item_holder thin_plus_only\">\n\n                    <div class=\"text_holder\">\n        <div class=\"text_holder_outer\">\n            <div class=\"text_holder_inner\">\n                            <span class=\"thin_plus_only_icon\">+<\/span>\n                        <\/div>\n        <\/div>\n    <\/div>\n\n                                    <a itemprop=\"url\" class=\"portfolio_link_class\" title=\"C\u00e1diz\" href=\"https:\/\/guialuz.com\/de\/info\/cadiz\/\"><\/a>\n                \n                <div style=\"\" class=\"portfolio_shader\"><\/div>\n                <div class=\"image_holder\">\n                    \n<span class='image'><img loading=\"lazy\" decoding=\"async\" width=\"500\" height=\"281\" src=\"https:\/\/guialuz.com\/wp-content\/uploads\/guialuz-cadiz.jpg\" class=\"attachment-full size-full wp-post-image\" alt=\"Gu\u00eda Luz C\u00e1diz\" \/><\/span>                <\/div>\n            <\/div>\n\n                <div class='portfolio_description ' >\n\n        \n    <h5 itemprop=\"name\" class=\"portfolio_title entry_title\"><a itemprop=\"url\" href=\"https:\/\/guialuz.com\/de\/info\/cadiz\/\" style=\"color: #ffffff\" target=\"_self\"> C\u00e1diz<\/a><\/h5>\n\n\n        \n            <span class=\"project_category\" style=\"color: #ffffff\" >\n    Andalusien, Costa de la Luz    <\/span>\n\n    <\/div>\n\n        \n<\/article>\n<article class='mix portfolio_category_71 default' style=''>\n    \n    \n    \n    \n            <div class=\"item_holder thin_plus_only\">\n\n                    <div class=\"text_holder\">\n        <div class=\"text_holder_outer\">\n            <div class=\"text_holder_inner\">\n                            <span class=\"thin_plus_only_icon\">+<\/span>\n                        <\/div>\n        <\/div>\n    <\/div>\n\n                                    <a itemprop=\"url\" class=\"portfolio_link_class\" title=\"Almer\u00eda\" href=\"https:\/\/guialuz.com\/de\/info\/almeria\/\"><\/a>\n                \n                <div style=\"\" class=\"portfolio_shader\"><\/div>\n                <div class=\"image_holder\">\n                    \n<span class='image'><img loading=\"lazy\" decoding=\"async\" width=\"500\" height=\"281\" src=\"https:\/\/guialuz.com\/wp-content\/uploads\/guialuz-almeria-1.jpg\" class=\"attachment-full size-full wp-post-image\" alt=\"la ciudad de Almer\u00eda con la alcazaba - Almer\u00eda City with the Moorish castle - Stadt Almer\u00eda in Spanien\" \/><\/span>                <\/div>\n            <\/div>\n\n                <div class='portfolio_description ' >\n\n        \n    <h5 itemprop=\"name\" class=\"portfolio_title entry_title\"><a itemprop=\"url\" href=\"https:\/\/guialuz.com\/de\/info\/almeria\/\" style=\"color: #ffffff\" target=\"_self\"> Almer\u00eda<\/a><\/h5>\n\n\n        \n            <span class=\"project_category\" style=\"color: #ffffff\" >\n    Andalusien    <\/span>\n\n    <\/div>\n\n        \n<\/article>\n<article class='mix portfolio_category_71 portfolio_category_89 default' style=''>\n    \n    \n    \n    \n            <div class=\"item_holder thin_plus_only\">\n\n                    <div class=\"text_holder\">\n        <div class=\"text_holder_outer\">\n            <div class=\"text_holder_inner\">\n                            <span class=\"thin_plus_only_icon\">+<\/span>\n                        <\/div>\n        <\/div>\n    <\/div>\n\n                                    <a itemprop=\"url\" class=\"portfolio_link_class\" title=\"Andalusien\" href=\"https:\/\/guialuz.com\/de\/info\/andalusien\/\"><\/a>\n                \n                <div style=\"\" class=\"portfolio_shader\"><\/div>\n                <div class=\"image_holder\">\n                    \n<span class='image'><img loading=\"lazy\" decoding=\"async\" width=\"500\" height=\"281\" src=\"https:\/\/guialuz.com\/wp-content\/uploads\/guia-luz-andalucia-andalusia-andalusien2.jpg\" class=\"attachment-full size-full wp-post-image\" alt=\"Andaluc\u00eda Andalusia Andalusien\" \/><\/span>                <\/div>\n            <\/div>\n\n                <div class='portfolio_description ' >\n\n        \n    <h5 itemprop=\"name\" class=\"portfolio_title entry_title\"><a itemprop=\"url\" href=\"https:\/\/guialuz.com\/de\/info\/andalusien\/\" style=\"color: #ffffff\" target=\"_self\"> Andalusien<\/a><\/h5>\n\n\n        \n            <span class=\"project_category\" style=\"color: #ffffff\" >\n    Andalusien, Reiseziele    <\/span>\n\n    <\/div>\n\n        \n<\/article>\n<article class='mix portfolio_category_71 default' style=''>\n    \n    \n    \n    \n            <div class=\"item_holder thin_plus_only\">\n\n                    <div class=\"text_holder\">\n        <div class=\"text_holder_outer\">\n            <div class=\"text_holder_inner\">\n                            <span class=\"thin_plus_only_icon\">+<\/span>\n                        <\/div>\n        <\/div>\n    <\/div>\n\n                                    <a itemprop=\"url\" class=\"portfolio_link_class\" title=\"Costa de la Luz\" href=\"https:\/\/guialuz.com\/de\/info\/costa-la-luz\/\"><\/a>\n                \n                <div style=\"\" class=\"portfolio_shader\"><\/div>\n                <div class=\"image_holder\">\n                    \n<span class='image'><img loading=\"lazy\" decoding=\"async\" width=\"500\" height=\"281\" src=\"https:\/\/guialuz.com\/wp-content\/uploads\/guialuz-costa-de-la-luz.jpg\" class=\"attachment-full size-full wp-post-image\" alt=\"Costa de la Luz\" \/><\/span>                <\/div>\n            <\/div>\n\n                <div class='portfolio_description ' >\n\n        \n    <h5 itemprop=\"name\" class=\"portfolio_title entry_title\"><a itemprop=\"url\" href=\"https:\/\/guialuz.com\/de\/info\/costa-la-luz\/\" style=\"color: #ffffff\" target=\"_self\"> Costa de la Luz<\/a><\/h5>\n\n\n        \n            <span class=\"project_category\" style=\"color: #ffffff\" >\n    Andalusien    <\/span>\n\n    <\/div>\n\n        \n<\/article>\n<article class='mix portfolio_category_71 default' style=''>\n    \n    \n    \n    \n            <div class=\"item_holder thin_plus_only\">\n\n                    <div class=\"text_holder\">\n        <div class=\"text_holder_outer\">\n            <div class=\"text_holder_inner\">\n                            <span class=\"thin_plus_only_icon\">+<\/span>\n                        <\/div>\n        <\/div>\n    <\/div>\n\n                                    <a itemprop=\"url\" class=\"portfolio_link_class\" title=\"Granada\" href=\"https:\/\/guialuz.com\/de\/info\/granada\/\"><\/a>\n                \n                <div style=\"\" class=\"portfolio_shader\"><\/div>\n                <div class=\"image_holder\">\n                    \n<span class='image'><img loading=\"lazy\" decoding=\"async\" width=\"500\" height=\"281\" src=\"https:\/\/guialuz.com\/wp-content\/uploads\/Granada.jpg\" class=\"attachment-full size-full wp-post-image\" alt=\"Granada Patio de los Leones\" \/><\/span>                <\/div>\n            <\/div>\n\n                <div class='portfolio_description ' >\n\n        \n    <h5 itemprop=\"name\" class=\"portfolio_title entry_title\"><a itemprop=\"url\" href=\"https:\/\/guialuz.com\/de\/info\/granada\/\" style=\"color: #ffffff\" target=\"_self\"> Granada<\/a><\/h5>\n\n\n        \n            <span class=\"project_category\" style=\"color: #ffffff\" >\n    Andalusien    <\/span>\n\n    <\/div>\n\n        \n<\/article>\n<article class='mix portfolio_category_71 default' style=''>\n    \n    \n    \n    \n            <div class=\"item_holder thin_plus_only\">\n\n                    <div class=\"text_holder\">\n        <div class=\"text_holder_outer\">\n            <div class=\"text_holder_inner\">\n                            <span class=\"thin_plus_only_icon\">+<\/span>\n                        <\/div>\n        <\/div>\n    <\/div>\n\n                                    <a itemprop=\"url\" class=\"portfolio_link_class\" title=\"Costa del Sol\" href=\"https:\/\/guialuz.com\/de\/info\/costa-del-sol\/\"><\/a>\n                \n                <div style=\"\" class=\"portfolio_shader\"><\/div>\n                <div class=\"image_holder\">\n                    \n<span class='image'><img loading=\"lazy\" decoding=\"async\" width=\"500\" height=\"281\" src=\"https:\/\/guialuz.com\/wp-content\/uploads\/guialuz-costa-del-sol.jpg\" class=\"attachment-full size-full wp-post-image\" alt=\"\" \/><\/span>                <\/div>\n            <\/div>\n\n                <div class='portfolio_description ' >\n\n        \n    <h5 itemprop=\"name\" class=\"portfolio_title entry_title\"><a itemprop=\"url\" href=\"https:\/\/guialuz.com\/de\/info\/costa-del-sol\/\" style=\"color: #ffffff\" target=\"_self\"> Costa del Sol<\/a><\/h5>\n\n\n        \n            <span class=\"project_category\" style=\"color: #ffffff\" >\n    Andalusien    <\/span>\n\n    <\/div>\n\n        \n<\/article>\n<article class='mix portfolio_category_71 portfolio_category_78 default' style=''>\n    \n    \n    \n    \n            <div class=\"item_holder thin_plus_only\">\n\n                    <div class=\"text_holder\">\n        <div class=\"text_holder_outer\">\n            <div class=\"text_holder_inner\">\n                            <span class=\"thin_plus_only_icon\">+<\/span>\n                        <\/div>\n        <\/div>\n    <\/div>\n\n                                    <a itemprop=\"url\" class=\"portfolio_link_class\" title=\"Huelva\" href=\"https:\/\/guialuz.com\/de\/info\/huelva\/\"><\/a>\n                \n                <div style=\"\" class=\"portfolio_shader\"><\/div>\n                <div class=\"image_holder\">\n                    \n<span class='image'><img loading=\"lazy\" decoding=\"async\" width=\"500\" height=\"281\" src=\"https:\/\/guialuz.com\/wp-content\/uploads\/guialuz-huelva.jpg\" class=\"attachment-full size-full wp-post-image\" alt=\"\" \/><\/span>                <\/div>\n            <\/div>\n\n                <div class='portfolio_description ' >\n\n        \n    <h5 itemprop=\"name\" class=\"portfolio_title entry_title\"><a itemprop=\"url\" href=\"https:\/\/guialuz.com\/de\/info\/huelva\/\" style=\"color: #ffffff\" target=\"_self\"> Huelva<\/a><\/h5>\n\n\n        \n            <span class=\"project_category\" style=\"color: #ffffff\" >\n    Andalusien, Costa de la Luz    <\/span>\n\n    <\/div>\n\n        \n<\/article>\n<article class='mix portfolio_category_71 default' style=''>\n    \n    \n    \n    \n            <div class=\"item_holder thin_plus_only\">\n\n                    <div class=\"text_holder\">\n        <div class=\"text_holder_outer\">\n            <div class=\"text_holder_inner\">\n                            <span class=\"thin_plus_only_icon\">+<\/span>\n                        <\/div>\n        <\/div>\n    <\/div>\n\n                                    <a itemprop=\"url\" class=\"portfolio_link_class\" title=\"Ja\u00e9n\" href=\"https:\/\/guialuz.com\/de\/info\/jaen\/\"><\/a>\n                \n                <div style=\"\" class=\"portfolio_shader\"><\/div>\n                <div class=\"image_holder\">\n                    \n<span class='image'><img loading=\"lazy\" decoding=\"async\" width=\"500\" height=\"281\" src=\"https:\/\/guialuz.com\/wp-content\/uploads\/guialuz-jaen.jpg\" class=\"attachment-full size-full wp-post-image\" alt=\"catedral de Ja\u00e9n, cathedral, Kathedrale\" \/><\/span>                <\/div>\n            <\/div>\n\n                <div class='portfolio_description ' >\n\n        \n    <h5 itemprop=\"name\" class=\"portfolio_title entry_title\"><a itemprop=\"url\" href=\"https:\/\/guialuz.com\/de\/info\/jaen\/\" style=\"color: #ffffff\" target=\"_self\"> Ja\u00e9n<\/a><\/h5>\n\n\n        \n            <span class=\"project_category\" style=\"color: #ffffff\" >\n    Andalusien    <\/span>\n\n    <\/div>\n\n        \n<\/article>\n<article class='mix portfolio_category_71 portfolio_category_86 default' style=''>\n    \n    \n    \n    \n            <div class=\"item_holder thin_plus_only\">\n\n                    <div class=\"text_holder\">\n        <div class=\"text_holder_outer\">\n            <div class=\"text_holder_inner\">\n                            <span class=\"thin_plus_only_icon\">+<\/span>\n                        <\/div>\n        <\/div>\n    <\/div>\n\n                                    <a itemprop=\"url\" class=\"portfolio_link_class\" title=\"M\u00e1laga\" href=\"https:\/\/guialuz.com\/de\/info\/malaga\/\"><\/a>\n                \n                <div style=\"\" class=\"portfolio_shader\"><\/div>\n                <div class=\"image_holder\">\n                    \n<span class='image'><img loading=\"lazy\" decoding=\"async\" width=\"500\" height=\"281\" src=\"https:\/\/guialuz.com\/wp-content\/uploads\/guialuz-malaga.jpg\" class=\"attachment-full size-full wp-post-image\" alt=\"\" \/><\/span>                <\/div>\n            <\/div>\n\n                <div class='portfolio_description ' >\n\n        \n    <h5 itemprop=\"name\" class=\"portfolio_title entry_title\"><a itemprop=\"url\" href=\"https:\/\/guialuz.com\/de\/info\/malaga\/\" style=\"color: #ffffff\" target=\"_self\"> M\u00e1laga<\/a><\/h5>\n\n\n        \n            <span class=\"project_category\" style=\"color: #ffffff\" >\n    Andalusien, Costa del Sol    <\/span>\n\n    <\/div>\n\n        \n<\/article>\n<article class='mix portfolio_category_71 default' style=''>\n    \n    \n    \n    \n            <div class=\"item_holder thin_plus_only\">\n\n                    <div class=\"text_holder\">\n        <div class=\"text_holder_outer\">\n            <div class=\"text_holder_inner\">\n                            <span class=\"thin_plus_only_icon\">+<\/span>\n                        <\/div>\n        <\/div>\n    <\/div>\n\n                                    <a itemprop=\"url\" class=\"portfolio_link_class\" title=\"Die Wei\u00dfen D\u00f6rfer\" href=\"https:\/\/guialuz.com\/de\/info\/die-weissen-doerfer\/\"><\/a>\n                \n                <div style=\"\" class=\"portfolio_shader\"><\/div>\n                <div class=\"image_holder\">\n                    \n<span class='image'><img loading=\"lazy\" decoding=\"async\" width=\"500\" height=\"281\" src=\"https:\/\/guialuz.com\/wp-content\/uploads\/guialuz-pueblos-blancos.jpg\" class=\"attachment-full size-full wp-post-image\" alt=\"pueblos blancos vejer de la frontera\" \/><\/span>                <\/div>\n            <\/div>\n\n                <div class='portfolio_description ' >\n\n        \n    <h5 itemprop=\"name\" class=\"portfolio_title entry_title\"><a itemprop=\"url\" href=\"https:\/\/guialuz.com\/de\/info\/die-weissen-doerfer\/\" style=\"color: #ffffff\" target=\"_self\"> Die Wei\u00dfen D\u00f6rfer<\/a><\/h5>\n\n\n        \n            <span class=\"project_category\" style=\"color: #ffffff\" >\n    Andalusien    <\/span>\n\n    <\/div>\n\n        \n<\/article>\n        <div class='filler'><\/div>\n            <div class='filler'><\/div>\n            <div class='filler'><\/div>\n            <div class='filler'><\/div>\n        <\/div>\n\n    \n    <\/div>[vc_empty_space][\/vc_column][\/vc_row]<\/p>\n<\/div>","protected":false},"excerpt":{"rendered":"<p>[vc_row css_animation=&#8220;&#8220; row_type=&#8220;row&#8220; use_row_as_full_screen_section=&#8220;no&#8220; type=&#8220;full_width&#8220; anchor=&#8220;news&#8220; angled_section=&#8220;no&#8220; text_align=&#8220;center&#8220; background_image=&#8220;782&#8243; background_image_as_pattern=&#8220;without_pattern&#8220; css=&#8220;.vc_custom_1493306943445{padding-top: 0% !important;padding-bottom: 0% !important;}&#8220;][vc_column css=&#8220;.vc_custom_1469530614343{padding-top: 16.9% !important;padding-bottom: 13.9% !important;}&#8220;][vc_column_text][\/vc_column_text][\/vc_column][\/vc_row][vc_row css_animation=&#8220;&#8220; row_type=&#8220;row&#8220; use_row_as_full_screen_section=&#8220;no&#8220; type=&#8220;grid&#8220; angled_section=&#8220;no&#8220; text_align=&#8220;left&#8220; background_image_as_pattern=&#8220;without_pattern&#8220;][vc_column][vc_empty_space][vc_column_text] Besuchen Sie Malaga Stadt [\/vc_column_text][vc_empty_space height=&#8220;30px&#8220;][vc_empty_space height=&#8220;30px&#8220;][\/vc_column][\/vc_row][vc_row css_animation=&#8220;&#8220; row_type=&#8220;row&#8220; use_row_as_full_screen_section=&#8220;no&#8220; type=&#8220;grid&#8220; angled_section=&#8220;no&#8220; text_align=&#8220;left&#8220; background_image_as_pattern=&#8220;without_pattern&#8220;][vc_column width=&#8220;1\/2&#8243;][vc_empty_space][vc_accordion style=&#8220;accordion&#8220;][vc_accordion_tab title=&#8220;M\u00e1laga, Hauptstadt&#8230;<\/p>\n","protected":false},"author":1,"featured_media":789,"menu_order":0,"comment_status":"closed","ping_status":"closed","template":"","portfolio_category":[71,86],"portfolio_tag":[],"_links":{"self":[{"href":"https:\/\/guialuz.com\/de\/wp-json\/wp\/v2\/portfolio_page\/1863"}],"collection":[{"href":"https:\/\/guialuz.com\/de\/wp-json\/wp\/v2\/portfolio_page"}],"about":[{"href":"https:\/\/guialuz.com\/de\/wp-json\/wp\/v2\/types\/portfolio_page"}],"author":[{"embeddable":true,"href":"https:\/\/guialuz.com\/de\/wp-json\/wp\/v2\/users\/1"}],"replies":[{"embeddable":true,"href":"https:\/\/guialuz.com\/de\/wp-json\/wp\/v2\/comments?post=1863"}],"wp:featuredmedia":[{"embeddable":true,"href":"https:\/\/guialuz.com\/de\/wp-json\/wp\/v2\/media\/789"}],"wp:attachment":[{"href":"https:\/\/guialuz.com\/de\/wp-json\/wp\/v2\/media?parent=1863"}],"wp:term":[{"taxonomy":"portfolio_category","embeddable":true,"href":"https:\/\/guialuz.com\/de\/wp-json\/wp\/v2\/portfolio_category?post=1863"},{"taxonomy":"portfolio_tag","embeddable":true,"href":"https:\/\/guialuz.com\/de\/wp-json\/wp\/v2\/portfolio_tag?post=1863"}],"curies":[{"name":"wp","href":"https:\/\/api.w.org\/{rel}","templated":true}]}}