{"id":1864,"date":"2017-09-12T06:06:06","date_gmt":"2017-09-12T06:06:06","guid":{"rendered":"https:\/\/guialuz.com\/de\/?post_type=portfolio_page&#038;p=1864"},"modified":"2017-12-18T12:10:43","modified_gmt":"2017-12-18T12:10:43","slug":"die-weissen-doerfer","status":"publish","type":"portfolio_page","link":"https:\/\/guialuz.com\/de\/info\/die-weissen-doerfer\/","title":{"rendered":"Die Wei\u00dfen D\u00f6rfer"},"content":{"rendered":"<div class=\"wpb-content-wrapper\"><p>[vc_row css_animation=&#8220;&#8220; row_type=&#8220;row&#8220; use_row_as_full_screen_section=&#8220;no&#8220; type=&#8220;full_width&#8220; anchor=&#8220;news&#8220; angled_section=&#8220;no&#8220; text_align=&#8220;center&#8220; background_image=&#8220;783&#8243; background_image_as_pattern=&#8220;without_pattern&#8220; css=&#8220;.vc_custom_1493306987761{padding-top: 0% !important;padding-bottom: 0% !important;}&#8220;][vc_column css=&#8220;.vc_custom_1469530614343{padding-top: 16.9% !important;padding-bottom: 13.9% !important;}&#8220;][vc_column_text][\/vc_column_text][\/vc_column][\/vc_row][vc_row css_animation=&#8220;&#8220; row_type=&#8220;row&#8220; use_row_as_full_screen_section=&#8220;no&#8220; type=&#8220;grid&#8220; angled_section=&#8220;no&#8220; text_align=&#8220;left&#8220; background_image_as_pattern=&#8220;without_pattern&#8220;][vc_column][vc_empty_space][vc_column_text]<\/p>\n<h1 style=\"text-align: center;\">Die Wei\u00dfen D\u00f6rfer in Andalusien<\/h1>\n<p>[\/vc_column_text][vc_empty_space height=&#8220;30px&#8220;][vc_empty_space height=&#8220;30px&#8220;][\/vc_column][\/vc_row][vc_row css_animation=&#8220;&#8220; row_type=&#8220;row&#8220; use_row_as_full_screen_section=&#8220;no&#8220; type=&#8220;grid&#8220; angled_section=&#8220;no&#8220; text_align=&#8220;left&#8220; background_image_as_pattern=&#8220;without_pattern&#8220;][vc_column width=&#8220;1\/2&#8243;][vc_empty_space][vc_accordion active_tab=&#8220;false&#8220; collapsible=&#8220;yes&#8220; style=&#8220;accordion&#8220;][vc_accordion_tab title=&#8220;Die Route der Wei\u00dfen D\u00f6rfer&#8220; title_tag=&#8220;h3&#8243;][vc_column_text]Es gibt mehr als 40 Orte, die die<strong> Route der Wei\u00dfen D\u00f6rfer<\/strong>\u00a0in Andalusien bilden. Sie wurden in den siebziger Jahren offiziell registriert durch das Informations- und Tourismusministerium. Die Orte reichen von der Bucht von C\u00e1diz bis hin zur K\u00fcste nach M\u00e1laga. Die wei\u00dfen D\u00f6rfer in Andalusien (siehe online Karte) befinden sich meist <strong>im<\/strong> <strong>Hinterland<\/strong>\u00a0und liegen zwischen den Pinienw\u00e4ldern der K\u00fcste und den Olivenb\u00e4umen der Berge. Heutzutage gibt es sowohl in der <strong>Provinz Cadiz<\/strong> als auch in der Provinz Malaga Routen mit der Bezeichnung Wei\u00dfe D\u00f6rfer, da sich diese in der Tat in beiden befinden.<\/p>\n<p>&nbsp;<\/p>\n<p>Die gemeinsame Charakteristik aller ist die wei\u00dfe Farbe der dortigen H\u00e4userw\u00e4nde. Wenn man sich fragt, warum es gerade diese Besonderheit gibt, muss man sich den Hafen von C\u00e1diz Anfang des 19. Jahrhunderts vorstellen, als eine Gelbfieber-Epidemie durch die aus Amerika kommenden Handelsschiffe eingeschleppt wurde.\u00a0Diese Epidemie griff so stark um sich, dass sich die Bewohner von C\u00e1diz gezwungen sahen, in das bergige Hinterland zu fl\u00fcchten, und somit breitete sich die Krankheit aus. Um die H\u00e4user und Stra\u00dfen zu desinfizieren, wurden als Hygienema\u00dfnahme die H\u00e4user gekalkt. Noch heute gibt es diese Praxis, die auf die Araber zur\u00fcckgeht. Einmal pro Jahr bearbeiten und kalken die Bewohner ihre H\u00e4user, manchmal \u00fcber die abgebr\u00f6ckelten Stellen, die von einem auf das andere Jahr auftreten k\u00f6nnen.<\/p>\n<p>&nbsp;<\/p>\n<p>Da jedes <strong>Dorf in Andalusien<\/strong> seinen Charme hat, haben wir einige im Hinterland der Provinz C\u00e1diz ausgew\u00e4hlt, die man perfekt mit einem Aufenthalt an den Str\u00e4nden der Costa de la Luz kombinieren kann.[\/vc_column_text][\/vc_accordion_tab][vc_accordion_tab title=&#8220;Arcos de la Frontera&#8220;][vc_column_text]Eine Stadt, die zur Literatur einl\u00e4dt, die sich zwischen Jerez de la Frontera, seiner Geschichte und seinen Legenden bewegt.\u00a0<strong>Arcos de la Frontera<\/strong> thront auf einem Felsen von 185 m H\u00f6he \u00fcber dem Meeresspiegel und liegt neben dem Fluss Guadalete. Sie liegt 34km von Jerez de la Frontera und 66 km von der Provinzhauptstadt C\u00e1diz entfernt. Das sich unter ihr ausbreitende Land ist eine Landschaft mit wertvoller Fauna und Flora.<\/p>\n<p>&nbsp;<\/p>\n<p>Was die Bauwerke anbelangt, ist die Burg von Arcos de la Frontera erw\u00e4hnenswert. Sie wurde \u00fcber einer Maurenburg errichtet, bei der die Puerta de la Justicia (Tor der Gerechtigkeit) betrachtet werden kann, die im 14.\/15. Jhdt. re konstruiert wurde. Das Rathaus von Arcos ist ein barocker Bau, in dem seit 1632 \u00f6ffentliche Institutionen t\u00e4tig sind. Hier f\u00e4llt das Hauptportal auf, das von \u00c1rcangel San Miguel, dem Patron des Ortes, fertig gestellt wurde. Zudem gibt es den Plenarsaal im handgearbeiteten Mud\u00e9jar-Stil. Weitere interessante zivile Bauwerke sind der Palacio del \u00c1guila 15. &#8211; 18. Jhdt., der Palacio de Valdespino 16. &#8211; 17. Jhdt., der Palacio de Pedro Gamaza aus dem 15. Jhdt., der Palacio del Marqu\u00e9s de Torresoto oder der Palacio del Mayorazgo, ein wundersch\u00f6nes Geb\u00e4ude aus dem 17. Jhdt. mit geschmiedeter Fassade und einem s\u00e4ulen geschm\u00fcckten Innenhof.<\/p>\n<p>&nbsp;<\/p>\n<p>Als religi\u00f6ses Geb\u00e4ude ist die Kirche St\u00aa Mar\u00eda de la Asunci\u00f3n bemerkenswert, die gr\u00f6\u00dfte und \u00e4lteste Kirche. Die Kirche San Pedro wurde \u00fcber einer Moschee im 18. Jhdt. Gebaut. Des Weiteren gibt es die Frauenkl\u00f6ster Encarnacion und Mercader\u00edas sowie die Kirche San Agust\u00edn zu sehen.<\/p>\n<p>&nbsp;<\/p>\n<p>Arcos de la Frontera verf\u00fcgt auch \u00fcber international bekannte und pr\u00e4mierte Weine wie die von der Weinkellerei<strong> Huerta de Albal\u00e1<\/strong> ca. 12km au\u00dferhalb der Stadt gelegen. Der Weinberg &#8222;La Vicar\u00eda&#8220; der Weinkellerei Paez Morilla aus Jerez de la Frontera befindet sich ebenfalls in dieser Gegend.<br \/>\nWas die Feste betrifft, sticht besonders die Karwoche hervor, die mit dem Fangen des Stieres von Aleluya offiziell endet.\u00a0Zur Erholung dient neben diversen Wanderrouten der <strong>Golfplatz Arcos Golf<\/strong> (vormals Arcos Gardens) in der nahen Umgebung.[\/vc_column_text][\/vc_accordion_tab][vc_accordion_tab title=&#8220;Algar&#8220;][vc_column_text]Gegr\u00fcndet von einem ber\u00fchmten Amerikaner im 18. Jhdt., Domingo L\u00f3pez de Carvajal, ist <strong>Algar<\/strong> ein Dorf mit sch\u00f6nem Dorfkern inmitten der Natur, ein unverzichtbarer Ort im Kalender jedes Reisenden, der die Besonderheit der Wei\u00dfen D\u00f6rfer sch\u00e4tzt.<\/p>\n<p>&nbsp;<\/p>\n<p>Algar befindet sich 57 km von Jerez de la Frontera entfernt im \u00f6stlichen Teil der Provinz C\u00e1diz an einem Ort, der vom Fluss Marajade gepr\u00e4gt wird, nah dem k\u00fcnstlichen See Pantano de los Hurones, dem gr\u00f6\u00dften Stausee der Provinz C\u00e1diz, zwischen dem <strong>Naturpark Grazalema<\/strong> und dem Naturpark Alcornocales.\u00a0In Algar erwarten Sie Panoramaaussichten, botanische Besonderheiten und eine Fauna von \u00f6kologischer Bedeutung.<\/p>\n<p>&nbsp;<\/p>\n<p>Was die Sehensw\u00fcrdigkeiten von Algar anbelangt, k\u00f6nnen Sie die H\u00f6hle von <strong>Dehesilla<\/strong> besichtigen, eine bedeutende Ausgrabungsst\u00e4tte des Neolithikum, das fr\u00fchere Rathaus aus dem 18. Jhdt., ein ehemaliges Hotel und die Kirche Santa Mar\u00eda de Guadalupe, die den gleichen Namen wie die mexikanische Jungfrau tr\u00e4gt und Patronin des Ortes ist.\u00a0Unter den Festen gibt es die Prozession San Nicol\u00e1s und die Rallye von Algar, die jedes Jahr im in der ersten Monatsh\u00e4lfte im April stattfindet.\u00a0Des Weiteren ist ein Besuch der Burgen Fontanera und Rival interessant.[\/vc_column_text][\/vc_accordion_tab][vc_accordion_tab title=&#8220;Prado del Rey&#8220;][vc_column_text]Im Nordosten der Provinz C\u00e1diz gelegen, zwischen dem Hinterland von Jerez und dem Hinterland von Grazalema, das zur Zeit von Carlos III besetzt wurde. <strong>Prado del Rey<\/strong> ist einer der Orte dieser Gegend, der sich am ehesten an die Ver\u00e4nderung und das heutige moderne Leben angepasst hat.<\/p>\n<p>&nbsp;<\/p>\n<p>Im Reiseprogramm sollte ein Besuch der Reste der alten R\u00f6merstadt<strong> Iptuci<\/strong> nicht fehlen, die die nahen Salzstra\u00dfen zu nutzen wusste und als eine der bedeutendsten arch\u00e4ologischen Ausgrabungsst\u00e4tten auf der Route der Wei\u00dfen D\u00f6rfer gilt.<\/p>\n<p>&nbsp;<\/p>\n<p>Durch seine Lage inmitten der Natur des Naturparks der Berge von Grazalema kann man die beiden <strong>Wanderwege<\/strong> Taravilla oder Cerro del Verdugo mit einem bedeutenden botanischen Garten finden. Oder starten Sie mit dem Wanderweg am Castillo de Matrera und kehren am Folgetag auf dem Wanderweg de las Lomas zur\u00fcck, beide sind besonders sch\u00f6ne Wanderwege.[\/vc_column_text][\/vc_accordion_tab][vc_accordion_tab title=&#8220;El Bosque&#8220;][vc_column_text]Gelegen am gleichnamigen Fluss liegt dieser Ort, der sich auch im <strong>sanften<\/strong> <strong>Tourismus<\/strong> einen Namen gemacht dank seiner Gastronomie und seines Erholungs- und Freizeit Wertes im Einklang mit der Natur. Hier gibt des die M\u00fchle Molino del Duque, die Kirche Nuestra Se\u00f1ora de Guadalupe, das Rathaus, die Einsiedelei Ermita del Calvario und der botanische Garten Castillejo. Zudem finden Sie im Ort <strong>El Bosque<\/strong> das <strong>Besucherzentrum von Grazalema<\/strong>, das &#8222;Centro de visitantes del Bosque de Grazalema&#8220; und das K\u00e4semuseum El Bosque.[\/vc_column_text][\/vc_accordion_tab][vc_accordion_tab title=&#8220;Villaluenga del Rosario&#8220;][vc_column_text]Im Manga-Tal gelegen, in einem engen von der Natur geschaffenen Tal eingeschlossen, das schon vielen Invasoren dieser Gegend belagert wurde, liegt <strong>Villaluenga<\/strong>. Der Naturpark von Grazalema sch\u00fctzt seine Umgebung und wird durchzogen von den Fl\u00fcsschen vom <strong>Wasserfall<\/strong> Garganta de la Barrida und Los \u00c1lamos, zwischen W\u00e4ldern und T\u00e4lern folgt seine Sch\u00f6nheit der Spannung seiner Route.\u00a0Besonders erw\u00e4hnenswert sind auch die H\u00f6hlen von La Manga aus der Altsteinzeit verteilt \u00fcber das Land. Wir empfehlen auch einen Besuch der Stierkampfarena aus dem 18. Jhdt., eine der originellsten in Spanien, viereckig und mit einem Boden aus Stein.[\/vc_column_text][\/vc_accordion_tab][vc_accordion_tab title=&#8220;Benaocaz&#8220;][vc_column_text]Die gigantische Form eines Bergfelsens namens Salto de Cabrero \u00f6ffnet uns den Weg zum ehemaligen Versteck der Mauren der Epoche der Nazari, dem Ort <strong>Benaocaz<\/strong>, im Gebirge gelegen, welches das Tal mit dem Fluss Tavizna umgibt.\u00a0Wenn Sie gern wandern, dann werden Sie die Gegend um den Salto de Cabrero lieben und den Anstieg auf den Ring mit den Nestern der Geier. Vielleicht sehen Sie sogar einige <strong>G\u00e4nsegeier<\/strong>.<\/p>\n<p>Empfohlene Besichtigungen:\u00a0Stra\u00dfe aus der R\u00f6merzeit, die als Kommunikationsweg zwischen Lacilbula, Ocurr\u00ed und Acinipo diente; Burg Aznalmara mit gro\u00dfem Waffenhof; Barrio Nazar\u00ed: Stadtviertel aus dem Mittelalter;\u00a0Ermita del Calvario: Einsiedelei popul\u00e4r bei Pilgern.[\/vc_column_text][\/vc_accordion_tab][vc_accordion_tab title=&#8220;Ubrique&#8220;][vc_column_text]<strong>Ubrique<\/strong> liegt inmitten des \u00f6stlichen Teils der Provinz C\u00e1diz umgegeben vom Fluss mit gleichem Namen, einer der sch\u00f6nsten der ganzen Route in die wei\u00dfen D\u00f6rfer in Andalusien. Das herausragendste Merkmal von Ubrique ist das <strong>Lederhandwerk<\/strong>. Werkst\u00e4tten, die das handwerkliche Wissen der Lederwarenindustrie seiner Einwohner zeigen und ein unvergleichbares exzellentes national bekanntes Niveau. Ubrique is sehr bekannt durch die Herstellung von Lederwaren versehen mit dem Qualit\u00e4tssiegel &#8222;Made in Spain&#8220;, darunter Lederschuhe und Lederhandtaschen\u00a0international bekannter Luxusmarken wie Dior, Chanel, Loewe und Carolina Herrera. Es gibt auch Lederprodukte mit Eigenmarken von <strong>Lederwaren aus Ubrique<\/strong>, wie z.B. Pielfort, El Potro oder Barada.<\/p>\n<p>&nbsp;<\/p>\n<p>Des Weiteren empfehlen wir einen Besuch der <strong>Ausgrabungsst\u00e4tte Ocurr\u00ed<\/strong> (auch bekannt als Ocurr\u00eds), eine ausgezeichnete Gelegenheit Reste einer r\u00f6mischen Stadt zu besuchen inmitten der Natur eines H\u00fcgels namens Mora. Hier hat man Mauerreste, H\u00e4user Reste und eine Grabst\u00e4tte gefunden.<br \/>\nIm Zentrum von Ubrique finden Sie das Ledermuseum beim Frauenkloster Capuchinos aus dem 17. Jhdt. Ebenfalls empfehlenswert ist ein Besuch der Kirche Nuestra Se\u00f1ora de la O. Des Weiteren\u00a0sollte ein Besuch des Museums des ber\u00fchmten Stierk\u00e4mpfers aus diesem Ort, Jes\u00fas de Ubrique, nicht fehlen.<\/p>\n<p>&nbsp;<\/p>\n<p>Wanderungen: Zur Burg Castillo de F\u00e1tima, der Festung von Cardela, die Teil der Verteidigungslinie der arabischen Herrscher von Granada war. Sie ist in einem schwer zug\u00e4nglichen Teil gelegen, bietet aber einen au\u00dfergew\u00f6hnlichen Blick auf die Landschaft.[\/vc_column_text][\/vc_accordion_tab][vc_accordion_tab title=&#8220;Grazalema&#8220;][vc_column_text]Wichtigster Ort der bergigen Landschaft, der sie ihren Namen gegeben hat. <strong>Grazalema<\/strong> liegt im Nordwesten der Provinz C\u00e1diz und ist der bekannteste Ort auf der Route in die wei\u00dfen D\u00f6rfer von Andalusien. Grazalema hat gewusst, sich innerhalb des spanischen l\u00e4ndlichen Tourismus als bedeutender Ort zu positionieren. Beim Spaziergang auf seinen Stra\u00dfen und Pl\u00e4tzen l\u00e4sst sich die sch\u00f6ne Architektur der hiesigen Bauweise entdecken.<\/p>\n<p>Besichtigungen: 3 Aussichtsplattformen: Mirador el Tajo, Aso Maderas und Pe\u00f1ascos bieten sch\u00f6ne Ausblicke. Reste einer r\u00f6mischen Stadt aus dem 2. Jhdt.<\/p>\n<p>&nbsp;<\/p>\n<p>Im Ort finden Sie die Ruine der Einsiedelei Calvario und mehrere Kirchen wie die Kirche Nuestra Se\u00f1ora de la Encarnaci\u00f3n aus dem 17. Jhdt. In Grazalema gibt es auch verschiedene Hotels. und es ist Ausgangspunkt f\u00fcr <strong>Ausfl\u00fcge ins gebirgige Hinterland<\/strong>. Im Spa von Grazalema k\u00f6nnen Sie entspannen nach den Ausfl\u00fcgen in die Umgebung. Im Dorf selbst k\u00f6nnen Sie handgemachte Produkte aus Wolle kaufen. Im benachbarten <strong>Benamahoma<\/strong> befindet sich ein \u00d6komuseum zum Thema Wasser sowie ein Museum \u00fcber die Mauren und Christen.[\/vc_column_text][\/vc_accordion_tab][vc_accordion_tab title=&#8220;Zahara de la Sierra&#8220;][vc_column_text]Der h\u00f6chste Punkt des Dorfes ist der Turm Torre del Homenaje mit spektakul\u00e4rem Ausblick auf den k\u00fcnstlichen See Zahara-El Gastor. Wir empfehlen einen Besuch der Kirche Santa Maria de la Mesa. <strong>Zahara de la Sierra<\/strong> ist ideal, um zum Wasserfall Garganta Verde zu gelangen (2,5 km, 2,5 Stunden). Hierf\u00fcr ist eine Erlaubnis notwendig, die Sie beim Besucherzentrum in Zahara de la Sierra oder im Besucherzentrum von El Bosque bekommen k\u00f6nnen. Vom Wasserfall aus kann man die H\u00f6hle Cueva de la Ermita sehen.[\/vc_column_text][\/vc_accordion_tab][vc_accordion_tab title=&#8220;Vejer de la Frontera&#8220;][vc_column_text]<strong>Vejer de la Frontera<\/strong> befindet sich nur eine halbe Stunde entfernt von Touristenzentren wie Chiclana mit Novo Sancti Petri, Conil, dem Golfplatz von <b>Montenmedio<\/b>\u00a0und eine Stunde entfernt von der Provinzhauptstadt C\u00e1diz. Der Ort Vejer liegt ganz in der N\u00e4he der nicht nur bei Hippies angesagten <strong>Str\u00e4nde der Provinz C\u00e1diz\u00a0Ca\u00f1os de Meca<\/strong> und El Palmar, letzterer sehr bekannt unter Surfern.\u00a0Das historische Trafalgar-Kap liegt bei Ca\u00f1os de Meca, im Ortsbereich von Barbate.<\/p>\n<p>&nbsp;<\/p>\n<p>Auf einer serpentinenartigen Stra\u00dfe gelangt man nach Vejer de la Frontera und seinem Hauptplatz Plaza de Espa\u00f1a. Besichtigen Sie die Stadtmauer, ihre B\u00f6gen z.B. den Arco de Sancho IV, das Tor Puerta de la Segur, die Burg, das Haus Casa del Mayorazgo und das Frauen Kloster Concepcionistas. Die Restaurants in Vejer de la Frontera\u00a0bieten traditionsreiche sowie internationale und K\u00fcche mit marokkanischem Einfluss. In Vejer gibt es zudem <strong>Sprachschulen, um Spanisch zu lernen<\/strong>.[\/vc_column_text][\/vc_accordion_tab][vc_accordion_tab title=&#8220;Medina Sidonia&#8220;][vc_column_text]Wir empfehlen den Besuch am Bogen Arco de la Pastora zu starten. In <strong>Medina Sidonia<\/strong> gibt es ein kleines ethnographisches Museum zu besichtigen, das das Leben der Menschen im Hinterland der Provinz C\u00e1diz nach dem spanischen B\u00fcrgerkrieg zeigt. Des Weiteren gibt es ein arch\u00e4ologisches Museum. Sie sollten nicht den Besuch der Burg von Medina Sidonia verpassen mit ihrer spektakul\u00e4ren Aussicht. Genauso wie die von der Hauptkirche Santa Mar\u00eda la Mayor mit dem kr\u00f6nenden Turm und seinen 156 Stufen.<\/p>\n<p>&nbsp;<\/p>\n<p>Im Hochsommer gibt es die Veranstaltung &#8222;Die Wei\u00dfen N\u00e4chte von Medina&#8220;, bei der alle Sehensw\u00fcrdigkeiten und Kirchen f\u00fcr Besucher ge\u00f6ffnet sind. Medina Sidonia ist ungef\u00e4hr eine halbe Stunde entfernt von Conil oder Chiclana (Novo Sancti Petri). In der Umgebung lohnt sich ein Besuch von &#8222;<strong>A campo abierto<\/strong>&#8222;, der Aufzucht von Stieren von Torrestrella, die f\u00fcr das Publikum ge\u00f6ffnet ist und bei der Sie alles rund um die Stierzucht und die ber\u00fchmten Pferde von \u00c1lvaro Domecq in der Finca Los Alburejos erfahren.[\/vc_column_text][\/vc_accordion_tab][vc_accordion_tab title=&#8220;Algodonales&#8220;][vc_column_text]F\u00fcr die Liebhaber und Liebhaberinnen von <strong>Paragliding<\/strong> ist der Ort <strong>Algodonales<\/strong> eine internationale Referenz. Auch bekannt durch ein Fest im Mai, bei dem eine Schlacht vom 02. Mai 1810 und der damalige Einfall der napoleonischen Truppen historisch nachgestellt wird. Hier lohnt sich ein Stopp auf der Fahrt durch die wei\u00dfen D\u00f6rfer in Andalusien.[\/vc_column_text][\/vc_accordion_tab][vc_accordion_tab title=&#8220;Setenil de las Bodegas&#8220;][vc_column_text]Auf unserer Tour in die wei\u00dfen D\u00f6rfer in Andalusien entdecken wir<strong> Setenil de las Bodegas<\/strong>, das sich\u00a0ca. 2 Fahrstunden von Jerez entfernt befindet. Auf\u00a0 Es ist bekannt durch einige seiner H\u00e4user, die sich unterhalb der Felsen eindr\u00fccken und teilweise in diese hineingebaut wurden. Sie k\u00f6nnen die Burg von Setenil besichtigen, eine Festung aus der Zeit der Mauren der Nazar\u00ed-Epoche. Setenil ist auch ideal, um es mit einem Besuch von Ronda oder Antequera zu kombinieren.[\/vc_column_text][\/vc_accordion_tab][vc_accordion_tab title=&#8220;Jimena de la Frontera&#8220;][vc_column_text]<strong>Jimena de la Frontera<\/strong> befindet sich im \u00f6stlichen Teil der Provinz C\u00e1diz, im Hinterland des Gebiets von Gibraltar. Es gibt dort die pr\u00e4historische <strong>H\u00f6hle La Laja Alta<\/strong> mit H\u00f6hlenzeichnungen, die mehr als 3000 Jahre alt sind. Jimena ist auch ein Ausgangspunkt zum <strong>Besuch des Naturparks Alcornocales<\/strong>. Dieser verf\u00fcgt \u00fcber ein Gebiet mit der gr\u00f6\u00dften Anzahl von Steineichen weltweit und liegt sowohl in der Provinz C\u00e1diz als auch in der Provinz M\u00e1laga. Sie k\u00f6nnen die Burg von Jimena besuchen und das Ba\u00f1o de la Reina Mora (Bad der maurischen K\u00f6nigin). Es gibt auch einen typischen Volkstanz von Jimena, den sogenannten Jincaleta. Nach Jimena de la Frontera gelangen Sie am ehesten ausgehend von Algeciras, Gibraltar oder der Costa del Sol.[\/vc_column_text][\/vc_accordion_tab][\/vc_accordion][\/vc_column][vc_column width=&#8220;1\/2&#8243;][vc_empty_space][vc_gallery type=&#8220;image_grid&#8220; images=&#8220;707,708,709,710,711,712,713,714,715,716,717&#8243; column_number=&#8220;4&#8243; grayscale=&#8220;no&#8220; images_space=&#8220;gallery_with_space&#8220;][\/vc_column][\/vc_row][vc_row css_animation=&#8220;&#8220; row_type=&#8220;row&#8220; use_row_as_full_screen_section=&#8220;no&#8220; type=&#8220;full_width&#8220; angled_section=&#8220;no&#8220; text_align=&#8220;left&#8220; background_image_as_pattern=&#8220;without_pattern&#8220;][vc_column][vc_empty_space][\/vc_column][\/vc_row][vc_row css_animation=&#8220;&#8220; row_type=&#8220;row&#8220; use_row_as_full_screen_section=&#8220;no&#8220; type=&#8220;full_width&#8220; angled_section=&#8220;no&#8220; text_align=&#8220;left&#8220; background_image_as_pattern=&#8220;without_pattern&#8220;][vc_column][vc_column_text]<iframe loading=\"lazy\" src=\"https:\/\/www.google.com\/maps\/d\/embed?mid=1ITpHb8JZXcRofYKojtvkyXaJVQc\" width=\"100%\" height=\"380\"><\/iframe>[\/vc_column_text][\/vc_column][\/vc_row][vc_row css_animation=&#8220;&#8220; row_type=&#8220;row&#8220; use_row_as_full_screen_section=&#8220;no&#8220; type=&#8220;grid&#8220; angled_section=&#8220;no&#8220; text_align=&#8220;left&#8220; background_image_as_pattern=&#8220;without_pattern&#8220; css=&#8220;.vc_custom_1469778626730{padding-top: 7.3% !important;padding-bottom: 6.4% !important;}&#8220;][vc_column][vc_column_text]<\/p>\n<h2 style=\"text-align: center;\">Mehr Informationen<\/h2>\n<p>[\/vc_column_text][\/vc_column][\/vc_row][vc_row css_animation=&#8220;&#8220; row_type=&#8220;row&#8220; use_row_as_full_screen_section=&#8220;no&#8220; type=&#8220;grid&#8220; angled_section=&#8220;no&#8220; text_align=&#8220;left&#8220; background_image_as_pattern=&#8220;without_pattern&#8220;][vc_column]<div class='projects_holder_outer v4 portfolio_with_space portfolio_standard'>\n        <div class='projects_holder portfolio_main_holder clearfix v4 standard portfolio_full_image '>\n        \n        <article class='mix portfolio_category_71 default' style=''>\n    \n    \n    \n    \n            <div class=\"item_holder thin_plus_only\">\n\n                    <div class=\"text_holder\">\n        <div class=\"text_holder_outer\">\n            <div class=\"text_holder_inner\">\n                            <span class=\"thin_plus_only_icon\">+<\/span>\n                        <\/div>\n        <\/div>\n    <\/div>\n\n                                    <a itemprop=\"url\" class=\"portfolio_link_class\" title=\"C\u00f3rdoba\" href=\"https:\/\/guialuz.com\/de\/info\/cordoba\/\"><\/a>\n                \n                <div style=\"\" class=\"portfolio_shader\"><\/div>\n                <div class=\"image_holder\">\n                    \n<span class='image'><img loading=\"lazy\" decoding=\"async\" width=\"500\" height=\"281\" src=\"https:\/\/guialuz.com\/wp-content\/uploads\/guialuz-cordoba2.jpg\" class=\"attachment-full size-full wp-post-image\" alt=\"C\u00f3rdoba puente romano - roman bridge cordoba spain - r\u00f6mische Br\u00fccke C\u00f3rdoba Spanien\" \/><\/span>                <\/div>\n            <\/div>\n\n                <div class='portfolio_description ' >\n\n        \n    <h5 itemprop=\"name\" class=\"portfolio_title entry_title\"><a itemprop=\"url\" href=\"https:\/\/guialuz.com\/de\/info\/cordoba\/\" style=\"color: #ffffff\" target=\"_self\"> C\u00f3rdoba<\/a><\/h5>\n\n\n        \n            <span class=\"project_category\" style=\"color: #ffffff\" >\n    Andalusien    <\/span>\n\n    <\/div>\n\n        \n<\/article>\n<article class='mix portfolio_category_71 default' style=''>\n    \n    \n    \n    \n            <div class=\"item_holder thin_plus_only\">\n\n                    <div class=\"text_holder\">\n        <div class=\"text_holder_outer\">\n            <div class=\"text_holder_inner\">\n                            <span class=\"thin_plus_only_icon\">+<\/span>\n                        <\/div>\n        <\/div>\n    <\/div>\n\n                                    <a itemprop=\"url\" class=\"portfolio_link_class\" title=\"Sevilla\" href=\"https:\/\/guialuz.com\/de\/info\/sevilla\/\"><\/a>\n                \n                <div style=\"\" class=\"portfolio_shader\"><\/div>\n                <div class=\"image_holder\">\n                    \n<span class='image'><img loading=\"lazy\" decoding=\"async\" width=\"500\" height=\"281\" src=\"https:\/\/guialuz.com\/wp-content\/uploads\/guialuz-sevilla.jpg\" class=\"attachment-full size-full wp-post-image\" alt=\"\" \/><\/span>                <\/div>\n            <\/div>\n\n                <div class='portfolio_description ' >\n\n        \n    <h5 itemprop=\"name\" class=\"portfolio_title entry_title\"><a itemprop=\"url\" href=\"https:\/\/guialuz.com\/de\/info\/sevilla\/\" style=\"color: #ffffff\" target=\"_self\"> Sevilla<\/a><\/h5>\n\n\n        \n            <span class=\"project_category\" style=\"color: #ffffff\" >\n    Andalusien    <\/span>\n\n    <\/div>\n\n        \n<\/article>\n<article class='mix portfolio_category_71 portfolio_category_78 default' style=''>\n    \n    \n    \n    \n            <div class=\"item_holder thin_plus_only\">\n\n                    <div class=\"text_holder\">\n        <div class=\"text_holder_outer\">\n            <div class=\"text_holder_inner\">\n                            <span class=\"thin_plus_only_icon\">+<\/span>\n                        <\/div>\n        <\/div>\n    <\/div>\n\n                                    <a itemprop=\"url\" class=\"portfolio_link_class\" title=\"C\u00e1diz\" href=\"https:\/\/guialuz.com\/de\/info\/cadiz\/\"><\/a>\n                \n                <div style=\"\" class=\"portfolio_shader\"><\/div>\n                <div class=\"image_holder\">\n                    \n<span class='image'><img loading=\"lazy\" decoding=\"async\" width=\"500\" height=\"281\" src=\"https:\/\/guialuz.com\/wp-content\/uploads\/guialuz-cadiz.jpg\" class=\"attachment-full size-full wp-post-image\" alt=\"Gu\u00eda Luz C\u00e1diz\" \/><\/span>                <\/div>\n            <\/div>\n\n                <div class='portfolio_description ' >\n\n        \n    <h5 itemprop=\"name\" class=\"portfolio_title entry_title\"><a itemprop=\"url\" href=\"https:\/\/guialuz.com\/de\/info\/cadiz\/\" style=\"color: #ffffff\" target=\"_self\"> C\u00e1diz<\/a><\/h5>\n\n\n        \n            <span class=\"project_category\" style=\"color: #ffffff\" >\n    Andalusien, Costa de la Luz    <\/span>\n\n    <\/div>\n\n        \n<\/article>\n<article class='mix portfolio_category_71 default' style=''>\n    \n    \n    \n    \n            <div class=\"item_holder thin_plus_only\">\n\n                    <div class=\"text_holder\">\n        <div class=\"text_holder_outer\">\n            <div class=\"text_holder_inner\">\n                            <span class=\"thin_plus_only_icon\">+<\/span>\n                        <\/div>\n        <\/div>\n    <\/div>\n\n                                    <a itemprop=\"url\" class=\"portfolio_link_class\" title=\"Almer\u00eda\" href=\"https:\/\/guialuz.com\/de\/info\/almeria\/\"><\/a>\n                \n                <div style=\"\" class=\"portfolio_shader\"><\/div>\n                <div class=\"image_holder\">\n                    \n<span class='image'><img loading=\"lazy\" decoding=\"async\" width=\"500\" height=\"281\" src=\"https:\/\/guialuz.com\/wp-content\/uploads\/guialuz-almeria-1.jpg\" class=\"attachment-full size-full wp-post-image\" alt=\"la ciudad de Almer\u00eda con la alcazaba - Almer\u00eda City with the Moorish castle - Stadt Almer\u00eda in Spanien\" \/><\/span>                <\/div>\n            <\/div>\n\n                <div class='portfolio_description ' >\n\n        \n    <h5 itemprop=\"name\" class=\"portfolio_title entry_title\"><a itemprop=\"url\" href=\"https:\/\/guialuz.com\/de\/info\/almeria\/\" style=\"color: #ffffff\" target=\"_self\"> Almer\u00eda<\/a><\/h5>\n\n\n        \n            <span class=\"project_category\" style=\"color: #ffffff\" >\n    Andalusien    <\/span>\n\n    <\/div>\n\n        \n<\/article>\n<article class='mix portfolio_category_71 portfolio_category_89 default' style=''>\n    \n    \n    \n    \n            <div class=\"item_holder thin_plus_only\">\n\n                    <div class=\"text_holder\">\n        <div class=\"text_holder_outer\">\n            <div class=\"text_holder_inner\">\n                            <span class=\"thin_plus_only_icon\">+<\/span>\n                        <\/div>\n        <\/div>\n    <\/div>\n\n                                    <a itemprop=\"url\" class=\"portfolio_link_class\" title=\"Andalusien\" href=\"https:\/\/guialuz.com\/de\/info\/andalusien\/\"><\/a>\n                \n                <div style=\"\" class=\"portfolio_shader\"><\/div>\n                <div class=\"image_holder\">\n                    \n<span class='image'><img loading=\"lazy\" decoding=\"async\" width=\"500\" height=\"281\" src=\"https:\/\/guialuz.com\/wp-content\/uploads\/guia-luz-andalucia-andalusia-andalusien2.jpg\" class=\"attachment-full size-full wp-post-image\" alt=\"Andaluc\u00eda Andalusia Andalusien\" \/><\/span>                <\/div>\n            <\/div>\n\n                <div class='portfolio_description ' >\n\n        \n    <h5 itemprop=\"name\" class=\"portfolio_title entry_title\"><a itemprop=\"url\" href=\"https:\/\/guialuz.com\/de\/info\/andalusien\/\" style=\"color: #ffffff\" target=\"_self\"> Andalusien<\/a><\/h5>\n\n\n        \n            <span class=\"project_category\" style=\"color: #ffffff\" >\n    Andalusien, Reiseziele    <\/span>\n\n    <\/div>\n\n        \n<\/article>\n<article class='mix portfolio_category_71 default' style=''>\n    \n    \n    \n    \n            <div class=\"item_holder thin_plus_only\">\n\n                    <div class=\"text_holder\">\n        <div class=\"text_holder_outer\">\n            <div class=\"text_holder_inner\">\n                            <span class=\"thin_plus_only_icon\">+<\/span>\n                        <\/div>\n        <\/div>\n    <\/div>\n\n                                    <a itemprop=\"url\" class=\"portfolio_link_class\" title=\"Costa de la Luz\" href=\"https:\/\/guialuz.com\/de\/info\/costa-la-luz\/\"><\/a>\n                \n                <div style=\"\" class=\"portfolio_shader\"><\/div>\n                <div class=\"image_holder\">\n                    \n<span class='image'><img loading=\"lazy\" decoding=\"async\" width=\"500\" height=\"281\" src=\"https:\/\/guialuz.com\/wp-content\/uploads\/guialuz-costa-de-la-luz.jpg\" class=\"attachment-full size-full wp-post-image\" alt=\"Costa de la Luz\" \/><\/span>                <\/div>\n            <\/div>\n\n                <div class='portfolio_description ' >\n\n        \n    <h5 itemprop=\"name\" class=\"portfolio_title entry_title\"><a itemprop=\"url\" href=\"https:\/\/guialuz.com\/de\/info\/costa-la-luz\/\" style=\"color: #ffffff\" target=\"_self\"> Costa de la Luz<\/a><\/h5>\n\n\n        \n            <span class=\"project_category\" style=\"color: #ffffff\" >\n    Andalusien    <\/span>\n\n    <\/div>\n\n        \n<\/article>\n<article class='mix portfolio_category_71 default' style=''>\n    \n    \n    \n    \n            <div class=\"item_holder thin_plus_only\">\n\n                    <div class=\"text_holder\">\n        <div class=\"text_holder_outer\">\n            <div class=\"text_holder_inner\">\n                            <span class=\"thin_plus_only_icon\">+<\/span>\n                        <\/div>\n        <\/div>\n    <\/div>\n\n                                    <a itemprop=\"url\" class=\"portfolio_link_class\" title=\"Granada\" href=\"https:\/\/guialuz.com\/de\/info\/granada\/\"><\/a>\n                \n                <div style=\"\" class=\"portfolio_shader\"><\/div>\n                <div class=\"image_holder\">\n                    \n<span class='image'><img loading=\"lazy\" decoding=\"async\" width=\"500\" height=\"281\" src=\"https:\/\/guialuz.com\/wp-content\/uploads\/Granada.jpg\" class=\"attachment-full size-full wp-post-image\" alt=\"Granada Patio de los Leones\" \/><\/span>                <\/div>\n            <\/div>\n\n                <div class='portfolio_description ' >\n\n        \n    <h5 itemprop=\"name\" class=\"portfolio_title entry_title\"><a itemprop=\"url\" href=\"https:\/\/guialuz.com\/de\/info\/granada\/\" style=\"color: #ffffff\" target=\"_self\"> Granada<\/a><\/h5>\n\n\n        \n            <span class=\"project_category\" style=\"color: #ffffff\" >\n    Andalusien    <\/span>\n\n    <\/div>\n\n        \n<\/article>\n<article class='mix portfolio_category_71 default' style=''>\n    \n    \n    \n    \n            <div class=\"item_holder thin_plus_only\">\n\n                    <div class=\"text_holder\">\n        <div class=\"text_holder_outer\">\n            <div class=\"text_holder_inner\">\n                            <span class=\"thin_plus_only_icon\">+<\/span>\n                        <\/div>\n        <\/div>\n    <\/div>\n\n                                    <a itemprop=\"url\" class=\"portfolio_link_class\" title=\"Costa del Sol\" href=\"https:\/\/guialuz.com\/de\/info\/costa-del-sol\/\"><\/a>\n                \n                <div style=\"\" class=\"portfolio_shader\"><\/div>\n                <div class=\"image_holder\">\n                    \n<span class='image'><img loading=\"lazy\" decoding=\"async\" width=\"500\" height=\"281\" src=\"https:\/\/guialuz.com\/wp-content\/uploads\/guialuz-costa-del-sol.jpg\" class=\"attachment-full size-full wp-post-image\" alt=\"\" \/><\/span>                <\/div>\n            <\/div>\n\n                <div class='portfolio_description ' >\n\n        \n    <h5 itemprop=\"name\" class=\"portfolio_title entry_title\"><a itemprop=\"url\" href=\"https:\/\/guialuz.com\/de\/info\/costa-del-sol\/\" style=\"color: #ffffff\" target=\"_self\"> Costa del Sol<\/a><\/h5>\n\n\n        \n            <span class=\"project_category\" style=\"color: #ffffff\" >\n    Andalusien    <\/span>\n\n    <\/div>\n\n        \n<\/article>\n<article class='mix portfolio_category_71 portfolio_category_78 default' style=''>\n    \n    \n    \n    \n            <div class=\"item_holder thin_plus_only\">\n\n                    <div class=\"text_holder\">\n        <div class=\"text_holder_outer\">\n            <div class=\"text_holder_inner\">\n                            <span class=\"thin_plus_only_icon\">+<\/span>\n                        <\/div>\n        <\/div>\n    <\/div>\n\n                                    <a itemprop=\"url\" class=\"portfolio_link_class\" title=\"Huelva\" href=\"https:\/\/guialuz.com\/de\/info\/huelva\/\"><\/a>\n                \n                <div style=\"\" class=\"portfolio_shader\"><\/div>\n                <div class=\"image_holder\">\n                    \n<span class='image'><img loading=\"lazy\" decoding=\"async\" width=\"500\" height=\"281\" src=\"https:\/\/guialuz.com\/wp-content\/uploads\/guialuz-huelva.jpg\" class=\"attachment-full size-full wp-post-image\" alt=\"\" \/><\/span>                <\/div>\n            <\/div>\n\n                <div class='portfolio_description ' >\n\n        \n    <h5 itemprop=\"name\" class=\"portfolio_title entry_title\"><a itemprop=\"url\" href=\"https:\/\/guialuz.com\/de\/info\/huelva\/\" style=\"color: #ffffff\" target=\"_self\"> Huelva<\/a><\/h5>\n\n\n        \n            <span class=\"project_category\" style=\"color: #ffffff\" >\n    Andalusien, Costa de la Luz    <\/span>\n\n    <\/div>\n\n        \n<\/article>\n<article class='mix portfolio_category_71 default' style=''>\n    \n    \n    \n    \n            <div class=\"item_holder thin_plus_only\">\n\n                    <div class=\"text_holder\">\n        <div class=\"text_holder_outer\">\n            <div class=\"text_holder_inner\">\n                            <span class=\"thin_plus_only_icon\">+<\/span>\n                        <\/div>\n        <\/div>\n    <\/div>\n\n                                    <a itemprop=\"url\" class=\"portfolio_link_class\" title=\"Ja\u00e9n\" href=\"https:\/\/guialuz.com\/de\/info\/jaen\/\"><\/a>\n                \n                <div style=\"\" class=\"portfolio_shader\"><\/div>\n                <div class=\"image_holder\">\n                    \n<span class='image'><img loading=\"lazy\" decoding=\"async\" width=\"500\" height=\"281\" src=\"https:\/\/guialuz.com\/wp-content\/uploads\/guialuz-jaen.jpg\" class=\"attachment-full size-full wp-post-image\" alt=\"catedral de Ja\u00e9n, cathedral, Kathedrale\" \/><\/span>                <\/div>\n            <\/div>\n\n                <div class='portfolio_description ' >\n\n        \n    <h5 itemprop=\"name\" class=\"portfolio_title entry_title\"><a itemprop=\"url\" href=\"https:\/\/guialuz.com\/de\/info\/jaen\/\" style=\"color: #ffffff\" target=\"_self\"> Ja\u00e9n<\/a><\/h5>\n\n\n        \n            <span class=\"project_category\" style=\"color: #ffffff\" >\n    Andalusien    <\/span>\n\n    <\/div>\n\n        \n<\/article>\n<article class='mix portfolio_category_71 portfolio_category_86 default' style=''>\n    \n    \n    \n    \n            <div class=\"item_holder thin_plus_only\">\n\n                    <div class=\"text_holder\">\n        <div class=\"text_holder_outer\">\n            <div class=\"text_holder_inner\">\n                            <span class=\"thin_plus_only_icon\">+<\/span>\n                        <\/div>\n        <\/div>\n    <\/div>\n\n                                    <a itemprop=\"url\" class=\"portfolio_link_class\" title=\"M\u00e1laga\" href=\"https:\/\/guialuz.com\/de\/info\/malaga\/\"><\/a>\n                \n                <div style=\"\" class=\"portfolio_shader\"><\/div>\n                <div class=\"image_holder\">\n                    \n<span class='image'><img loading=\"lazy\" decoding=\"async\" width=\"500\" height=\"281\" src=\"https:\/\/guialuz.com\/wp-content\/uploads\/guialuz-malaga.jpg\" class=\"attachment-full size-full wp-post-image\" alt=\"\" \/><\/span>                <\/div>\n            <\/div>\n\n                <div class='portfolio_description ' >\n\n        \n    <h5 itemprop=\"name\" class=\"portfolio_title entry_title\"><a itemprop=\"url\" href=\"https:\/\/guialuz.com\/de\/info\/malaga\/\" style=\"color: #ffffff\" target=\"_self\"> M\u00e1laga<\/a><\/h5>\n\n\n        \n            <span class=\"project_category\" style=\"color: #ffffff\" >\n    Andalusien, Costa del Sol    <\/span>\n\n    <\/div>\n\n        \n<\/article>\n<article class='mix portfolio_category_71 default' style=''>\n    \n    \n    \n    \n            <div class=\"item_holder thin_plus_only\">\n\n                    <div class=\"text_holder\">\n        <div class=\"text_holder_outer\">\n            <div class=\"text_holder_inner\">\n                            <span class=\"thin_plus_only_icon\">+<\/span>\n                        <\/div>\n        <\/div>\n    <\/div>\n\n                                    <a itemprop=\"url\" class=\"portfolio_link_class\" title=\"Die Wei\u00dfen D\u00f6rfer\" href=\"https:\/\/guialuz.com\/de\/info\/die-weissen-doerfer\/\"><\/a>\n                \n                <div style=\"\" class=\"portfolio_shader\"><\/div>\n                <div class=\"image_holder\">\n                    \n<span class='image'><img loading=\"lazy\" decoding=\"async\" width=\"500\" height=\"281\" src=\"https:\/\/guialuz.com\/wp-content\/uploads\/guialuz-pueblos-blancos.jpg\" class=\"attachment-full size-full wp-post-image\" alt=\"pueblos blancos vejer de la frontera\" \/><\/span>                <\/div>\n            <\/div>\n\n                <div class='portfolio_description ' >\n\n        \n    <h5 itemprop=\"name\" class=\"portfolio_title entry_title\"><a itemprop=\"url\" href=\"https:\/\/guialuz.com\/de\/info\/die-weissen-doerfer\/\" style=\"color: #ffffff\" target=\"_self\"> Die Wei\u00dfen D\u00f6rfer<\/a><\/h5>\n\n\n        \n            <span class=\"project_category\" style=\"color: #ffffff\" >\n    Andalusien    <\/span>\n\n    <\/div>\n\n        \n<\/article>\n        <div class='filler'><\/div>\n            <div class='filler'><\/div>\n            <div class='filler'><\/div>\n            <div class='filler'><\/div>\n        <\/div>\n\n    \n    <\/div>[vc_empty_space][\/vc_column][\/vc_row]<\/p>\n<\/div>","protected":false},"excerpt":{"rendered":"<p>[vc_row css_animation=&#8220;&#8220; row_type=&#8220;row&#8220; use_row_as_full_screen_section=&#8220;no&#8220; type=&#8220;full_width&#8220; anchor=&#8220;news&#8220; angled_section=&#8220;no&#8220; text_align=&#8220;center&#8220; background_image=&#8220;783&#8243; background_image_as_pattern=&#8220;without_pattern&#8220; css=&#8220;.vc_custom_1493306987761{padding-top: 0% !important;padding-bottom: 0% !important;}&#8220;][vc_column css=&#8220;.vc_custom_1469530614343{padding-top: 16.9% !important;padding-bottom: 13.9% !important;}&#8220;][vc_column_text][\/vc_column_text][\/vc_column][\/vc_row][vc_row css_animation=&#8220;&#8220; row_type=&#8220;row&#8220; use_row_as_full_screen_section=&#8220;no&#8220; type=&#8220;grid&#8220; angled_section=&#8220;no&#8220; text_align=&#8220;left&#8220; background_image_as_pattern=&#8220;without_pattern&#8220;][vc_column][vc_empty_space][vc_column_text] Die Wei\u00dfen D\u00f6rfer in Andalusien [\/vc_column_text][vc_empty_space height=&#8220;30px&#8220;][vc_empty_space height=&#8220;30px&#8220;][\/vc_column][\/vc_row][vc_row css_animation=&#8220;&#8220; row_type=&#8220;row&#8220; use_row_as_full_screen_section=&#8220;no&#8220; type=&#8220;grid&#8220; angled_section=&#8220;no&#8220; text_align=&#8220;left&#8220; background_image_as_pattern=&#8220;without_pattern&#8220;][vc_column width=&#8220;1\/2&#8243;][vc_empty_space][vc_accordion active_tab=&#8220;false&#8220; collapsible=&#8220;yes&#8220;&#8230;<\/p>\n","protected":false},"author":1,"featured_media":790,"menu_order":0,"comment_status":"closed","ping_status":"closed","template":"","portfolio_category":[71],"portfolio_tag":[],"_links":{"self":[{"href":"https:\/\/guialuz.com\/de\/wp-json\/wp\/v2\/portfolio_page\/1864"}],"collection":[{"href":"https:\/\/guialuz.com\/de\/wp-json\/wp\/v2\/portfolio_page"}],"about":[{"href":"https:\/\/guialuz.com\/de\/wp-json\/wp\/v2\/types\/portfolio_page"}],"author":[{"embeddable":true,"href":"https:\/\/guialuz.com\/de\/wp-json\/wp\/v2\/users\/1"}],"replies":[{"embeddable":true,"href":"https:\/\/guialuz.com\/de\/wp-json\/wp\/v2\/comments?post=1864"}],"wp:featuredmedia":[{"embeddable":true,"href":"https:\/\/guialuz.com\/de\/wp-json\/wp\/v2\/media\/790"}],"wp:attachment":[{"href":"https:\/\/guialuz.com\/de\/wp-json\/wp\/v2\/media?parent=1864"}],"wp:term":[{"taxonomy":"portfolio_category","embeddable":true,"href":"https:\/\/guialuz.com\/de\/wp-json\/wp\/v2\/portfolio_category?post=1864"},{"taxonomy":"portfolio_tag","embeddable":true,"href":"https:\/\/guialuz.com\/de\/wp-json\/wp\/v2\/portfolio_tag?post=1864"}],"curies":[{"name":"wp","href":"https:\/\/api.w.org\/{rel}","templated":true}]}}