{"id":1865,"date":"2017-09-12T06:07:22","date_gmt":"2017-09-12T06:07:22","guid":{"rendered":"https:\/\/guialuz.com\/de\/?post_type=portfolio_page&#038;p=1865"},"modified":"2018-01-27T12:26:19","modified_gmt":"2018-01-27T12:26:19","slug":"sanlucar-de-barrameda","status":"publish","type":"portfolio_page","link":"https:\/\/guialuz.com\/de\/info\/sanlucar-de-barrameda\/","title":{"rendered":"Sanl\u00facar de Barrameda"},"content":{"rendered":"<div class=\"wpb-content-wrapper\"><p>[vc_row css_animation=&#8220;&#8220; row_type=&#8220;row&#8220; use_row_as_full_screen_section=&#8220;no&#8220; type=&#8220;full_width&#8220; anchor=&#8220;news&#8220; angled_section=&#8220;no&#8220; text_align=&#8220;center&#8220; background_image=&#8220;785&#8243; background_image_as_pattern=&#8220;without_pattern&#8220; css=&#8220;.vc_custom_1493307019121{padding-top: 0% !important;padding-bottom: 0% !important;}&#8220;][vc_column css=&#8220;.vc_custom_1469530614343{padding-top: 16.9% !important;padding-bottom: 13.9% !important;}&#8220;][vc_column_text][\/vc_column_text][\/vc_column][\/vc_row][vc_row css_animation=&#8220;&#8220; row_type=&#8220;row&#8220; use_row_as_full_screen_section=&#8220;no&#8220; type=&#8220;grid&#8220; angled_section=&#8220;no&#8220; text_align=&#8220;left&#8220; background_image_as_pattern=&#8220;without_pattern&#8220;][vc_column][vc_empty_space][vc_column_text]<\/p>\n<h1 style=\"text-align: center;\">Besuch in Sanl\u00facar de Barrameda<\/h1>\n<p>[\/vc_column_text][vc_empty_space height=&#8220;30px&#8220;][vc_empty_space height=&#8220;30px&#8220;][\/vc_column][\/vc_row][vc_row css_animation=&#8220;&#8220; row_type=&#8220;row&#8220; use_row_as_full_screen_section=&#8220;no&#8220; type=&#8220;grid&#8220; angled_section=&#8220;no&#8220; text_align=&#8220;left&#8220; background_image_as_pattern=&#8220;without_pattern&#8220;][vc_column width=&#8220;1\/2&#8243;][vc_empty_space][vc_accordion style=&#8220;accordion&#8220;][vc_accordion_tab title=&#8220;Sanlucar de Barrameda&#8220; title_tag=&#8220;h3&#8243;][vc_column_text]<strong>Sanl\u00facar de Barrameda<\/strong> ist eine Wein- und Fischerstadt, in der ein Wein mit der offiziellen Bezeichnung dieses Anbaugebiets \u201e La Manzanilla de Sanl\u00facar&#8220; (Die Manzanilla von Sanl\u00facar) hergestellt wird. Es ist der einzige Ort, in dem dieser Wein in den <strong>Weinkellereien von Sanl\u00facar de Barrameda<\/strong> reifen kann dank der Charakteristika und des Mikroklimas dieses Gebiets. Sanlucar befindet sich an der M\u00fcndung des Flusses Guadalquivir gegen\u00fcber dem <a href=\"http:\/\/whc.unesco.org\/en\/list\/685\">Unesco<\/a>\u00a0<strong>Do\u00f1ana Nationalpark<\/strong>. Ein Wein der beim Volksfest, der \u201e Feria de la Manzanilla&#8220; gefeiert wird, das je nach Jahr im Mai oder Juni stattfindet und jedes Jahr im Fr\u00fchjahr von den Pilgern der Bruderschaften der Provinz C\u00e1diz, die auf der<a href=\"https:\/\/guialuz.com\/de\/info\/die-leidenschaft-der-feste-rocio\/\"> Wallfahrt zum Ort El Roc\u00edo<\/a> im Viertel <strong>Bajo de Guia in Sanl\u00facar<\/strong> \u00fcber den Fluss Guadalquivir \u00fcbersetzen. Ein geeigneter Wein, der gut zu den sogenannten Langostinos von Sanl\u00facar passt, die nach ihrem Fang in den Fischerhafen Bonanza gebracht werden.<\/p>\n<p>&nbsp;<\/p>\n<p>Ihre feinen goldfarbenen Str\u00e4nde gegen\u00fcber dem atlantischen Ozean werden im Sommer zu einem wirklichen Hippodrom verwandelt, damit dort die <strong>Pferderennen von Sanl\u00facar de Barrameda<\/strong> veranstaltet werden k\u00f6nnen, die offiziell &#8222;von internationaler touristischer Bedeutung&#8220; sind.[\/vc_column_text][\/vc_accordion_tab][vc_accordion_tab title=&#8220;Das Wetter in Sanl\u00facar de Barrameda&#8220;][vc_column_text]Das Wetter in Sanl\u00facar ist erw\u00e4hnenswert durch die j\u00e4hrliche Durchschnittstemperatur von 18 Grad, milde Winter und warme Sommer bei exzellenten atmosph\u00e4rischen Bedingungen.[\/vc_column_text][\/vc_accordion_tab][vc_accordion_tab title=&#8220;Anreise nach Sanl\u00facar, Lage &#8222;][vc_column_text]<strong>Sanl\u00facar liegt an der Costa de la Luz<\/strong> in der Provinz C\u00e1diz, Andalusien, Spanien. N\u00f6rdlich davon liegt Trebujena, \u00f6stlich Jerez de la Frontera, s\u00fcdlich El Puerto de Santa Maria, Rota und Chipiona und westlich ein 6,1 km langer Sandstrand, der atlantische Ozean und der Do\u00f1ana Nationalpark.<\/p>\n<p>&nbsp;<\/p>\n<p>Sevilla, C\u00e1diz und Jerez sind die wichtigsten Verkehrsknotenpunkte f\u00fcr Taxis und\u00a0<strong>Busse nach Sanl\u00facar de Barrameda<\/strong>, denn in diesen St\u00e4dten kommen die meisten Z\u00fcge an. Sevilla und Jerez de la Frontera verf\u00fcgen \u00fcber internationale Flugh\u00e4fen, der Flughafen von Sevilla mit Fl\u00fcgen von Lufthansa.<\/p>\n<p>&nbsp;<\/p>\n<p>Die Reisenden erwartet ein vielf\u00e4ltiges Angebot an Hotels, Hostels, Pensionen und Ferienwohnungen in Sanl\u00facar de Barrameda. Einige sind unweit der Plaza del Cabildo, andere befinden sich in der N\u00e4he des Viertels Bajo de Gu\u00eda, wo man die besten <strong>Restaurants von Sanl\u00facar<\/strong> findet mit ihrer ber\u00fchmten Gastronomie.[\/vc_column_text][\/vc_accordion_tab][vc_accordion_tab title=&#8220;Geschichte von Sanl\u00facar de Barrameda&#8220;][vc_column_text]Die Geschichte der Gegend rund um Sanlucar de Barrameda hat ihren Ursprung in der j\u00fcngsten Vergangenheit des antiken Abendlandes. Vom Reich der <strong>Tartessos<\/strong> und ihrem \u201eTempel des Lucero&#8220;, unter den R\u00f6mern \u201eLucifero fanum&#8220;, wurde es zum \u201eHeiligen Ort der festen Erde zwischen dem Marschland&#8220;. Das bedeutet soviel wie Sanl\u00facar de Barrameda (der &#8222;Sant Locar&#8220; der &#8222;Bar-alMeida&#8220;)&#8230;<\/p>\n<p>&nbsp;<\/p>\n<p>Sanl\u00facar ist die Wiege von bedeutenden Pers\u00f6nlichkeiten, Mythen und Legenden, aber auch von historischen Meilensteinen. So wie dem von 1498, als <strong>Christoph Kolumbus<\/strong>\u00a0von Sanl\u00facar aus seine <strong>dritte Reise in die Neue Welt<\/strong> startete. Die Stadt war auch eine bedeutende Protagonistin der ersten Weltumsegelung. Die <strong>Expedition von Magallanes-Elcano<\/strong> legte 1519 von Sanl\u00facar mit 5 Schiffen ab. Nur eine von ihnen, die Nao-Victoria, kehrte 1522 an die gleichen Str\u00e4nde von Sanl\u00facar zur\u00fcck, von wo aus sie vor einigen Jahren gestartet war und und welche von Miguel de Cervantes in seinem Werk &#8222;Don Quijote&#8220; verewigt wurden.<\/p>\n<p>&nbsp;<\/p>\n<p>Ihre privilegierte geographische Lage machten aus Sanl\u00facar den Scheitelpunkt des Dreiecks mit Sevilla und C\u00e1diz, das im Mittelpunkt der Atlantik Expeditionen der kastilischen K\u00f6nige stand. Die Kanarischen Inseln, die afrikanischen K\u00fcste und die Neue Welt waren der Horizont von Sanl\u00facar. Verschiedene Expeditionsreisen und die Kolonialisierung der neuen amerikanischen Gebiete hatten ihren Anfang an den Kai Mauern von Sanl\u00facar.[\/vc_column_text][\/vc_accordion_tab][vc_accordion_tab title=&#8220;Sehensw\u00fcrdigkeiten Sanlucar de Barrameda&#8220; title_tag=&#8220;h4&#8243;][vc_column_text]Die <strong>Sehensw\u00fcrdigkeiten in Sanlucar de Barrameda\u00a0<\/strong>sind das Erbe des herausragenden geschichtlichen Hintergrunds und der verschiedenen Kulturen, die hier aufeinander trafen. Sie bewahren die Spuren direkt vor Ort in einem einzigartigen Erbe von zivilen und religi\u00f6sen Bauwerken wie dem <strong>Palast der Herz\u00f6ge von Medina Sidonia<\/strong>, der \u00fcber einer ehemaligen arabischen Burg gebaut wurde, wie schon die 21. Herzogin von Medina Sidonia, Luisa Isabel \u00c1lvarez de Toledo y Maura, erz\u00e4hlte. Einige von diesen Strukturen wurden erhalten, funktional und perfekt sichtbar eingebettet innerhalb des Palastes.<\/p>\n<p>Oder sichtbar im Palast Orleans-Borb\u00f3n in Sanl\u00facar, der aus der zweiten H\u00e4lfte des 19. Jhdts. stammt und\u00a0 Sommerresidenz der Infanten und Herz\u00f6ge von Montpensier war, seiner Bauherren. Der Palast war auch ein Ergebnis der Vorliebe des Herzogs f\u00fcr Orientalisches und ist das erste Beispiel von <strong>Architektur im spanischen Neo-Mud\u00e9jar Stil<\/strong>.<\/p>\n<p>Die Stadt Sanlucar de Barrameda bietet den Besuchern ein Reiseziel, bei dem ihre Sinne erwachen bei einem einzigartigen <strong>Reiseerlebnis<\/strong>\u00a0<strong>in Andalusien<\/strong>. Mehr Information finden Sie im <a href=\"https:\/\/guialuz.com\/de\/info\/guia-luz-reisefuehrer-sanlucar-barrameda\/\">Reisef\u00fchrer von Sanlucar de Barrameda.<\/a>[\/vc_column_text][\/vc_accordion_tab][\/vc_accordion][\/vc_column][vc_column width=&#8220;1\/2&#8243;][vc_empty_space][vc_gallery type=&#8220;image_grid&#8220; images=&#8220;721,719,720,722,723,724,726,727,728,729,731,732,733,734,735,736,737,738,739,740,741,742,744,745,746,747,748,749,750,752,753,756,757,758,759,762,763,764,765,766&#8243; column_number=&#8220;4&#8243; grayscale=&#8220;no&#8220; images_space=&#8220;gallery_with_space&#8220;][\/vc_column][\/vc_row][vc_row css_animation=&#8220;&#8220; row_type=&#8220;row&#8220; use_row_as_full_screen_section=&#8220;no&#8220; type=&#8220;full_width&#8220; angled_section=&#8220;no&#8220; text_align=&#8220;left&#8220; background_image_as_pattern=&#8220;without_pattern&#8220;][vc_column][vc_empty_space][\/vc_column][\/vc_row][vc_row css_animation=&#8220;&#8220; row_type=&#8220;row&#8220; use_row_as_full_screen_section=&#8220;no&#8220; type=&#8220;full_width&#8220; angled_section=&#8220;no&#8220; text_align=&#8220;left&#8220; background_image_as_pattern=&#8220;without_pattern&#8220;][vc_column][vc_column_text]<iframe loading=\"lazy\" style=\"border: 0;\" src=\"https:\/\/www.google.com\/maps\/embed?pb=!1m18!1m12!1m3!1d25567.21750692604!2d-6.373142528136864!3d36.772913860759395!2m3!1f0!2f0!3f0!3m2!1i1024!2i768!4f13.1!3m3!1m2!1s0xd0dde12a2f8e5ef%3A0xe9bbc21d97ce48c6!2s11540+Sanl%C3%BAcar+de+Barrameda%2C+Provinz+C%C3%A1diz%2C+Spanien!5e0!3m2!1sde!2sde!4v1493299774281\" width=\"100%\" height=\"350\" frameborder=\"0\" allowfullscreen=\"allowfullscreen\"><\/iframe>[\/vc_column_text][\/vc_column][\/vc_row][vc_row css_animation=&#8220;&#8220; row_type=&#8220;row&#8220; use_row_as_full_screen_section=&#8220;no&#8220; type=&#8220;grid&#8220; angled_section=&#8220;no&#8220; text_align=&#8220;left&#8220; background_image_as_pattern=&#8220;without_pattern&#8220; css=&#8220;.vc_custom_1469778626730{padding-top: 7.3% !important;padding-bottom: 6.4% !important;}&#8220;][vc_column][vc_column_text]<\/p>\n<h2 style=\"text-align: center;\">Mehr Information Sanl\u00facar de Barrameda<\/h2>\n<p>[\/vc_column_text][\/vc_column][\/vc_row][vc_row css_animation=&#8220;&#8220; row_type=&#8220;row&#8220; use_row_as_full_screen_section=&#8220;no&#8220; type=&#8220;grid&#8220; angled_section=&#8220;no&#8220; text_align=&#8220;left&#8220; background_image_as_pattern=&#8220;without_pattern&#8220;][vc_column]<div class='projects_holder_outer v4 portfolio_with_space portfolio_standard'>\n        <div class='projects_holder portfolio_main_holder clearfix v4 standard portfolio_full_image '>\n        \n        <article class='mix portfolio_category_85 portfolio_category_105 default' style=''>\n    \n    \n    \n    \n            <div class=\"item_holder thin_plus_only\">\n\n                    <div class=\"text_holder\">\n        <div class=\"text_holder_outer\">\n            <div class=\"text_holder_inner\">\n                            <span class=\"thin_plus_only_icon\">+<\/span>\n                        <\/div>\n        <\/div>\n    <\/div>\n\n                                    <a itemprop=\"url\" class=\"portfolio_link_class\" title=\"Einkaufen in Sanl\u00facar de Barrameda\" href=\"https:\/\/guialuz.com\/de\/info\/einkaufen-in-sanlucar-barrameda\/\"><\/a>\n                \n                <div style=\"\" class=\"portfolio_shader\"><\/div>\n                <div class=\"image_holder\">\n                    \n<span class='image'><img loading=\"lazy\" decoding=\"async\" width=\"500\" height=\"281\" src=\"https:\/\/guialuz.com\/wp-content\/uploads\/Comercios-Sanlucar-de-Barameda-Plaza-Cabildo2.jpg\" class=\"attachment-full size-full wp-post-image\" alt=\"\" \/><\/span>                <\/div>\n            <\/div>\n\n                <div class='portfolio_description ' >\n\n        \n    <h5 itemprop=\"name\" class=\"portfolio_title entry_title\"><a itemprop=\"url\" href=\"https:\/\/guialuz.com\/de\/info\/einkaufen-in-sanlucar-barrameda\/\" style=\"color: #ffffff\" target=\"_self\"> Einkaufen in Sanl\u00facar de Barrameda<\/a><\/h5>\n\n\n        \n            <span class=\"project_category\" style=\"color: #ffffff\" >\n    Einkaufen, Sanl\u00facar de Barrameda    <\/span>\n\n    <\/div>\n\n        \n<\/article>\n<article class='mix portfolio_category_97 portfolio_category_105 default' style=''>\n    \n    \n    \n    \n            <div class=\"item_holder thin_plus_only\">\n\n                    <div class=\"text_holder\">\n        <div class=\"text_holder_outer\">\n            <div class=\"text_holder_inner\">\n                            <span class=\"thin_plus_only_icon\">+<\/span>\n                        <\/div>\n        <\/div>\n    <\/div>\n\n                                    <a itemprop=\"url\" class=\"portfolio_link_class\" title=\"Hotels &lt;br\/&gt; Sanl\u00facar de Barrameda\" href=\"https:\/\/guialuz.com\/de\/info\/hotels-sanlucar-barrameda\/\"><\/a>\n                \n                <div style=\"\" class=\"portfolio_shader\"><\/div>\n                <div class=\"image_holder\">\n                    \n<span class='image'><img loading=\"lazy\" decoding=\"async\" width=\"500\" height=\"281\" src=\"https:\/\/guialuz.com\/wp-content\/uploads\/hotels-hostels-sanlucar-de-barrameda-titel.jpg\" class=\"attachment-full size-full wp-post-image\" alt=\"turismo sanlucar de barrameda\" \/><\/span>                <\/div>\n            <\/div>\n\n                <div class='portfolio_description ' >\n\n        \n    <h5 itemprop=\"name\" class=\"portfolio_title entry_title\"><a itemprop=\"url\" href=\"https:\/\/guialuz.com\/de\/info\/hotels-sanlucar-barrameda\/\" style=\"color: #ffffff\" target=\"_self\"> Hotels <br\/> Sanl\u00facar de Barrameda<\/a><\/h5>\n\n\n        \n            <span class=\"project_category\" style=\"color: #ffffff\" >\n    Hotels, Sanl\u00facar de Barrameda    <\/span>\n\n    <\/div>\n\n        \n<\/article>\n<article class='mix portfolio_category_74 portfolio_category_105 default' style=''>\n    \n    \n    \n    \n            <div class=\"item_holder thin_plus_only\">\n\n                    <div class=\"text_holder\">\n        <div class=\"text_holder_outer\">\n            <div class=\"text_holder_inner\">\n                            <span class=\"thin_plus_only_icon\">+<\/span>\n                        <\/div>\n        <\/div>\n    <\/div>\n\n                                    <a itemprop=\"url\" class=\"portfolio_link_class\" title=\"Bars &#038; Caf\u00e9s &lt;br\/&gt; Sanl\u00facar de Barrameda\" href=\"https:\/\/guialuz.com\/de\/info\/bars-cafes-sanlucar-barrameda\/\"><\/a>\n                \n                <div style=\"\" class=\"portfolio_shader\"><\/div>\n                <div class=\"image_holder\">\n                    \n<span class='image'><img loading=\"lazy\" decoding=\"async\" width=\"500\" height=\"281\" src=\"https:\/\/guialuz.com\/wp-content\/uploads\/bars-cafes-bodegas-sanlucar-de-Barrameda2.jpg\" class=\"attachment-full size-full wp-post-image\" alt=\"Manzanilla en una bodega en sanlucar\" \/><\/span>                <\/div>\n            <\/div>\n\n                <div class='portfolio_description ' >\n\n        \n    <h5 itemprop=\"name\" class=\"portfolio_title entry_title\"><a itemprop=\"url\" href=\"https:\/\/guialuz.com\/de\/info\/bars-cafes-sanlucar-barrameda\/\" style=\"color: #ffffff\" target=\"_self\"> Bars &#038; Caf\u00e9s <br\/> Sanl\u00facar de Barrameda<\/a><\/h5>\n\n\n        \n            <span class=\"project_category\" style=\"color: #ffffff\" >\n    Bars &amp; Cafes, Sanl\u00facar de Barrameda    <\/span>\n\n    <\/div>\n\n        \n<\/article>\n<article class='mix portfolio_category_104 portfolio_category_105 default' style=''>\n    \n    \n    \n    \n            <div class=\"item_holder thin_plus_only\">\n\n                    <div class=\"text_holder\">\n        <div class=\"text_holder_outer\">\n            <div class=\"text_holder_inner\">\n                            <span class=\"thin_plus_only_icon\">+<\/span>\n                        <\/div>\n        <\/div>\n    <\/div>\n\n                                    <a itemprop=\"url\" class=\"portfolio_link_class\" title=\"Restaurants in&lt;br\/&gt; Sanl\u00facar de Barrameda\" href=\"https:\/\/guialuz.com\/de\/info\/restaurants-sanlucar-barrameda\/\"><\/a>\n                \n                <div style=\"\" class=\"portfolio_shader\"><\/div>\n                <div class=\"image_holder\">\n                    \n<span class='image'><img loading=\"lazy\" decoding=\"async\" width=\"500\" height=\"281\" src=\"https:\/\/guialuz.com\/wp-content\/uploads\/Comercios-Sanlucar-de-Barameda-Plaza-Cabildo2.jpg\" class=\"attachment-full size-full wp-post-image\" alt=\"\" \/><\/span>                <\/div>\n            <\/div>\n\n                <div class='portfolio_description ' >\n\n        \n    <h5 itemprop=\"name\" class=\"portfolio_title entry_title\"><a itemprop=\"url\" href=\"https:\/\/guialuz.com\/de\/info\/restaurants-sanlucar-barrameda\/\" style=\"color: #ffffff\" target=\"_self\"> Restaurants in<br\/> Sanl\u00facar de Barrameda<\/a><\/h5>\n\n\n        \n            <span class=\"project_category\" style=\"color: #ffffff\" >\n    Restaurants, Sanl\u00facar de Barrameda    <\/span>\n\n    <\/div>\n\n        \n<\/article>\n        <div class='filler'><\/div>\n            <div class='filler'><\/div>\n            <div class='filler'><\/div>\n            <div class='filler'><\/div>\n        <\/div>\n\n    \n    <\/div>[vc_empty_space][\/vc_column][\/vc_row]<\/p>\n<\/div>","protected":false},"excerpt":{"rendered":"<p>[vc_row css_animation=&#8220;&#8220; row_type=&#8220;row&#8220; use_row_as_full_screen_section=&#8220;no&#8220; type=&#8220;full_width&#8220; anchor=&#8220;news&#8220; angled_section=&#8220;no&#8220; text_align=&#8220;center&#8220; background_image=&#8220;785&#8243; background_image_as_pattern=&#8220;without_pattern&#8220; css=&#8220;.vc_custom_1493307019121{padding-top: 0% !important;padding-bottom: 0% !important;}&#8220;][vc_column css=&#8220;.vc_custom_1469530614343{padding-top: 16.9% !important;padding-bottom: 13.9% !important;}&#8220;][vc_column_text][\/vc_column_text][\/vc_column][\/vc_row][vc_row css_animation=&#8220;&#8220; row_type=&#8220;row&#8220; use_row_as_full_screen_section=&#8220;no&#8220; type=&#8220;grid&#8220; angled_section=&#8220;no&#8220; text_align=&#8220;left&#8220; background_image_as_pattern=&#8220;without_pattern&#8220;][vc_column][vc_empty_space][vc_column_text] Besuch in Sanl\u00facar de Barrameda [\/vc_column_text][vc_empty_space height=&#8220;30px&#8220;][vc_empty_space height=&#8220;30px&#8220;][\/vc_column][\/vc_row][vc_row css_animation=&#8220;&#8220; row_type=&#8220;row&#8220; use_row_as_full_screen_section=&#8220;no&#8220; type=&#8220;grid&#8220; angled_section=&#8220;no&#8220; text_align=&#8220;left&#8220; background_image_as_pattern=&#8220;without_pattern&#8220;][vc_column width=&#8220;1\/2&#8243;][vc_empty_space][vc_accordion style=&#8220;accordion&#8220;][vc_accordion_tab title=&#8220;Sanlucar&#8230;<\/p>\n","protected":false},"author":1,"featured_media":792,"menu_order":0,"comment_status":"closed","ping_status":"closed","template":"","portfolio_category":[78],"portfolio_tag":[],"_links":{"self":[{"href":"https:\/\/guialuz.com\/de\/wp-json\/wp\/v2\/portfolio_page\/1865"}],"collection":[{"href":"https:\/\/guialuz.com\/de\/wp-json\/wp\/v2\/portfolio_page"}],"about":[{"href":"https:\/\/guialuz.com\/de\/wp-json\/wp\/v2\/types\/portfolio_page"}],"author":[{"embeddable":true,"href":"https:\/\/guialuz.com\/de\/wp-json\/wp\/v2\/users\/1"}],"replies":[{"embeddable":true,"href":"https:\/\/guialuz.com\/de\/wp-json\/wp\/v2\/comments?post=1865"}],"wp:featuredmedia":[{"embeddable":true,"href":"https:\/\/guialuz.com\/de\/wp-json\/wp\/v2\/media\/792"}],"wp:attachment":[{"href":"https:\/\/guialuz.com\/de\/wp-json\/wp\/v2\/media?parent=1865"}],"wp:term":[{"taxonomy":"portfolio_category","embeddable":true,"href":"https:\/\/guialuz.com\/de\/wp-json\/wp\/v2\/portfolio_category?post=1865"},{"taxonomy":"portfolio_tag","embeddable":true,"href":"https:\/\/guialuz.com\/de\/wp-json\/wp\/v2\/portfolio_tag?post=1865"}],"curies":[{"name":"wp","href":"https:\/\/api.w.org\/{rel}","templated":true}]}}