{"id":1884,"date":"2017-09-13T07:37:52","date_gmt":"2017-09-13T07:37:52","guid":{"rendered":"https:\/\/guialuz.com\/?post_type=portfolio_page&#038;p=1884"},"modified":"2018-02-04T15:05:06","modified_gmt":"2018-02-04T15:05:06","slug":"bars-cafes-sanlucar-barrameda","status":"publish","type":"portfolio_page","link":"https:\/\/guialuz.com\/de\/info\/bars-cafes-sanlucar-barrameda\/","title":{"rendered":"Bars &#038; Caf\u00e9s <br\/> Sanl\u00facar de Barrameda"},"content":{"rendered":"<div class=\"wpb-content-wrapper\"><p>[vc_row css_animation=&#8220;&#8220; row_type=&#8220;row&#8220; use_row_as_full_screen_section=&#8220;no&#8220; type=&#8220;full_width&#8220; anchor=&#8220;news&#8220; angled_section=&#8220;no&#8220; text_align=&#8220;center&#8220; background_image=&#8220;1658&#8243; background_image_as_pattern=&#8220;without_pattern&#8220; css=&#8220;.vc_custom_1500909972434{padding-top: 0% !important;padding-bottom: 0% !important;}&#8220;][vc_column css=&#8220;.vc_custom_1469530614343{padding-top: 16.9% !important;padding-bottom: 13.9% !important;}&#8220;][vc_column_text][\/vc_column_text][\/vc_column][\/vc_row][vc_row css_animation=&#8220;&#8220; row_type=&#8220;row&#8220; use_row_as_full_screen_section=&#8220;no&#8220; type=&#8220;grid&#8220; angled_section=&#8220;no&#8220; text_align=&#8220;left&#8220; background_image_as_pattern=&#8220;without_pattern&#8220;][vc_column][vc_empty_space][vc_column_text]<\/p>\n<h1 style=\"text-align: center;\">Bars, Caf\u00e9s, Weinkellereien in Sanl\u00facar de Barrameda<\/h1>\n<p>[\/vc_column_text][vc_empty_space height=&#8220;20px&#8220;][vc_column_text]<\/p>\n<h2 style=\"text-align: center;\">Kaffee, Drinks, Eis, Manzanilla Wein<\/h2>\n<p>[\/vc_column_text][vc_empty_space height=&#8220;30px&#8220;][vc_empty_space height=&#8220;30px&#8220;][\/vc_column][\/vc_row][vc_row css_animation=&#8220;&#8220; row_type=&#8220;row&#8220; use_row_as_full_screen_section=&#8220;no&#8220; type=&#8220;grid&#8220; angled_section=&#8220;no&#8220; text_align=&#8220;left&#8220; background_image_as_pattern=&#8220;without_pattern&#8220;][vc_column width=&#8220;1\/2&#8243;][vc_empty_space][vc_column_text]<\/p>\n<h3>Bars, Caf\u00e9s und Weinkellereien in Sanl\u00facar de Barrameda<\/h3>\n<p>[\/vc_column_text][vc_column_text]Das angenehme Klima von Sanl\u00facar erm\u00f6glicht es Ihnen, einen Drink im Freien auf den Terrassen oder in den <strong>Pubs in Sanlucar<\/strong> einzunehmen und die Str\u00e4nde und das Ambiente in den Stra\u00dfen fast das ganze Jahr hindurch zu genie\u00dfen. Das beschauliche <strong>Nachtleben<\/strong> konzentriert sich auf das historische Zentrum und das Fischerviertel <strong>Bajo de Guia<\/strong>. Die Cocktail Bars im Zentrum bieten gro\u00dfartige Cocktails und sind ganzj\u00e4hrig ge\u00f6ffnet. Die Liebhaber von Kaffee und S\u00fc\u00dfem finden in\u00a0Sanlucar zahlreiche Caf\u00e9s und Eisdielen zum Fr\u00fchst\u00fccken, Nachtisch einnehmen oder f\u00fcrs Kaffeetrinken mit einem frischen Eis oder k\u00f6stlichen Kuchen. Die Stadt Sanl\u00facar de Barrameda beh\u00e4lt hier ihren eher traditionellen Stil mit Eiscreme Profis und Konditoren bei, die ihr Handwerk von ihren Vorfahren \u00fcbernommen haben, traditionelle Rezepte wie fr\u00fcher erhalten und Produkte von h\u00f6chster Qualit\u00e4t f\u00fcr die anspruchsvollsten Gaumen anbieten. In den Weinkellereien in Sanlucar erwarten Sie F\u00fchrungen und Verkostungen des Manzanilla Weins.[\/vc_column_text][\/vc_column][vc_column width=&#8220;1\/2&#8243;][vc_empty_space][vc_gallery type=&#8220;image_grid&#8220; images=&#8220;1681,1682,1683,1685&#8243; img_size=&#8220;medium&#8220; column_number=&#8220;2&#8243; grayscale=&#8220;no&#8220; images_space=&#8220;gallery_with_space&#8220;][\/vc_column][\/vc_row][vc_row css_animation=&#8220;&#8220; row_type=&#8220;row&#8220; use_row_as_full_screen_section=&#8220;no&#8220; type=&#8220;full_width&#8220; angled_section=&#8220;no&#8220; text_align=&#8220;left&#8220; background_image_as_pattern=&#8220;without_pattern&#8220;][vc_column][vc_empty_space][vc_separator type=&#8220;normal&#8220; color=&#8220;#0f70b5&#8243;][\/vc_column][\/vc_row][vc_row css_animation=&#8220;&#8220; row_type=&#8220;row&#8220; use_row_as_full_screen_section=&#8220;no&#8220; type=&#8220;grid&#8220; angled_section=&#8220;no&#8220; text_align=&#8220;left&#8220; background_image_as_pattern=&#8220;without_pattern&#8220;][vc_column width=&#8220;1\/2&#8243;][vc_empty_space][vc_column_text]<\/p>\n<h2>Bars &amp; Caf\u00e9s<\/h2>\n<p>[\/vc_column_text][vc_empty_space][vc_accordion active_tab=&#8220;false&#8220; collapsible=&#8220;yes&#8220; style=&#8220;accordion&#8220;][vc_accordion_tab title=&#8220;Lumi\u00e9re&#8220;][vc_column_text]Genie\u00dfen Sie dieses Erlebnis mit uns, von geschmackvoll gemixten <strong>Cocktails<\/strong> oder einem einfachen Espresso bis zur gem\u00fctlichen Dekoration mit vielen Details unseres <strong>Pubs<\/strong>\u00a0in Sanlucar im\u00a0<strong>Zentrum<\/strong>. Wir lieben unsere Arbeit und wollen uns jeden Tag verbessern, indem wir an die Zufriedenheit unserer Kunden denken. Erleben Sie es mit <strong>Lumi\u00e9re<\/strong>.<\/p>\n<p>&nbsp;<\/p>\n<p>D. Plaza San Roque, 2<br \/>\n11540 Sanl\u00facar de Barrameda (C\u00e1diz) Spanien<\/p>\n<p>W. <a href=\"http:\/\/www.lumieresanlucar.com\">www.lumieresanlucar.com<\/a>[\/vc_column_text][vc_empty_space][vc_gallery type=&#8220;image_grid&#8220; images=&#8220;1315,1316,1317&#8243; img_size=&#8220;medium&#8220; column_number=&#8220;4&#8243; grayscale=&#8220;no&#8220; images_space=&#8220;gallery_with_space&#8220;][\/vc_accordion_tab][vc_accordion_tab title=&#8220;Botero Copas&#8220;][vc_column_text]<strong>Botero Copas<\/strong> ist ein neuer <strong>Pub<\/strong> mit modernem Design und sch\u00f6nen Ausblicken auf den Naturpark Do\u00f1ana. Spektakul\u00e4r um einen Drink zu probieren nach einem sch\u00f6nen Abendessen im Fischerviertel Bajo de Gu\u00eda. Unvergleichliche Ausblicke auf den M\u00fcndungsarm des Flusses Guadalquivir und den atlantischen Ozean. Das Beste ist die Art und Weise der Zubereitung von <strong>Drinks<\/strong> und Kaffees.<\/p>\n<p>&nbsp;<\/p>\n<p>D. C\/ P\u00f3rtico Bajo de Gu\u00eda, 12-14<br \/>\n11540 Sanl\u00facar de Barrameda (C\u00e1diz) Spanien<br \/>\nT. 0034-627 00 23 66<br \/>\nW. www.elboterobajodeguia.wixsite.com[\/vc_column_text][vc_empty_space][vc_gallery type=&#8220;image_grid&#8220; images=&#8220;1328,1329,1330,1331&#8243; img_size=&#8220;medium&#8220; column_number=&#8220;4&#8243; grayscale=&#8220;no&#8220; images_space=&#8220;gallery_with_space&#8220;][\/vc_accordion_tab][\/vc_accordion][vc_empty_space][vc_empty_space][vc_column_text]<\/p>\n<h2>Caf\u00e9s &amp; Eisdielen<\/h2>\n<p>[\/vc_column_text][vc_empty_space][vc_accordion active_tab=&#8220;false&#8220; collapsible=&#8220;yes&#8220; style=&#8220;accordion&#8220;][vc_accordion_tab title=&#8220;Helados Toni&#8220;][vc_column_text]<strong>Helados Toni<\/strong> ist eine <strong>Eisdiele<\/strong>, die 1896 gegr\u00fcndet wurde und ihren Kunden die traditionellsten hausgemachten Eissorten bietet und diese mit den neuesten Tendenzen verbindet.<\/p>\n<p>&nbsp;<\/p>\n<p>D. Plaza del Cabildo, 2<br \/>\n11540 Sanl\u00facar de Barrameda (C\u00e1diz) Espa\u00f1a<br \/>\nT. 0034-956 362 213<br \/>\nW. <a href=\"http:\/\/www.heladostoni.es\">www.heladostoni.es<\/a>[\/vc_column_text][vc_empty_space][vc_gallery type=&#8220;image_grid&#8220; images=&#8220;1319,1320,1321,1322,1323,1324,1325&#8243; img_size=&#8220;medium&#8220; column_number=&#8220;4&#8243; grayscale=&#8220;no&#8220; images_space=&#8220;gallery_with_space&#8220;][\/vc_accordion_tab][vc_accordion_tab title=&#8220;Cafeter\u00eda Laura&#8220;][vc_column_text]<strong>Cafeter\u00eda Laura<\/strong> liegt am Strand Playa de la Calzada und ca. 100 m entfernt vom historischen Zentrum. Ob Sie bei einem Kaffee entspannen oder einen Ap\u00e9ritif nehmen wollen &#8211; es ist der ideale Platz, wenn Sie mit kleinen Kindern in Sanl\u00facar unterwegs sind. Bereich <strong>f\u00fcr Kinder<\/strong> zum Spielen f\u00fcr die Prinzen und Prinzessinnen des Hauses.<\/p>\n<p>&nbsp;<\/p>\n<p>D. C\/Pintor Vel\u00e1squez, 5<br \/>\n11540 Sanl\u00facar de Barrameda (C\u00e1diz) Spanien<br \/>\nT. 0034-603 101 654[\/vc_column_text][vc_empty_space][vc_gallery type=&#8220;image_grid&#8220; images=&#8220;1326,1327,1414&#8243; img_size=&#8220;medium&#8220; column_number=&#8220;4&#8243; grayscale=&#8220;no&#8220; images_space=&#8220;gallery_with_space&#8220;][\/vc_accordion_tab][vc_accordion_tab title=&#8220;Horno Santa Mar\u00eda &#8222;][vc_column_text]<strong>Horno Santa Maria<\/strong>\u00a0in Sanl\u00facar de Barrameda ist eine\u00a0<strong>Konditorei <\/strong>mit hausgemachten Kuchen\u00a0und traditionelle B\u00e4ckerei und zugleich\u00a0innovativ. Zu den traditionellen s\u00fc\u00dfen Teilchen werden andere hinzugef\u00fcgt, mit neuen Aromen und auf kreative Weise pr\u00e4sentiert. Gro\u00dfe Auswahl an s\u00fc\u00dfen Teilchen und Kuchen f\u00fcr jeden Geschmack, t\u00e4glich frisch zubereitet, um im richtigen Moment den vollen Geschmack zu bieten. Sie liegt im unteren Viertel des historischen Zentrums, ca. 10 Minuten zu Fu\u00df in Richtung der Stierkampfarena in der Einkaufsstra\u00dfe Barrameda.<\/p>\n<p>&nbsp;<\/p>\n<p>D. C\/ Barrameda, 30<br \/>\n11540 Sanl\u00facar de Barrameda (C\u00e1diz) Spanien<br \/>\nT. 0034-856 13 51 70[\/vc_column_text][vc_empty_space][vc_gallery type=&#8220;image_grid&#8220; images=&#8220;1478,1479,1480,1481&#8243; img_size=&#8220;medium&#8220; column_number=&#8220;4&#8243; grayscale=&#8220;no&#8220; images_space=&#8220;gallery_with_space&#8220;][\/vc_accordion_tab][vc_accordion_tab title=&#8220;Atracciones El Cali\u00e1&#8220;][vc_column_text]Feiern Sie Ihre Events in Sanl\u00facar (Kommunion, Taufe, Kindergeburtstag) mit uns. Wenn Sie mit Kindern unterwegs sind und einfach mal kurz entspannen und etwas trinken wollen, kommen Sie einfach mit ihnen vorbei. Am Ortseingang Sanl\u00facars von Chipiona oder von Rota aus kommend.<\/p>\n<p>&nbsp;<\/p>\n<p>D. Camino Ancho , s\/n<br \/>\n11540 Sanl\u00facar de Barrameda (C\u00e1diz) Spanien<br \/>\nT. 0034- 658 776 658[\/vc_column_text][vc_empty_space][vc_gallery type=&#8220;image_grid&#8220; images=&#8220;2400,2399&#8243; img_size=&#8220;medium&#8220; column_number=&#8220;4&#8243; grayscale=&#8220;no&#8220; images_space=&#8220;gallery_with_space&#8220;][\/vc_accordion_tab][\/vc_accordion][\/vc_column][vc_column width=&#8220;1\/2&#8243;][vc_empty_space][vc_column_text]<\/p>\n<h2>Weinkellereien und Weine aus Sanl\u00facar<\/h2>\n<p>[\/vc_column_text][vc_empty_space][vc_accordion active_tab=&#8220;false&#8220; collapsible=&#8220;yes&#8220; style=&#8220;accordion&#8220;][vc_accordion_tab title=&#8220;Mar 7 &#8222;][vc_column_text]Der Weinausschank <strong>MAR 7<\/strong> befindet sich im Zentrum von Sanl\u00facar in einer einzigartigen und besonderen Umgebung im Haus einer hundertj\u00e4hrigen Weinkellerei aus dem 19. Jahrhundert. Dieser Platz hat dank seiner Architektur mit hohen Holzdecken und dicken W\u00e4nden typisch f\u00fcr Weinkellereien in Sanlucar besondere mikroklimatische Bedingungen &#8211; ideal f\u00fcr die Reifung und Lagerung von Bio-Weinen. Diese Bedingungen machen <strong>MAR 7 Weine<\/strong> besonders und einzigartig. Das Sortiment besteht aus Manzanilla Wein, Weine aus Jerez und alte Weine, von denen einige noch nie vermarktet wurden.\u00a0Die Eigent\u00fcmerin bietet auch Weine aus anderen Gebieten an sowie Produkte, die perfekt zu\u00a0MAR 7-Weinen passen.<\/p>\n<p>&nbsp;<\/p>\n<p>D. C\/Mar, 7<br \/>\n11540 Sanl\u00facar de Barrameda (C\u00e1diz) Spanien<br \/>\nT. 0034-676 17 9130<br \/>\nW. <a href=\"http:\/\/www.despachodevinosmar7.com\">www.despachodevinosmar7.com<\/a>[\/vc_column_text][vc_empty_space][vc_gallery type=&#8220;image_grid&#8220; images=&#8220;1554,1560,1581,1555&#8243; img_size=&#8220;medium&#8220; column_number=&#8220;4&#8243; grayscale=&#8220;no&#8220; images_space=&#8220;gallery_with_space&#8220;][\/vc_accordion_tab][vc_accordion_tab title=&#8220;Bodegas Hidalgo&#8220;][vc_column_text]Die Weinkellerei Hidalgo ist 100% im Familienbesitz. Seit 1792 werden hier Weine, Brandy, Lik\u00f6re, und Weinessige hergestellt und unter der gesch\u00fctzen Herkunftsbezeichnung \u201cManzanilla-Sanl\u00facar de Barrameda\u201d und \u201cJerez-X\u00e9r\u00e8s-Sherry\u201d vertrieben. Im Zentrum der Stadt direkt neben der Haupt Tiefgarage der Promenade Calzada Duquesa Isabel.<\/p>\n<p>D. Calle Banda Playa, 42<br \/>\n11540 Sanl\u00facar de Barrameda (C\u00e1diz) Spanien<br \/>\nT. 0034-956 385 304<br \/>\nT. Shop 0034-956 360 516<br \/>\nBesuch der Weinkellerei: visitas (at) lagitana.es<br \/>\nW: <a href=\"http:\/\/www.lagitana.es\">www.lagitana.es<\/a>[\/vc_column_text][vc_empty_space][vc_gallery type=&#8220;image_grid&#8220; images=&#8220;1561,1562,1563,1564,1565,1582&#8243; img_size=&#8220;medium&#8220; column_number=&#8220;4&#8243; grayscale=&#8220;no&#8220; images_space=&#8220;gallery_with_space&#8220;][\/vc_accordion_tab][vc_accordion_tab title=&#8220;Bodegas Bar\u00f3n&#8220;][vc_column_text]Die Weinkellerei <strong>Bodegas Bar\u00f3n<\/strong> hat eine fast 400-j\u00e4hrige Tradition und geht dennoch fast avantgardistisch mit der Zeit, was man am Etikett, der Qualit\u00e4t und Innovation der Produkte erkennt, die garantiert wird durch die gesch\u00fctzten Herkunftsbezeichnungen \u201cManzanilla &#8211; Sanl\u00facar de Barrameda\u201d, \u201cJerez &#8211; X\u00e9r\u00e8s \u2013 Sherry\u201d, \u201cVinagre de Jerez\u201d und \u201cBrandy de Jerez\u201d. Wir sind gewissenhaft im Umgang und Respekt mit der Umwelt, indem wir 100% <strong>\u00f6kologische Produkte<\/strong> verwenden, ein Engagement f\u00fcr die Zukunft und eine nachhaltige Entwicklung haben mit einer maximalen Qualit\u00e4tsgarantie f\u00fcr s\u00e4mtliche Produkte. Bodegas Bar\u00f3n finden Sie an einem zentralen Kreisverkehr der Ctra. De Chipiona. Die Weine sind der Atlantik Brise des Flusses Guadalquivir ausgesetzt.<\/p>\n<p>D. Calle Molinillo2\u00aa, 2 y 3<br \/>\n11540 Sanl\u00facar de Barrameda (C\u00e1diz) Spanien<br \/>\nT. 0034-956 360 795<br \/>\nW: <a href=\"http:\/\/www.bodegasbaron.es\">www.bodegasbaron.es<\/a>[\/vc_column_text][vc_empty_space][vc_gallery type=&#8220;image_grid&#8220; images=&#8220;1566,1567,1568,1583&#8243; img_size=&#8220;medium&#8220; column_number=&#8220;4&#8243; grayscale=&#8220;no&#8220; images_space=&#8220;gallery_with_space&#8220;][\/vc_accordion_tab][vc_accordion_tab title=&#8220;Bodegas El\u00edas Gonz\u00e1lez G\u00fazman&#8220;][vc_column_text]Unser <strong>Manzanilla Wein El\u00edas<\/strong>, der an den Ufern des Flusses Guadalquivir gegen\u00fcber dem Nationalpark Do\u00f1ana heranreift, zeigt den ganzen Geschmack und die Frische unserer Weine. Unser <strong>Weingut<\/strong>, strategisch in Richtung des k\u00fchlen Westwinds gelegen, bewahrt die Weinhefe durch eine ausgezeichnete nat\u00fcrliche <strong>Reifung<\/strong> des Weines. Dieses famili\u00e4re Weingut gest\u00fctzt von drei Generationen produziert die \u201cManzanilla El\u00edas\u201d zum Genuss der <strong>Weinliebhaber<\/strong>.<\/p>\n<p>&nbsp;<\/p>\n<p>D. Calle Banda Playa, 66<br \/>\n11540 Sanl\u00facar de Barrameda (C\u00e1diz) Spanien<br \/>\nT. 0034-956 360 626<br \/>\nW: <a href=\"http:\/\/www.manzanillaelias.com\">www.manzanillaelias.com<\/a>[\/vc_column_text][vc_empty_space][vc_gallery type=&#8220;image_grid&#8220; img_size=&#8220;medium&#8220; column_number=&#8220;4&#8243; grayscale=&#8220;no&#8220; images_space=&#8220;gallery_with_space&#8220;][\/vc_accordion_tab][\/vc_accordion][vc_empty_space][vc_empty_space][vc_column_text]<\/p>\n<h3><strong>Der<\/strong> Manzanilla-Wein der<strong>\u00a0Weinkellereien in Sanlucar\u00a0<\/strong><\/h3>\n<p>Heutzutage ist der <strong>Wein von Sanl\u00facar de Barrameda<\/strong> unter der Herkunftsbezeichnung \u201cJerez-X\u00e9r\u00e8s-Sherry y Manzanilla de Sanl\u00facar de Barrameda\u201d gesch\u00fctzt. Unter dieser wird eine gro\u00dfe Auswahl von Weinen hergestellt, darunter Pedro Xim\u00e9nez, Moscatel oder der Amontillado sowie die in den letzten Jahren so gelobten Wei\u00dfweine. Aber der Manzanilla Wein ist der unbestrittene Protagonist unter ihnen. Der Manzanilla-Wein aus Sanl\u00facar ist ein einzigartiger Wein, der nur in Sanl\u00facar hergestellt wird, ein lebendiger, frischer und unverwechselbarer Wein, dessen Herkunft sich wie bei den wirklich interessanten Dingen im Dunst von Zeit und Geschichte verliert.<\/p>\n<p>Klar ist, dass es schon im 18. Jahrhundert Manzanilla-Wein gab, der sich schnell zu einem Wein mit Prestige entwickelte.<\/p>\n<p>Er ist eine Geschmacks-Garantie f\u00fcr den erlesenen Gaumen und der perfekte Begleiter in der Freizeit und der kultivierten Unterhaltung. Es ist\u00a0ein lebendiger Wein, der heranreift und sich verbessert im Halbschatten und der Abgeschiedenheit der Weinkellereien in Sanlucar. Er hat eine <strong>Kultur des Weines<\/strong>\u00a0hervorgebracht, eine kulinarische und gastronomische, eine literarische, geschichtliche und k\u00fcnstlerische, architektonische und \u00e4sthetische, die von seiner Einzigartigkeit herr\u00fchren und gleichzeitig diese Einzigartigkeit verst\u00e4rken. Somit ist er Teil des Charakters und der Identit\u00e4tsmerkmale der Stadt Sanl\u00facar de Barrameda, seiner einzigen Wiege.[\/vc_column_text][vc_empty_space][\/vc_column][\/vc_row][vc_row css_animation=&#8220;&#8220; row_type=&#8220;row&#8220; use_row_as_full_screen_section=&#8220;no&#8220; type=&#8220;grid&#8220; angled_section=&#8220;no&#8220; text_align=&#8220;left&#8220; background_image_as_pattern=&#8220;without_pattern&#8220; css=&#8220;.vc_custom_1499287635197{background-color: #f2f2f2 !important;}&#8220;][vc_column][vc_empty_space][\/vc_column][\/vc_row][vc_row css_animation=&#8220;&#8220; row_type=&#8220;row&#8220; use_row_as_full_screen_section=&#8220;no&#8220; type=&#8220;grid&#8220; angled_section=&#8220;no&#8220; text_align=&#8220;left&#8220; background_image_as_pattern=&#8220;without_pattern&#8220; css=&#8220;.vc_custom_1499287635197{background-color: #f2f2f2 !important;}&#8220;][vc_column width=&#8220;1\/2&#8243;][vc_empty_space][vc_empty_space][\/vc_column][vc_column width=&#8220;1\/2&#8243;][vc_empty_space][vc_empty_space][\/vc_column][\/vc_row][vc_row css_animation=&#8220;&#8220; row_type=&#8220;row&#8220; use_row_as_full_screen_section=&#8220;no&#8220; type=&#8220;grid&#8220; angled_section=&#8220;no&#8220; text_align=&#8220;left&#8220; background_image_as_pattern=&#8220;without_pattern&#8220; css=&#8220;.vc_custom_1469778626730{padding-top: 7.3% !important;padding-bottom: 6.4% !important;}&#8220;][vc_column][vc_column_text]<\/p>\n<h2 style=\"text-align: center;\">Mehr Informationen<\/h2>\n<p>[\/vc_column_text][\/vc_column][\/vc_row][vc_row css_animation=&#8220;&#8220; row_type=&#8220;row&#8220; use_row_as_full_screen_section=&#8220;no&#8220; type=&#8220;grid&#8220; angled_section=&#8220;no&#8220; text_align=&#8220;left&#8220; background_image_as_pattern=&#8220;without_pattern&#8220;][vc_column]<div class='projects_holder_outer v4 portfolio_with_space portfolio_standard'>\n        <div class='projects_holder portfolio_main_holder clearfix v4 standard portfolio_full_image '>\n        \n        <article class='mix portfolio_category_85 portfolio_category_105 default' style=''>\n    \n    \n    \n    \n            <div class=\"item_holder thin_plus_only\">\n\n                    <div class=\"text_holder\">\n        <div class=\"text_holder_outer\">\n            <div class=\"text_holder_inner\">\n                            <span class=\"thin_plus_only_icon\">+<\/span>\n                        <\/div>\n        <\/div>\n    <\/div>\n\n                                    <a itemprop=\"url\" class=\"portfolio_link_class\" title=\"Einkaufen in Sanl\u00facar de Barrameda\" href=\"https:\/\/guialuz.com\/de\/info\/einkaufen-in-sanlucar-barrameda\/\"><\/a>\n                \n                <div style=\"background-color: rgba(253,236,0,0.5)\" class=\"portfolio_shader\"><\/div>\n                <div class=\"image_holder\">\n                    \n<span class='image'><img loading=\"lazy\" decoding=\"async\" width=\"500\" height=\"281\" src=\"https:\/\/guialuz.com\/wp-content\/uploads\/Comercios-Sanlucar-de-Barameda-Plaza-Cabildo2.jpg\" class=\"attachment-full size-full wp-post-image\" alt=\"\" \/><\/span>                <\/div>\n            <\/div>\n\n                <div class='portfolio_description ' >\n\n        \n    <h5 itemprop=\"name\" class=\"portfolio_title entry_title\"><a itemprop=\"url\" href=\"https:\/\/guialuz.com\/de\/info\/einkaufen-in-sanlucar-barrameda\/\" style=\"color: #ffffff\" target=\"_self\"> Einkaufen in Sanl\u00facar de Barrameda<\/a><\/h5>\n\n\n        \n        \n    <\/div>\n\n        \n<\/article>\n<article class='mix portfolio_category_97 portfolio_category_105 default' style=''>\n    \n    \n    \n    \n            <div class=\"item_holder thin_plus_only\">\n\n                    <div class=\"text_holder\">\n        <div class=\"text_holder_outer\">\n            <div class=\"text_holder_inner\">\n                            <span class=\"thin_plus_only_icon\">+<\/span>\n                        <\/div>\n        <\/div>\n    <\/div>\n\n                                    <a itemprop=\"url\" class=\"portfolio_link_class\" title=\"Hotels &lt;br\/&gt; Sanl\u00facar de Barrameda\" href=\"https:\/\/guialuz.com\/de\/info\/hotels-sanlucar-barrameda\/\"><\/a>\n                \n                <div style=\"background-color: rgba(253,236,0,0.5)\" class=\"portfolio_shader\"><\/div>\n                <div class=\"image_holder\">\n                    \n<span class='image'><img loading=\"lazy\" decoding=\"async\" width=\"500\" height=\"281\" src=\"https:\/\/guialuz.com\/wp-content\/uploads\/hotels-hostels-sanlucar-de-barrameda-titel.jpg\" class=\"attachment-full size-full wp-post-image\" alt=\"turismo sanlucar de barrameda\" \/><\/span>                <\/div>\n            <\/div>\n\n                <div class='portfolio_description ' >\n\n        \n    <h5 itemprop=\"name\" class=\"portfolio_title entry_title\"><a itemprop=\"url\" href=\"https:\/\/guialuz.com\/de\/info\/hotels-sanlucar-barrameda\/\" style=\"color: #ffffff\" target=\"_self\"> Hotels <br\/> Sanl\u00facar de Barrameda<\/a><\/h5>\n\n\n        \n        \n    <\/div>\n\n        \n<\/article>\n<article class='mix portfolio_category_74 portfolio_category_105 default' style=''>\n    \n    \n    \n    \n            <div class=\"item_holder thin_plus_only\">\n\n                    <div class=\"text_holder\">\n        <div class=\"text_holder_outer\">\n            <div class=\"text_holder_inner\">\n                            <span class=\"thin_plus_only_icon\">+<\/span>\n                        <\/div>\n        <\/div>\n    <\/div>\n\n                                    <a itemprop=\"url\" class=\"portfolio_link_class\" title=\"Bars &#038; Caf\u00e9s &lt;br\/&gt; Sanl\u00facar de Barrameda\" href=\"https:\/\/guialuz.com\/de\/info\/bars-cafes-sanlucar-barrameda\/\"><\/a>\n                \n                <div style=\"background-color: rgba(253,236,0,0.5)\" class=\"portfolio_shader\"><\/div>\n                <div class=\"image_holder\">\n                    \n<span class='image'><img loading=\"lazy\" decoding=\"async\" width=\"500\" height=\"281\" src=\"https:\/\/guialuz.com\/wp-content\/uploads\/bars-cafes-bodegas-sanlucar-de-Barrameda2.jpg\" class=\"attachment-full size-full wp-post-image\" alt=\"Manzanilla en una bodega en sanlucar\" \/><\/span>                <\/div>\n            <\/div>\n\n                <div class='portfolio_description ' >\n\n        \n    <h5 itemprop=\"name\" class=\"portfolio_title entry_title\"><a itemprop=\"url\" href=\"https:\/\/guialuz.com\/de\/info\/bars-cafes-sanlucar-barrameda\/\" style=\"color: #ffffff\" target=\"_self\"> Bars &#038; Caf\u00e9s <br\/> Sanl\u00facar de Barrameda<\/a><\/h5>\n\n\n        \n        \n    <\/div>\n\n        \n<\/article>\n<article class='mix portfolio_category_104 portfolio_category_105 default' style=''>\n    \n    \n    \n    \n            <div class=\"item_holder thin_plus_only\">\n\n                    <div class=\"text_holder\">\n        <div class=\"text_holder_outer\">\n            <div class=\"text_holder_inner\">\n                            <span class=\"thin_plus_only_icon\">+<\/span>\n                        <\/div>\n        <\/div>\n    <\/div>\n\n                                    <a itemprop=\"url\" class=\"portfolio_link_class\" title=\"Restaurants in&lt;br\/&gt; Sanl\u00facar de Barrameda\" href=\"https:\/\/guialuz.com\/de\/info\/restaurants-sanlucar-barrameda\/\"><\/a>\n                \n                <div style=\"background-color: rgba(253,236,0,0.5)\" class=\"portfolio_shader\"><\/div>\n                <div class=\"image_holder\">\n                    \n<span class='image'><img loading=\"lazy\" decoding=\"async\" width=\"500\" height=\"281\" src=\"https:\/\/guialuz.com\/wp-content\/uploads\/Comercios-Sanlucar-de-Barameda-Plaza-Cabildo2.jpg\" class=\"attachment-full size-full wp-post-image\" alt=\"\" \/><\/span>                <\/div>\n            <\/div>\n\n                <div class='portfolio_description ' >\n\n        \n    <h5 itemprop=\"name\" class=\"portfolio_title entry_title\"><a itemprop=\"url\" href=\"https:\/\/guialuz.com\/de\/info\/restaurants-sanlucar-barrameda\/\" style=\"color: #ffffff\" target=\"_self\"> Restaurants in<br\/> Sanl\u00facar de Barrameda<\/a><\/h5>\n\n\n        \n        \n    <\/div>\n\n        \n<\/article>\n        <div class='filler'><\/div>\n            <div class='filler'><\/div>\n            <div class='filler'><\/div>\n            <div class='filler'><\/div>\n        <\/div>\n\n    \n    <\/div>[vc_empty_space][\/vc_column][\/vc_row][vc_row css_animation=&#8220;&#8220; row_type=&#8220;row&#8220; use_row_as_full_screen_section=&#8220;no&#8220; type=&#8220;full_width&#8220; angled_section=&#8220;no&#8220; text_align=&#8220;left&#8220; background_image_as_pattern=&#8220;without_pattern&#8220;][vc_column][vc_empty_space][vc_column_text]<iframe loading=\"lazy\" style=\"border: 0;\" src=\"https:\/\/www.google.com\/maps\/embed?pb=!1m18!1m12!1m3!1d25567.21750692604!2d-6.373142528136864!3d36.772913860759395!2m3!1f0!2f0!3f0!3m2!1i1024!2i768!4f13.1!3m3!1m2!1s0xd0dde12a2f8e5ef%3A0xe9bbc21d97ce48c6!2s11540+Sanl%C3%BAcar+de+Barrameda%2C+Provinz+C%C3%A1diz%2C+Spanien!5e0!3m2!1sde!2sde!4v1493299774281\" width=\"100%\" height=\"350\" frameborder=\"0\" allowfullscreen=\"allowfullscreen\"><\/iframe>[\/vc_column_text][\/vc_column][\/vc_row]<\/p>\n<\/div>","protected":false},"excerpt":{"rendered":"<p>[vc_row css_animation=&#8220;&#8220; row_type=&#8220;row&#8220; use_row_as_full_screen_section=&#8220;no&#8220; type=&#8220;full_width&#8220; anchor=&#8220;news&#8220; angled_section=&#8220;no&#8220; text_align=&#8220;center&#8220; background_image=&#8220;1658&#8243; background_image_as_pattern=&#8220;without_pattern&#8220; css=&#8220;.vc_custom_1500909972434{padding-top: 0% !important;padding-bottom: 0% !important;}&#8220;][vc_column css=&#8220;.vc_custom_1469530614343{padding-top: 16.9% !important;padding-bottom: 13.9% !important;}&#8220;][vc_column_text][\/vc_column_text][\/vc_column][\/vc_row][vc_row css_animation=&#8220;&#8220; row_type=&#8220;row&#8220; use_row_as_full_screen_section=&#8220;no&#8220; type=&#8220;grid&#8220; angled_section=&#8220;no&#8220; text_align=&#8220;left&#8220; background_image_as_pattern=&#8220;without_pattern&#8220;][vc_column][vc_empty_space][vc_column_text] Bars, Caf\u00e9s, Weinkellereien in Sanl\u00facar de Barrameda [\/vc_column_text][vc_empty_space height=&#8220;20px&#8220;][vc_column_text] Kaffee, Drinks, Eis, Manzanilla Wein [\/vc_column_text][vc_empty_space height=&#8220;30px&#8220;][vc_empty_space height=&#8220;30px&#8220;][\/vc_column][\/vc_row][vc_row css_animation=&#8220;&#8220;&#8230;<\/p>\n","protected":false},"author":1,"featured_media":1659,"menu_order":0,"comment_status":"closed","ping_status":"closed","template":"","portfolio_category":[74,105],"portfolio_tag":[],"_links":{"self":[{"href":"https:\/\/guialuz.com\/de\/wp-json\/wp\/v2\/portfolio_page\/1884"}],"collection":[{"href":"https:\/\/guialuz.com\/de\/wp-json\/wp\/v2\/portfolio_page"}],"about":[{"href":"https:\/\/guialuz.com\/de\/wp-json\/wp\/v2\/types\/portfolio_page"}],"author":[{"embeddable":true,"href":"https:\/\/guialuz.com\/de\/wp-json\/wp\/v2\/users\/1"}],"replies":[{"embeddable":true,"href":"https:\/\/guialuz.com\/de\/wp-json\/wp\/v2\/comments?post=1884"}],"wp:featuredmedia":[{"embeddable":true,"href":"https:\/\/guialuz.com\/de\/wp-json\/wp\/v2\/media\/1659"}],"wp:attachment":[{"href":"https:\/\/guialuz.com\/de\/wp-json\/wp\/v2\/media?parent=1884"}],"wp:term":[{"taxonomy":"portfolio_category","embeddable":true,"href":"https:\/\/guialuz.com\/de\/wp-json\/wp\/v2\/portfolio_category?post=1884"},{"taxonomy":"portfolio_tag","embeddable":true,"href":"https:\/\/guialuz.com\/de\/wp-json\/wp\/v2\/portfolio_tag?post=1884"}],"curies":[{"name":"wp","href":"https:\/\/api.w.org\/{rel}","templated":true}]}}